{"id":5264,"date":"2014-10-26T19:18:58","date_gmt":"2014-10-26T19:18:58","guid":{"rendered":"http:\/\/www.henkopweg.nl\/?page_id=5264"},"modified":"2021-03-21T14:38:58","modified_gmt":"2021-03-21T14:38:58","slug":"2015-liberation-route","status":"publish","type":"page","link":"https:\/\/www.henkopweg.nl\/?page_id=5264","title":{"rendered":"2015 Liberation Route"},"content":{"rendered":"<p><span style=\"color: #000088; font-family: arial, helvetica, sans-serif;\">De aanleiding<\/span><\/p>\n<p><a href=\"https:\/\/video-ams3-1.xx.fbcdn.net\/hvideo-xtf1\/v\/t42.1790-2\/11666375_10200624019518541_2070303478_n.mp4?efg=eyJybHIiOjQ4NCwicmxhIjo1MTJ9&amp;rl=484&amp;vabr=269&amp;oh=05ade58a6e5114c1cb77cdaa47ad98a7&amp;oe=55A44026\" target=\"_blank\" rel=\"noopener\"> Klik hier voor de video van de voorbereidingen<\/a><\/p>\n<p><span style=\"font-family: arial, helvetica, sans-serif;\">16-06-2015<\/span><\/p>\n<p><span style=\"font-family: arial, helvetica, sans-serif; color: #0000ff;\">Kaarten<\/span><\/p>\n<p><span style=\"font-family: arial, helvetica, sans-serif;\">De dag van vertrek komt dichterbij. De hele winter en het voorjaar heb ik dingen verbeterd. Een nieuwe methode om mijn eigen routekaarten te maken blijkt goed te werken. (zie bij<\/span><\/p>\n<p><span style=\"font-family: arial, helvetica, sans-serif;\">Het logo wat ik heb gemaakt voor de fietstocht \u00a0Liberation Route Europe<\/span><\/p>\n<p>Meisjes die de duif de vrijheid geeft. Het beeld staat in de kamer van burgemeester en wethouders in Duiven.<\/p>\n<p><a href=\"http:\/\/www.henkopweg.nl\/?attachment_id=5522\" rel=\"attachment wp-att-5522\"><img loading=\"lazy\" decoding=\"async\" class=\"alignnone size-large wp-image-5522\" src=\"http:\/\/www.henkopweg.nl\/wp-content\/uploads\/duifkopie-1024x768.jpg\" alt=\"duifkopie\" width=\"640\" height=\"480\" \/><\/a><\/p>\n<p><a href=\"http:\/\/www.henkopweg.nl\/?attachment_id=5353\" rel=\"attachment wp-att-5353\"><img loading=\"lazy\" decoding=\"async\" class=\"alignleft size-large wp-image-5353\" src=\"http:\/\/www.henkopweg.nl\/wp-content\/uploads\/Route-li-2015-kaartkopie-1024x767.jpg\" alt=\"Route-li -2015-kaartkopie\" width=\"640\" height=\"479\" \/><\/a><a href=\"http:\/\/www.henkopweg.nl\/?attachment_id=5509\" rel=\"attachment wp-att-5509\"><img loading=\"lazy\" decoding=\"async\" class=\"alignleft size-full wp-image-5509\" src=\"http:\/\/www.henkopweg.nl\/wp-content\/uploads\/Li-rond-bike-01kopie.jpg\" alt=\"Li rond bike 01kopie\" width=\"607\" height=\"410\" srcset=\"https:\/\/www.henkopweg.nl\/wp-content\/uploads\/Li-rond-bike-01kopie.jpg 607w, https:\/\/www.henkopweg.nl\/wp-content\/uploads\/Li-rond-bike-01kopie-300x203.jpg 300w\" sizes=\"(max-width: 607px) 100vw, 607px\" \/><\/a><\/p>\n<p><a href=\"http:\/\/www.henkopweg.nl\/?attachment_id=5334\" rel=\"attachment wp-att-5334\"><img loading=\"lazy\" decoding=\"async\" class=\"alignleft wp-image-5334 size-full\" src=\"http:\/\/www.henkopweg.nl\/wp-content\/uploads\/logo.jpg\" alt=\"logo\" width=\"262\" height=\"52\" \/><\/a><\/p>\n<div id=\"attachment_5520\" style=\"width: 590px\" class=\"wp-caption alignnone\"><a href=\"http:\/\/www.henkopweg.nl\/?attachment_id=5520\" rel=\"attachment wp-att-5520\"><img loading=\"lazy\" decoding=\"async\" aria-describedby=\"caption-attachment-5520\" class=\"size-full wp-image-5520\" src=\"http:\/\/www.henkopweg.nl\/wp-content\/uploads\/Dag-afstanden.jpg\" alt=\"Dagafstanden Liberationroute 2015\" width=\"580\" height=\"788\" srcset=\"https:\/\/www.henkopweg.nl\/wp-content\/uploads\/Dag-afstanden.jpg 580w, https:\/\/www.henkopweg.nl\/wp-content\/uploads\/Dag-afstanden-221x300.jpg 221w\" sizes=\"(max-width: 580px) 100vw, 580px\" \/><\/a><p id=\"caption-attachment-5520\" class=\"wp-caption-text\">Dagafstanden Liberationroute 2015<\/p><\/div>\n<p><span style=\"font-family: arial, helvetica, sans-serif;\">Liberation Route Europe is een project van<\/span><br \/>\n<span style=\"font-family: arial, helvetica, sans-serif;\"> RBT[KAN]<\/span><br \/>\n<span style=\"font-family: arial, helvetica, sans-serif;\"> <a href=\"http:\/\/www.rbtkan.nl\/projecten\/liberation-route\">www.rbtkan.nl\/projecten\/liberation-route<\/a><\/span><\/p>\n<p><span style=\"font-family: arial, helvetica, sans-serif;\">De voorbereidingen.<\/span><\/p>\n<p><span style=\"font-family: arial, helvetica, sans-serif;\">21 okt 2014<\/span><\/p>\n<p><span style=\"font-family: arial, helvetica, sans-serif;\">Ik ben nu al weken bezig met de voorbereiding van de Liberationroute, die ik juli 2015 van Normandi\u00eb naar Arnhem wil maken.<\/span><\/p>\n<p><span style=\"font-family: arial, helvetica, sans-serif;\">Op internet heb ik veel informatie over de bevrijdingsroute verzameld en de tracks\u00a0zijn klaar voor de GPS ontvanger. Het is herfstvakantie en ik wil vrijdag en zaterdag fietsen. Een goede gelegenheid om de twee laatste etappes van mijn Liberation Route Europe, van Eindhoven naar Arnhem eens in omgekeerde richting te fietsen. Dus begin ik mijn route in Duiven en voor mijn gevoel bij de John Frostbrug in Arnhem.\u00a0Uit mijn jeugdjaren in Arnhem-zuid\u00a0weet ik nog dat er 1948\u00a0 als vervanging van de opgeblazen brug een <a href=\"http:\/\/www.market-garden.com\/2010\/NL\/pagina9.html\">Bailybrug<\/a> over de Rijn was. In de trapleuningen naar de brug zaten nog de gaten van inslagen van granaatscherven.<\/span><\/p>\n<p><a href=\"http:\/\/www.henkopweg.nl\/?attachment_id=5317\" rel=\"attachment wp-att-5317\"><img loading=\"lazy\" decoding=\"async\" class=\"alignnone size-large wp-image-5317\" src=\"http:\/\/www.henkopweg.nl\/wp-content\/uploads\/DSC00019-1024x768.jpg\" alt=\"DSC00019\" width=\"640\" height=\"480\" \/><\/a><\/p>\n<p><a href=\"http:\/\/www.henkopweg.nl\/?attachment_id=5318\" rel=\"attachment wp-att-5318\"><img loading=\"lazy\" decoding=\"async\" class=\"alignleft size-thumbnail wp-image-5318\" src=\"http:\/\/www.henkopweg.nl\/wp-content\/uploads\/DSC00023-150x150.jpg\" alt=\"DSC00023\" width=\"150\" height=\"150\" \/><\/a><\/p>\n<div id=\"attachment_5326\" style=\"width: 160px\" class=\"wp-caption alignright\"><a href=\"http:\/\/www.henkopweg.nl\/?attachment_id=5326\" rel=\"attachment wp-att-5326\"><img loading=\"lazy\" decoding=\"async\" aria-describedby=\"caption-attachment-5326\" class=\"size-thumbnail wp-image-5326\" src=\"http:\/\/www.henkopweg.nl\/wp-content\/uploads\/DSC00021-150x150.jpg\" alt=\"Trappen naar de John Frost brug.\" width=\"150\" height=\"150\" \/><\/a><p id=\"caption-attachment-5326\" class=\"wp-caption-text\">Trappen naar de John Frost brug.<\/p><\/div>\n<p><span style=\"font-family: arial, helvetica, sans-serif;\">Op de Rijnkade in Arnhem maak ik een serie foto&#8217;s en besluit dan naar Elst te fietsen. Bij het Gelredoom zoek ik de juiste fietsroute en een voorbijgaande fietser vraagt of hij kan helpen. Ik zeg dat ik niet weet of het fietspad doorloopt naar Elden. Hij bevestigt het en we fietsen al pratende op tot Elst waar hij werkt.<\/span><\/p>\n<p><span style=\"font-family: arial, helvetica, sans-serif;\">In de Dorpsstraat in Elst ga ik op zoek naar het kantoor van de Liberation Route. Met enige hulp weet ik het adres in de Dorpsstraat in Elst te vinden en vraag daar naar de medewerkers. Met Femke Kurstjens heb ik via de mail al eens contact gehad en zij nodigt mij uit op de koffie in het kantoor waar ik ook Jeroen van Wieringen ontmoet. Zij voorzien mij van uitgebreide documentatie. Wij spreken af dat ik hen op de hoogte zal houden van de voorbereidingen en de uitvoering van de fietstocht. Na een leuk gesprek is het toch weer tijd om de route te vervolgen.<\/span><\/p>\n<div id=\"attachment_5319\" style=\"width: 650px\" class=\"wp-caption alignleft\"><a href=\"http:\/\/www.henkopweg.nl\/?attachment_id=5319\" rel=\"attachment wp-att-5319\"><img loading=\"lazy\" decoding=\"async\" aria-describedby=\"caption-attachment-5319\" class=\"wp-image-5319 size-large\" src=\"http:\/\/www.henkopweg.nl\/wp-content\/uploads\/DSC00045-1024x768.jpg\" alt=\"DSC00045\" width=\"640\" height=\"480\" \/><\/a><p id=\"caption-attachment-5319\" class=\"wp-caption-text\"><span style=\"font-family: arial, helvetica, sans-serif; font-size: 12pt;\">Begraafplaats aan de 7 Heuvelenweg in Groesbeek.<\/span><\/p><\/div>\n<p><span style=\"font-family: arial, helvetica, sans-serif; font-size: 12pt;\">Via De Waalbrug in Nijmegen ga ik naar Berg en Dal en aan de Zevenheuvelenweg in Groesbeek bezoek ik de <a href=\"http:\/\/nl.tracesofwar.com\/artikel\/512\/Canadese-Oorlogsbegraafplaats-Groesbeek.htm\">Canadese-Oorlogsbegraafplaats-Groesbeek<\/a>, wat altijd weer veel indruk maakt.<\/span><\/p>\n<p><span style=\"font-family: arial, helvetica, sans-serif; font-size: 12pt;\">Na een korte stop fiets ik door naar Groesbeek en bij het oorlogsmuseum win ik wat informatie in over de expositie en al snel spreek ik met een man en vrouw bij de kassa over de voorbereidingen van de fietstocht. De man vindt het zo bijzonder, dat hij mij spontaan koffie in museum aanbiedt. Ook hier spreken we weer de route en ik hoor dat hij vroeger bij de politie werkte en nu vrijwilligerswerk bij het museum doet. Na een half uur is het toch wel tijd om verder te gaan. Gelukkig heb ik vandaag maar een korte route (76 km werd het) anders kom ik met de vele leuke gesprekken nooit in Uden.<\/span><\/p>\n<div id=\"attachment_5321\" style=\"width: 650px\" class=\"wp-caption alignnone\"><a href=\"http:\/\/www.henkopweg.nl\/?attachment_id=5321\" rel=\"attachment wp-att-5321\"><img loading=\"lazy\" decoding=\"async\" aria-describedby=\"caption-attachment-5321\" class=\"wp-image-5321 size-large\" src=\"http:\/\/www.henkopweg.nl\/wp-content\/uploads\/DSC00071-1024x768.jpg\" alt=\"DSC00071\" width=\"640\" height=\"480\" \/><\/a><p id=\"caption-attachment-5321\" class=\"wp-caption-text\"><span style=\"font-size: 12pt; font-family: arial, helvetica, sans-serif;\">Monument op de luchtlandingsplaats in Overasselt.<\/span><\/p><\/div>\n<p><span style=\"font-size: 12pt; font-family: arial, helvetica, sans-serif;\">Via Groesbeek, Malden kom ik in Overasselt bij de luchtlandingsplaats. Hier Landden duizenden \u00a0parachutisten.<\/span><\/p>\n<p><span style=\"font-size: 12pt; font-family: arial, helvetica, sans-serif; color: #000000;\">Op de website wordt het omschreven:\u00a0De Heumense kerkdorpen Over- en Nederasselt zijn de oorlog nog niet vergeten. De massale luchtlandingen op 17 september 1944 vormden een belangrijk aandeel in de bevrijdingsoperatie Market Garden. Bij sommigen staan de gebeurtenissen op die dag nog steeds in het geheugen gegrift. Neem nou de gepensioneerde Overasseltse slager Henny van Lin. Hij zag het op die ochtend allemaal gebeuren: Amerikaanse spitfires en typhoons trokken grommend over de dorpen, schoten omhoog om vervolgens in een duikvlucht de aanval in te zetten op de brug over de Maas bij Grave. Op datzelfde moment landden er tienduizend parachutisten en honderden gliders vol voorraden op de vlakke velden bezijden de Schoonenburgseweg. Veel dorpelingen woonden op die vroege zondagmorgen de mis bij in de Overasseltse dorpskerk. Henny van Lin kan het zich nog goed voor de geest halen. \u201cDe pastoor zei tegen de mensen: \u2018Ga maar naar huis, want er staat iets te gebeuren\u2019. Wat er toen gebeurde: je wist niet wat je zag en hoorde. Het was z\u00f3 massaal, daar konden die Moffen niet tegenop.\u201d<\/span><\/p>\n<p><span style=\"font-size: 12pt; font-family: arial, helvetica, sans-serif; color: #000000;\">Het bevrijdingsmonument herinnert de inwoners van Over- en Nederasselt aan de bevrijding door het Amerikaanse 325ste Glider, het 504de Para Infanterie Regiment en een bataljon van generaal-majoor Sosabowski\u2019s Eerste Poolse Leger. Het monument is op 17 september 1985 onthuld. Het monument staat op de\u00a0landingsplaats. Een paar kilometer\u00a0\u00a0verder\u00a0 bij de brug\u00a0van Grave\u00a0staat nog een ander monument, wat aan de inname van de brug herinnerd.<\/span><\/p>\n<p><span style=\"font-size: 12pt; font-family: arial, helvetica, sans-serif; color: #000000;\">De route via\u00a0 Zeeland naar Uden werden ook door het bevrijdingsleger bereden. Op mijn overnachtingsadres wordt ik attent gemaakt op het feit dat in het centrum van Uden een grote <span style=\"font-family: arial, helvetica, sans-serif; font-size: 12pt;\"><a style=\"color: #000000;\" href=\"http:\/\/home.planet.nl\/~heus0067\/graven\/lokatie\/nl\/uden\/wc.html\">oorlogsbegraafplaats<\/a><\/span> is. Als ik &#8217;s morgen de begraafplaats bezoek tref ik een man die bezig is met voorbereidingen van de 70e \u00a0herdenking, die &#8217;s middag om 14.30 uur voor de laatste keer zal worden gehouden. Het is de secretaris van stichting oorlogsbegraafplaats in Uden. Hij vertelt mij alle details van het ontstaan van de begraafplaats. Het was aan het begin van de oorlog een kleine begraafplaats waar Engelse vliegers in gewijde grond van de kerk werden begraven. De eerste graven zijn dus al van 1940. Nu liggen er xxx. soldaten uit het Gemenebest Landen begraven.\u00a0\u00a0 &#8230;&#8230; wijst mij nog op vijf graven van soldaten die bij de bevrijding van Arnhem bij de oversteek van de IJssel waren gevallen. De soldaten hebben eerst een tijdelijk graf bij het klooster in Westervoort gehad en zijn na de oorlog in Uden herbegraven.<\/span><\/p>\n<p><span style=\"font-size: 12pt; font-family: arial, helvetica, sans-serif;\"><a href=\"http:\/\/www.henkopweg.nl\/?attachment_id=5322\" rel=\"attachment wp-att-5322\"><img loading=\"lazy\" decoding=\"async\" class=\"alignleft size-medium wp-image-5322\" src=\"http:\/\/www.henkopweg.nl\/wp-content\/uploads\/DSC00100-300x225.jpg\" alt=\"DSC00100\" width=\"300\" height=\"225\" \/><\/a><\/span><\/p>\n<p><span style=\"font-size: 12pt; font-family: arial, helvetica, sans-serif;\">Omdat ik een verkeerde indruk had ben ik via Gemert naar Son gefietst. Bij de brug in Son die nu op een andere plaats ligt werd mij duidelijk dat men via Veghel naar Uden is gegaan. Dat deel moet ik later nog maar eens verkennen. Mijn dagtocht gaat nu in stromende regen naar het station in Eindhoven, van waar ik met de trein naar Duiven ga .<\/span><\/p>\n<p><span style=\"font-size: 12pt; font-family: arial, helvetica, sans-serif;\">11 januari 2015<br \/>\nMijn Liberation Route Europe\u00a0van Normandi\u00eb naar Arnhem staat op de kaart. Het maken van de route was niet zo&#8217;n groot probleem. Natuurlijk had ik de Liberation route van Patton voor motoren kunnen gebruiken, maar die trekt eerst naar het zuiden en dan naar Parijs. Na een internet studie van alle oorlogshandelingen is mij duidelijk geworden dat er niet \u00e9\u00e9n Laberation route is. Na de invasie in Normandi\u00eb zijn de verschillende legerkorpsen in een breed front naar het noorden\u00a0en oosten\u00a0van Frankrijk, Luxemburg , Belgi\u00eb en Nederland getrokken. Ik volg in\u00a016 dagtochten de route Normandi\u00eb, Parijs, Metz, Luxemburg, Bostonge , Maastricht, Lommel, Eindhoven, Grave, Nijmegen, Arnhem.<\/span><\/p>\n<p><span style=\"font-family: arial, helvetica, sans-serif; font-size: 12pt;\">Naar Normandi\u00eb<\/span><br \/>\n<span style=\"font-family: arial, helvetica, sans-serif;\">Een probleem is\/was, hoe kom ik in Normandi\u00eb met de fiets en bepakking. Naar Rome is geen probleem daar vliegen veel maatschappijen naar toe. Naar Parijs heb ik wel gevonden, maar dan moet je nog weer met de trein naar Normandi\u00eb. Na lang zoeken vond ik de voorwaarden om\u00a0 in de\u00a0<span style=\"font-size: 12pt; font-family: arial, helvetica, sans-serif;\">Thalys\u00a0<\/span><\/span>bagage\u00a0 mee te nemen. Kort gezegd mag je twee grote bagage stukken meenemen. Ik reis met de trein naar Schiphol of Rotterdam van daaruit naar Parijs en dan met de regio trein van Parijs Saint-Lazare \u00a0naar Carantan.<\/p>\n<p><span style=\"font-family: arial, helvetica, sans-serif;\">Een doos voor het vervoer van de fiets heb ik aan de fietsenmakker Total Bike in Groessen gevraagd. Ze zouden er wel \u00e9\u00e9n bewaren. Ik zeg nog; &#8220;het heeft geen haast, want ik vertrek pas in juli 2015.&#8221; Ja ze wisten wel van welk merk fiets ze een stevige doos zouden bewaren. Nog geen week later krijg ik een telefoontje; De doos staat klaar er is geen haast bij, maar we hebben een doos. Toevallig was ik bij uitzondering met de auto naar het werk en aan het einde van de dag heb ik de doos maar opgehaald. Wel iets groter dan de toegestane maat van 120 x 90 cm naar dat maak ik wel\u00a0pas.<\/span><\/p>\n<p><span style=\"font-family: arial, helvetica, sans-serif;\">Dan begint het meten en denken, hoe krijg ik de fiets in de doos. Voorwiel en achterwiel er uit. Trappers er af en voorvork verwijderen. Het klinkt eenvoudig maar er moet nogal wat van de fiets uit elkaar worden gesleuteld. Natuurlijk neem je niet een hele gereedschapskist mee,\u00a0dus met 5 inbussleutels, een steeksleutel 15 voor de trappers en een klein tangetje moet het lukken.<\/span><\/p>\n<div id=\"attachment_5289\" style=\"width: 650px\" class=\"wp-caption alignnone\"><a href=\"http:\/\/www.henkopweg.nl\/?attachment_id=5289\" rel=\"attachment wp-att-5289\"><img loading=\"lazy\" decoding=\"async\" aria-describedby=\"caption-attachment-5289\" class=\"size-large wp-image-5289\" src=\"http:\/\/www.henkopweg.nl\/wp-content\/uploads\/DSCF9530-1024x768.jpg\" alt=\"De voorvork is er uit.\" width=\"640\" height=\"480\" \/><\/a><p id=\"caption-attachment-5289\" class=\"wp-caption-text\"><span style=\"font-size: 12pt; font-family: arial, helvetica, sans-serif;\">De voorvork is er uit.<\/span><\/p><\/div>\n<p><span style=\"font-size: 12pt; font-family: arial, helvetica, sans-serif;\">Het heeft mij weer dagen bezig gehouden en als eerste maak ik de doos op de gewenste maat (120&#215;90 cm) Vandaag 3 januari 2015 heb ik\u00a0meer tijd. Ik verwijder de voorvork met het wiel, het achterwiel met de spatborden, dan het zadel en de trappers. Het stuur met de kabels maak ik met tape aan het frame vast. Eerst plaats ik de beide wielen ter hoog van de midden stangen van het frame dan het hele frame en de voorvork. Zowaar er is nog ruimte voor de helm, mijn tent en moet nog wel meer plekjes die opgevuld kunnen worden.<\/span><\/p>\n<div id=\"attachment_5290\" style=\"width: 650px\" class=\"wp-caption alignnone\"><a href=\"http:\/\/www.henkopweg.nl\/?attachment_id=5290\" rel=\"attachment wp-att-5290\"><img loading=\"lazy\" decoding=\"async\" aria-describedby=\"caption-attachment-5290\" class=\"size-large wp-image-5290\" src=\"http:\/\/www.henkopweg.nl\/wp-content\/uploads\/DSCF9533-1024x768.jpg\" alt=\"De fiets zit in de doos\" width=\"640\" height=\"480\" \/><\/a><p id=\"caption-attachment-5290\" class=\"wp-caption-text\"><span style=\"font-size: 12pt; font-family: arial, helvetica, sans-serif;\">De fiets zit in de doos. Er is nog ruimte voor andere spullen.<\/span><\/p><\/div>\n<p><span style=\"font-size: 12pt; font-family: arial, helvetica, sans-serif;\">Met een tevreden gevoel bekijk ik het resultaat en dan begint het opbouwen in omgekeerde volgde. Ik maak aantekeningen en foto&#8217;s. De doos mag mee de TGV naar Parijs en dan naar Carentan. Nu is het wachten op juli 2015. De doos laat ik\u00a0 door Boardbusters\u00a0 Huissen beplakken met mooi foto&#8217;s.<\/span><\/p>\n<p><a href=\"http:\/\/kalender.nl.voyages-sncf.com\/nl\/\">sncf treinen<\/a><\/p>\n<table id=\"table-proposals-global\" class=\"tablesorter proposals\" summary=\"\">\n<tbody>\n<tr class=\" \">\n<td class=\"price\">48.<em>00\u20ac<\/em><\/td>\n<td class=\"segmentation\">\n<div class=\"monoseg\">\n<div class=\"horaire\">\n<p><strong class=\"out\">Vertrek : <\/strong> <strong> 09<abbr title=\"time\">h<\/abbr>58 <\/strong> <strong class=\"out\">Station of departure: <\/strong> Rotterdam<\/p>\n<p><strong class=\"out\">Aankomst : <\/strong> <strong>12<abbr title=\"time\">h<\/abbr>38<\/strong> <strong class=\"out\">Station of departure:<\/strong>Parijs Nord<\/p>\n<p><!-- TARA --><\/p>\n<\/div>\n<div class=\"transporteur transporteur-txt\"><strong class=\"out\">De Treinen<\/strong><\/div>\n<\/div>\n<\/td>\n<\/tr>\n<\/tbody>\n<\/table>\n<p><span style=\"font-family: arial, helvetica, sans-serif;\"><strong>20 jan 2015<\/strong><\/span><\/p>\n<p><span style=\"font-family: arial, helvetica, sans-serif;\"><strong>Nieuw idee<\/strong><\/span><br \/>\n<span style=\"font-family: arial, helvetica, sans-serif;\"> Ik was eens aan het rondkijken wat betreft de reis naar Normandi\u00eb en een oud idee om via Engeland te gaan, kreeg na een avond Googlen en verkennen gestalte.<\/span><\/p>\n<p><span style=\"font-family: arial, helvetica, sans-serif;\">Het idee is als volgt. Met de trein naar Hoek van Holland. Dan de boot naar Harwich, waarna het nog 240 km (zeg drie dagen) naar Portsmouth is. Daar overvaren en de tocht in Cherbourgh beginnen. De hele tocht wordt dan 21 dagen, maar dan ben je ook echt in Engeland met de Liberation begonnen.<\/span><\/p>\n<p><span style=\"font-family: arial, helvetica, sans-serif;\">Het was tijdens mijn \u00a0tocht in 2014, van Napels naar Pisa,\u00a0 dat ik overdacht; welke tocht ga ik volgend jaar maken?<\/span><br \/>\n<span style=\"font-family: arial, helvetica, sans-serif;\"> Vreemd, je bent nog niet op je bestemming en begint al met de volgende tocht. Maar ja, het is in de lijn van wat\u00a0Dr. Lely zei:&#8221;Een volk dat leeft, bouwt aan haar toekomst.&#8221; En zo ontstond het idee om de Liberation route van Normandi\u00eb naar Arnhem te fietsen. Precies 70 jaar na de bevrijding \u00a0een mooi moment.<\/span><\/p>\n<p><span style=\"font-family: arial, helvetica, sans-serif;\">Het is\u00a0een pelgrimstocht geworden. Een tocht\u00a0waarin ik heb overdacht,\u00a0wat oorlog en vrede betekenen. Meerdere malen heb ik er bij stil gestaan en nagedacht over\u00a0wat\u00a0men voor onze vrijheid heeft gedaan. Jonge mannen die vochten in een vreemd land om\u00a0de bezetter te verdrijven. Vele jonge\u00a0mannen die hun leven lieten voor onze vrijheid.<\/span><\/p>\n<p><span style=\"font-family: arial, helvetica, sans-serif;\">Liberation Route Europe; heeft\u00a0daardoor een andere en diepere betekenis krijgen.<\/span><\/p>\n<p><a href=\"http:\/\/www.henkopweg.nl\/wp-content\/uploads\/Li-rond-bike-01kopie.jpg\" rel=\"attachment wp-att-5509\"><img loading=\"lazy\" decoding=\"async\" class=\"alignnone size-full wp-image-5509\" src=\"http:\/\/www.henkopweg.nl\/wp-content\/uploads\/Li-rond-bike-01kopie.jpg\" alt=\"Li rond bike 01kopie\" width=\"607\" height=\"410\" srcset=\"https:\/\/www.henkopweg.nl\/wp-content\/uploads\/Li-rond-bike-01kopie.jpg 607w, https:\/\/www.henkopweg.nl\/wp-content\/uploads\/Li-rond-bike-01kopie-300x203.jpg 300w\" sizes=\"(max-width: 607px) 100vw, 607px\" \/><\/a><\/p>\n<p><span style=\"font-family: arial,helvetica,sans-serif; font-size: 12pt;\"><a href=\"http:\/\/www.henkopweg.nl\/wp-content\/uploads\/Fietsen-2015-Li-Route-GPX.zip\" rel=\"\">GPX-routebestanden Liberation Route Europe 2015 <\/a><br \/>\n<a href=\"http:\/\/www.henkopweg.nl\/wp-content\/uploads\/Route-kaarten-Li-2015.zip\" rel=\"\">Route kaarten Liberation Route Europe 2015<\/a><\/span><\/p>\n<p><span style=\"font-family: arial,helvetica,sans-serif; font-size: 12pt;\"><a href=\"http:\/\/www.henkopweg.nl\/wp-content\/uploads\/2015Liberationroute.pdf\" target=\"_blank\" rel=\"noopener\">Kranten<\/a><\/span><br \/>\n<span style=\"font-family: arial,helvetica,sans-serif; font-size: 12pt;\"><a href=\"http:\/\/www.henkopweg.nl\/wp-content\/uploads\/2015Liberationroute.pdf\" target=\"_blank\" rel=\"noopener\"> artikel Gelderlander Liberation Route Europe 2015<\/a><\/span><\/p>\n<p><span style=\"font-family: arial,helvetica,sans-serif; font-size: 12pt;\"><a href=\"https:\/\/picasaweb.google.com\/110260460416044948943\/2015LiberationRouteEurope\" target=\"_blank\" rel=\"noopener\">Fotoalbum van de Liberation Route Europe 2015<\/a><\/span><\/p>\n<p><span style=\"color: #000080; font-family: arial,helvetica,sans-serif; font-size: 12pt;\">Woensdag 15 juli 2015<\/span><br \/>\n<span style=\"color: #000080; font-family: arial,helvetica,sans-serif; font-size: 12pt;\">Duiven- Harwich\/ Ramsey<\/span><\/p>\n<p><span style=\"color: #000080; font-family: arial,helvetica,sans-serif; font-size: 12pt;\">1e dag<\/span><br \/>\n<span style=\"color: #000088; font-family: arial,helvetica,sans-serif; font-size: 12pt;\"> 5 km<\/span><\/p>\n<p><span style=\"color: #000088; font-family: arial,helvetica,sans-serif; font-size: 12pt;\">Twijfels<\/span><br \/>\n<span style=\"color: #000000; font-family: arial,helvetica,sans-serif; font-size: 12pt;\"> De Annabella&#8217;s laten hun witte bloemen, door de regen topzwaar geworden, hangen. Het is een bewolkte dag en na een onrustige nacht ben ik klaar voor de reis. Maanden heb ik naar dit moment met de twijfels toegeleefd. Kan ik het nog wel aan op mijn leeftijd van 71 jaar. Doe ik geen domme dingen? Kom wel weer veilig thuis en hoe zal het in Engeland zijn om links van de weg te fietsen? Al die vragen heb ik vannacht ook weer de revue laten passeren.<\/span><br \/>\n<span style=\"color: #000000; font-family: arial,helvetica,sans-serif; font-size: 12pt;\"> Het is 08.25 uur woensdagmorgen 15 juli 2015. Een omhelzing, een kus en nog een paar worden; kijk uit en pas op. Ik neem afscheid van mijn vrouw en fiets de straat uit naar het station in Duiven voor de treinreis naar Hoek van Holland. Met donkere luchten laat ik bij de IJsselbrug de Liemers achter mij. Drie weken fietsen. De Liberation Route Europe is begonnen. In de trein praat ik met mensen uit Dinxperlo die een dagje Amsterdam gaan doen. Die zijn vanavond weer thuis.<\/span><br \/>\n<span style=\"font-family: arial,helvetica,sans-serif; font-size: 12pt;\"> <a href=\"http:\/\/www.henkopweg.nl\/wp-content\/uploads\/Li-2015-0007.jpg\"><img loading=\"lazy\" decoding=\"async\" class=\"alignnone size-full wp-image-5980\" src=\"http:\/\/www.henkopweg.nl\/wp-content\/uploads\/Li-2015-0007.jpg\" alt=\"Li-2015 0007\" width=\"600\" height=\"414\" srcset=\"https:\/\/www.henkopweg.nl\/wp-content\/uploads\/Li-2015-0007.jpg 600w, https:\/\/www.henkopweg.nl\/wp-content\/uploads\/Li-2015-0007-300x207.jpg 300w\" sizes=\"(max-width: 600px) 100vw, 600px\" \/><\/a><\/span><\/p>\n<p><span style=\"font-family: arial,helvetica,sans-serif; font-size: 12pt;\">Om 11:30 uur sta ik op het station van Hoek van Holland. Vanaf het station zie je de boot naar Harwich liggen. Snel doe ik nog wat boodschappen bij Albert Hein en ga dan, veel te vroeg, naar de opstelplaats. Het weer is redelijk en ik ben nog een uur voor inschepen. Toch wil je niet te laat aankomen.<\/span><br \/>\n<span style=\"font-family: arial,helvetica,sans-serif; font-size: 12pt;\"> Samen met Steve Sianton uit Nothingham sta ik in de rij met wachtende auto&#8217;s. Steve, half vijftig, is van uit Spanje naar Nederland gefietst. Hij was 3 maanden onderweg. Later vertelt hij dat hij alleenstaande is en op een boot woont. Hij gaat nu naar huis. Nederland vind hij met wind tegen maar moeilijk te\u00a0fietsen. Ja, als je alleenstaande bent kun je rustig 3 maanden weg blijven. Toch is het een wat vreemde man. Maar dat vind hij mogelijk ook van mij.<\/span><br \/>\n<span style=\"font-family: arial,helvetica,sans-serif; font-size: 12pt;\"> Het inschepen verloopt vlot. Eerst wordt het boekingsformulier en de pas gecontroleerd. In het volgende hokje zit de douane, maar die hebben voor deze oude fietser geen belangstelling en ik mag oprijden tot de volgende slagboom.<\/span><\/p>\n<p><span style=\"font-family: arial,helvetica,sans-serif; font-size: 12pt;\">De achterkant van de boot staat open en via de laatklep fietsen we het autodek op. Voor in het schip zijn haken waar\u00a0 de fiets aan moet hangen.<a href=\"http:\/\/www.henkopweg.nl\/wp-content\/uploads\/2015-Li-019.jpg\"><img loading=\"lazy\" decoding=\"async\" class=\"alignnone size-full wp-image-6048\" src=\"http:\/\/www.henkopweg.nl\/wp-content\/uploads\/2015-Li-019.jpg\" alt=\"2015-Li 019\" width=\"620\" height=\"349\" srcset=\"https:\/\/www.henkopweg.nl\/wp-content\/uploads\/2015-Li-019.jpg 620w, https:\/\/www.henkopweg.nl\/wp-content\/uploads\/2015-Li-019-300x169.jpg 300w\" sizes=\"(max-width: 620px) 100vw, 620px\" \/><\/a><\/span><\/p>\n<p><span style=\"font-family: arial,helvetica,sans-serif; font-size: 12pt;\">Met een sjorband zet ik de fiets stevig vast. Mijn stuurtas met waarde volle spullen gaat in een kleine rugzak mee naar boven.\u00a0Het autodek wordt afgesloten en is tijdens de overvaart niet bereikbaar. Via trappen loop ik naar dek negen.<\/span><br \/>\n<span style=\"font-family: arial,helvetica,sans-serif; font-size: 12pt;\"> Eerst ga ik buiten maar eens verkennen. Bij het basketbalveldje vind ik tafels waar ik blijf zitten tot het begint te regen.<\/span><\/p>\n<p><span style=\"font-family: arial,helvetica,sans-serif; font-size: 12pt;\">In de boot kom ik Steve weer tegen, die aan het internetten is en zijn batterijen aan het opladen. Op de boot ligt iedereen in een luie stoel of op een bank. Het wordt wel omgeroepen dat men niet op de banken mag liggen, maar daar trekt niemand zich wat van aan. In de loop van de middag komt men weer tot leven, kijkt TV of is met de telefoon of laptop bezig.<\/span><\/p>\n<p><span style=\"font-family: arial,helvetica,sans-serif; font-size: 12pt;\">Om 21 uur lokale Engelse tijd komen we in Harwich . Bij de fietsen in het ruim tref Steve en ook Karin en Ard. Steve vraagt ze naar welke camping ze gaan. <a href=\"http:\/\/www.henkopweg.nl\/wp-content\/uploads\/Li-2015-0044.jpg\"><img loading=\"lazy\" decoding=\"async\" class=\"alignnone size-full wp-image-5982\" src=\"http:\/\/www.henkopweg.nl\/wp-content\/uploads\/Li-2015-0044.jpg\" alt=\"Li-2015 0044\" width=\"600\" height=\"338\" srcset=\"https:\/\/www.henkopweg.nl\/wp-content\/uploads\/Li-2015-0044.jpg 600w, https:\/\/www.henkopweg.nl\/wp-content\/uploads\/Li-2015-0044-300x169.jpg 300w\" sizes=\"(max-width: 600px) 100vw, 600px\" \/><\/a><\/span><\/p>\n<p><span style=\"font-family: arial,helvetica,sans-serif; font-size: 12pt;\">We willen naar de camping\u00a0ten zuiden van Harwich en Steve zegt, dat ik naar de Castle Inn camping in Ramsey moet gaan. Hij kent de camping. Karin en Ard willen ook wel mee\u00a0 en Steve wijst ons het eerste stuk de weg. Het is wel een vierbaansweg die ik niet in mijn GPS routeplanner heb staan. Globaal kan ik zien dat we de goede richting op gaan. Ik fiets voorop en Karin en Ard volgen. Het wordt een slopende rit op de A12 autoweg. Alle vrachtwagens die na ons van de boot komen, racen ons voorbij. Na 20 minuten nemen we de afslag en komen bij de pub. De eigenaar wijst ons de plek in de schuin oplopende boomgaard. Wij zijn de enige gasten. Verder \u00e9\u00e9n wc, een waterkraan en een douche.\u00a0Alles in een oude en slecht staat. Voor 4 pond geen probleem. &#8217;s Avonds drink ik met Ard nog een paar biertjes in de pub en vertelt hij over zijn werk als leraar aan een dovenschool in Amsterdam. Hij geeft wiskunde en heeft 15 leerlingen in de klas, ze fietsen naar de westkust in de punt van Zuid Engeland.<a href=\"http:\/\/www.henkopweg.nl\/wp-content\/uploads\/Li-2015-0041.jpg\"><img loading=\"lazy\" decoding=\"async\" class=\"alignnone wp-image-5981\" src=\"http:\/\/www.henkopweg.nl\/wp-content\/uploads\/Li-2015-0041.jpg\" alt=\"Li-2015 0041\" width=\"600\" height=\"338\" srcset=\"https:\/\/www.henkopweg.nl\/wp-content\/uploads\/Li-2015-0041.jpg 600w, https:\/\/www.henkopweg.nl\/wp-content\/uploads\/Li-2015-0041-300x169.jpg 300w\" sizes=\"(max-width: 600px) 100vw, 600px\" \/><\/a><\/span><br \/>\n<span style=\"font-family: arial,helvetica,sans-serif; font-size: 12pt;\"> &#8230;&#8230;&#8230;&#8230;&#8230;&#8230;&#8230;&#8230;&#8230;&#8230;&#8230;&#8230;&#8230;&#8230;&#8230;&#8230;&#8230;&#8230;&#8230;&#8230;&#8230;&#8230;&#8230;&#8230;&#8230;&#8230;&#8230;&#8230;&#8230;&#8230;&#8230;&#8230;&#8230;&#8230;&#8230;&#8230;&#8230;&#8230;&#8230;&#8230;&#8230;&#8230;&#8230;&#8230;&#8230;.<\/span><\/p>\n<p><span style=\"font-size: 12pt; font-family: arial, helvetica, sans-serif; color: #000088;\">donderdag 16 juli 2015<\/span><\/p>\n<p><span style=\"font-size: 12pt; font-family: arial, helvetica, sans-serif; color: #000088;\">1e \u00a0fietsdag<\/span><\/p>\n<p><span style=\"font-family: arial,helvetica,sans-serif; font-size: 12pt;\"><strong><a href=\"http:\/\/www.henkopweg.nl\/wp-content\/uploads\/12-8-2015-2015-07-16.jpg\"><img loading=\"lazy\" decoding=\"async\" class=\"alignnone size-full wp-image-5708\" src=\"http:\/\/www.henkopweg.nl\/wp-content\/uploads\/12-8-2015-2015-07-16.jpg\" alt=\"12-8-2015 2015-07-16\" width=\"643\" height=\"112\" srcset=\"https:\/\/www.henkopweg.nl\/wp-content\/uploads\/12-8-2015-2015-07-16.jpg 643w, https:\/\/www.henkopweg.nl\/wp-content\/uploads\/12-8-2015-2015-07-16-300x52.jpg 300w\" sizes=\"(max-width: 643px) 100vw, 643px\" \/><\/a><\/strong><\/span><\/p>\n<p><span style=\"font-family: arial,helvetica,sans-serif; font-size: 12pt;\"><strong><span style=\"color: #0000ff;\">Ramsey- Kelvedon Hatch<\/span><\/strong><\/span><br \/>\n<span style=\"color: #000088; font-family: arial,helvetica,sans-serif; font-size: 12pt;\">102 km, \u00a0totaal 107 km<\/span><\/p>\n<p><span style=\"font-family: arial,helvetica,sans-serif; font-size: 12pt;\">Mijn horloge staat op de lokale tijd. In ben in Engeland en moet daar de komende dagen maar aan wennen. Om 06.15 uur is de slaap voorbij. Ik heb goed geslapen, maar mogelijk ook omdat ik met Ard nog wat in de pub heb gedronken. Het was woensdagavond wat blijkbaar biljartavond is, want het was er gezellig druk. Bijzonder vonden we dat welke consumptie direct werd afgerekend.<\/span><\/p>\n<p><span style=\"font-family: arial,helvetica,sans-serif; font-size: 12pt;\">Ik meen afscheid van Karin en Ard en wens ze nog een fijne fietsvakantie en fiets voorzichtig van de camping. Goed nadenken en uitkijken en links rijden. Na drie kilometer zit ik op de route met leuke landelijke weggetjes en weinig verkeer. Het is de fietsroute 51; wat overigens alleen aan de bordjes is te zien.<\/span><\/p>\n<p><span style=\"font-family: arial,helvetica,sans-serif; font-size: 12pt;\"><a href=\"http:\/\/www.henkopweg.nl\/wp-content\/uploads\/Li-2015-0047.jpg\"><img loading=\"lazy\" decoding=\"async\" class=\"alignnone wp-image-5983\" src=\"http:\/\/www.henkopweg.nl\/wp-content\/uploads\/Li-2015-0047.jpg\" alt=\"Li-2015 0047\" width=\"636\" height=\"359\" srcset=\"https:\/\/www.henkopweg.nl\/wp-content\/uploads\/Li-2015-0047.jpg 600w, https:\/\/www.henkopweg.nl\/wp-content\/uploads\/Li-2015-0047-300x169.jpg 300w\" sizes=\"(max-width: 636px) 100vw, 636px\" \/><\/a><\/span><\/p>\n<p><span style=\"font-family: arial,helvetica,sans-serif; font-size: 12pt;\">De weg is licht glooiend en heeft uitzicht op zee. Wat direct opvalt is dat alle huisje vrijstaand zijn en cottage\u00a0heten, met de mooiste toevoegingen. Het ziet er wat popperig uit met veel ruimte om de woningen en altijd de auto voor het huis.<\/span><\/p>\n<p><span style=\"font-family: arial,helvetica,sans-serif; font-size: 12pt;\">Onderweg word ik ingehaald door een man, vrouw en zoon. Zo te horen Nederlanders. De man rijdt in hoog tempo. De zoon volgt en de vrouw komt achteraan. Ze zijn zo uit beeld. Toch word ik die morgen nog twee keer door ze ingehaald. Blijkbaar hebben ze een andere route genomen die niet sneller is. Het tempo wat ze rijden zal onderweg\u00a0wel problemen geven. Waar meerdere fietsers samen rijden is de verschillende snelheid vaak aanleiding tot irritatie. De voorste moet wachten en als de achterste is aangekomen wil de eerste weg en de laatste rusten. Nee, ik bepaal mijn eigen tempo, rust of stap af als ik het zelf wil.<\/span><\/p>\n<p><span style=\"font-size: 12pt; font-family: arial, helvetica, sans-serif; color: #000088;\">Eekhoorn snelweg<\/span><\/p>\n<p><span style=\"font-family: arial,helvetica,sans-serif; font-size: 12pt;\">Ik merk dat ik ontspannen ben, want ik zie weer details. In het buitengebied\u00a0hangt alle elektra en telefoonleiding\u00a0aan palen langs de weg. Bij een kruising zie ik een eekhoorn over de bovenleiding lopen en dat wel een 100 m. Ik probeer mijn fototoestel te pakken, maar het wordt te moeilijk en gevaarlijk om er een foto van te maken. Ik kan er wel om lachen, een eekhoorn met een eigen bovengrondse snelweg<\/span><\/p>\n<p><span style=\"font-family: arial,helvetica,sans-serif; font-size: 12pt;\">Bij <a href=\"http:\/\/www.henkopweg.nl\/wp-content\/uploads\/Li-2015-0050.jpg\"><img loading=\"lazy\" decoding=\"async\" class=\"size-medium wp-image-5985 alignright\" src=\"http:\/\/www.henkopweg.nl\/wp-content\/uploads\/Li-2015-0050-300x169.jpg\" alt=\"Li-2015 0050\" width=\"300\" height=\"169\" srcset=\"https:\/\/www.henkopweg.nl\/wp-content\/uploads\/Li-2015-0050-300x169.jpg 300w, https:\/\/www.henkopweg.nl\/wp-content\/uploads\/Li-2015-0050.jpg 600w\" sizes=\"(max-width: 300px) 100vw, 300px\" \/><\/a>het plaatsje Rowhadge\u00a0gaat mijn route rechtdoor over de River Colne naar High Park Corner. Zo lijkt het in ieder geval. Bij de rivier waar de getijden zichtbaar zijn, want de oevers zijn modderig droog gevallen. Er is geen brug te vinden. Ik vraag een man waar de brug is. Vier mijl naar Colchester, daar\u00a0 is een brug, zegt hij. Nu kan ik wel moeilijk doen,maar het is niet anders. Ik fiets over een zandpad op een dijkje langs de rivier. In een daarop volgend bospad van 1,5 meter breed, waar\u00a0ik een fietser tegen kom.<\/span><\/p>\n<p><span style=\"font-family: arial,helvetica,sans-serif; font-size: 12pt;\">Ik schrik want\u00a0hij gaat niet aan de kant. Ik stop en hij stopt ook en zo staan we een paar meter tegenover elkaar tot het tot mij doordringt dat ik rechts fietste. Ik maak excuus. &#8216;Sorry i come from Holland&#8217;. Hij kan er wel om lachen. <\/span><\/p>\n<p><span style=\"font-family: arial,helvetica,sans-serif; font-size: 12pt;\">In Colchester liggen de schepen in de droog gevallen rivier. Bij hoogwater moet er zeker 1 tot 2 meter water staan. Ik vind de brug en moet nu een nieuwe route maken om weer op\u00a0de oude route te komen. Het ritje om heeft zeker meer dan een uur gekost, maar wat geeft het. Bij Abberton\u00a0ben ik weer op de route. Volgende grote stad is Chelmer. Ik vertrouw volledig op mijn GPS route die mij langs snelwegen met fietspaden en dan door parken laat rijden. Soms ook fietspaden die ik anders nooit zou vinden. Het is druk in de stad en ik besluit om niet lopend de stad in te gaan. Ik durf mijn fiets met bepakking niet onbeheerd te laten staan.<\/span><\/p>\n<p><span style=\"font-family: arial,helvetica,sans-serif; font-size: 12pt;\">In het daarop volgende West Park is het druk vanwege het mooie weer. Ik kijk veel rond en ja hoor, ik zit weer eens aan de verkeerde kant van een pad. Een fietser maakt gebaren van wakker worden. Ik moet maar weer naar de boerenweggetjes door de landbouwgebieden.\u00a0 Daar maakt\u00a0links of\u00a0rechts rijden niet zoveel uit.<\/span><\/p>\n<p><span style=\"color: #000088; font-family: arial,helvetica,sans-serif; font-size: 12pt;\">Lang leven melk<\/span><br \/>\n<span style=\"font-family: arial,helvetica,sans-serif; font-size: 12pt;\"> In het dorp voor de camping haal ik boodschappen. Het meeste kan ik goed vinden. Maar UHT melk (gesteriliseerde melk) kan ik niet vinden. Ik vraag de dame met al mijn Engels naar milk met extra benamingen, tot ze opeens zegt:&#8221;O,\u00a0Long living milk&#8221;. Yes, dat moet het zijn. Weer wat geleerd.<\/span><\/p>\n<p><span style=\"font-family: arial,helvetica,sans-serif; font-size: 12pt;\">Camping \u00a0Kelvedo Hacth is goed verzorgd. Ik word ingeschreven als Backpacker. Op het midden terrein staan veel jongeren met een tentje, maar wat wil je; er zijn maar weinig opa&#8217;s die rond fietsen.<\/span><\/p>\n<p><span style=\"color: #000088; font-family: arial,helvetica,sans-serif; font-size: 12pt;\">Achterwerk.<\/span><br \/>\n<span style=\"font-family: arial,helvetica,sans-serif; font-size: 12pt;\"> Vandaag had ik al wat problemen met een pijnlijk achterwerk. Nu is het niet mijn\u00a0 favoriete onderwerp voor een reisbeschrijving. \u00a0De hele dag voelde ik al een pijnlijke plek. Je kunt dat wel op een bospad met je fietsspiegeltje gaan bekijken. Maar je moet er toch niet aandenken, dat iemand het ziet en de politie achter je aan stuurt. Bij het douchen\u00a0 heb ik maar eens gevoeld wat het gaande was. Er bleek op beide billen een soort eelt laagje te zitten. Links was echter een wondje ontstaan. De volgende morgen was het zeer pijnlijk om op het zadel te zitten. Gelukkig ging het in de loop van de dag beter. Na drie dagen had ik er totaal geen last meer van en heb mijn fietstocht zonder achterwerk inspectie kunnen voortzetten.<\/span><\/p>\n<p><span style=\"font-family: arial,helvetica,sans-serif; font-size: 12pt;\">&#8230;&#8230;&#8230;&#8230;&#8230;&#8230;&#8230;&#8230;&#8230;&#8230;&#8230;&#8230;&#8230;&#8230;&#8230;&#8230;&#8230;&#8230;&#8230;&#8230;&#8230;&#8230;&#8230;&#8230;&#8230;&#8230;&#8230;&#8230;&#8230;&#8230;&#8230;&#8230;&#8230;&#8230;&#8230;&#8230;&#8230;&#8230;&#8230;&#8230;&#8230;&#8230;&#8230;&#8230;<\/span><\/p>\n<p><span style=\"color: #000088; font-family: arial,helvetica,sans-serif; font-size: 12pt;\">Vrijdag 17 juli 2015<\/span><\/p>\n<p><span style=\"color: #000088; font-family: arial,helvetica,sans-serif; font-size: 12pt;\">2e fietsdag<\/span><\/p>\n<p><span style=\"font-family: arial,helvetica,sans-serif; font-size: 12pt;\"><a href=\"http:\/\/www.henkopweg.nl\/wp-content\/uploads\/12-8-2015-2015-07-17.jpg\"><img loading=\"lazy\" decoding=\"async\" class=\"alignnone size-full wp-image-5709\" src=\"http:\/\/www.henkopweg.nl\/wp-content\/uploads\/12-8-2015-2015-07-17.jpg\" alt=\"12-8-2015 2015-07-17\" width=\"647\" height=\"110\" srcset=\"https:\/\/www.henkopweg.nl\/wp-content\/uploads\/12-8-2015-2015-07-17.jpg 647w, https:\/\/www.henkopweg.nl\/wp-content\/uploads\/12-8-2015-2015-07-17-300x51.jpg 300w\" sizes=\"(max-width: 647px) 100vw, 647px\" \/><\/a><\/span><\/p>\n<p><span style=\"color: #000088; font-family: arial,helvetica,sans-serif; font-size: 12pt;\">Kelvedon Hatch-Londen- East Horsly<\/span><br \/>\n<span style=\"color: #000088; font-family: arial,helvetica,sans-serif; font-size: 12pt;\">85 km &#8211; totaal 194<\/span><\/p>\n<p><span style=\"color: #000088; font-family: arial,helvetica,sans-serif; font-size: 12pt;\">Voorsteden<\/span><br \/>\n<span style=\"font-family: arial,helvetica,sans-serif; font-size: 12pt;\"> Ik had al een paar honderd meter gereden toen ik besefte dat ik weer aan de verkeerde kant van de weg fietste. Gelukkig was er geen verkeer. Een ander probleempje op de vroege morgen om 07:00 uur is dat de routeplanner ook bospaden neemt. Voor een klein stukje is dat niet erg, maar het moet niet te gek worden. Ik had thuis bij het samenstellen van de route de GPS zo moeten instellen dat\u00a0onverharde wegen zouden worden gemeden.<\/span><\/p>\n<p><span style=\"font-family: arial,helvetica,sans-serif; font-size: 12pt;\">Na ca 15 km kom ik om 07:45 in Romford, een voorstad van Londen. Het is vrijdagmorgen en er is een flink ochtendspits richting\u00a0 Londen. Ik heb uit voorzorg de gele trui maar weer aangetrokken en het werkt. De auto&#8217;s houden rekening met mij en ik wijs naar links of rechts als ik daar heen wil. Ook als ik rechtdoor wil kijk ik automobilisten aan en wijs recht vooruit. Ze kunnen er wel om lachen.<a href=\"http:\/\/www.henkopweg.nl\/wp-content\/uploads\/Li-2015-0057.jpg\"><img loading=\"lazy\" decoding=\"async\" class=\"alignnone size-full wp-image-5988\" src=\"http:\/\/www.henkopweg.nl\/wp-content\/uploads\/Li-2015-0057.jpg\" alt=\"Li-2015 0057\" width=\"600\" height=\"338\" srcset=\"https:\/\/www.henkopweg.nl\/wp-content\/uploads\/Li-2015-0057.jpg 600w, https:\/\/www.henkopweg.nl\/wp-content\/uploads\/Li-2015-0057-300x169.jpg 300w\" sizes=\"(max-width: 600px) 100vw, 600px\" \/><\/a><\/span><\/p>\n<div id=\"attachment_5989\" style=\"width: 310px\" class=\"wp-caption alignleft\"><a href=\"http:\/\/www.henkopweg.nl\/wp-content\/uploads\/Li-2015-0060.jpg\"><img loading=\"lazy\" decoding=\"async\" aria-describedby=\"caption-attachment-5989\" class=\"wp-image-5989 size-medium\" src=\"http:\/\/www.henkopweg.nl\/wp-content\/uploads\/Li-2015-0060-300x169.jpg\" alt=\"Li-2015 0060\" width=\"300\" height=\"169\" srcset=\"https:\/\/www.henkopweg.nl\/wp-content\/uploads\/Li-2015-0060-300x169.jpg 300w, https:\/\/www.henkopweg.nl\/wp-content\/uploads\/Li-2015-0060.jpg 600w\" sizes=\"(max-width: 300px) 100vw, 300px\" \/><\/a><p id=\"caption-attachment-5989\" class=\"wp-caption-text\"><span style=\"font-family: arial,helvetica,sans-serif; font-size: 12pt;\">Snelfietspad naar centrum Londen<\/span><\/p><\/div>\n<p><span style=\"font-family: arial,helvetica,sans-serif; font-size: 12pt;\"><a href=\"http:\/\/www.henkopweg.nl\/wp-content\/uploads\/DSC000651.jpg\"><br \/>\n<\/a>Ik moet over de A12 naar het centrum. In Ilford loopt de route door het Valentines park. Ik zie opvallend veel Indi\u00ebrs en zwarte mensen in witte kleding. Heb totaal geen idee waarom maar het blijkt een feestdag ( later bleek, einde van de Ramadan). Ik het park zoek ik een bankje en begin aan mijn ontbijt met brood, melk, kaas en worst. Bij Stratford herken ik het Olympisch park waar ik twee jaar geleden eens was.<\/span><\/p>\n<p><span style=\"font-family: arial,helvetica,sans-serif; font-size: 12pt;\">De straten hebben nu ook blauwe fietspaden. Het zijn de snelfietsroutes die burgemeester Boris Johnson heeft laten aanleggen. Ik heb alle ruimte want veel fietser zijn er niet. De straten zijn vol mensen in klederdracht. Via een paar kleine weggetjes langs een kanaal en een haven kom ik rond 10 uur bij de Tower Bridge.<\/span><\/p>\n<p><span style=\"color: #000088; font-family: arial,helvetica,sans-serif; font-size: 12pt;\">Langs de Theems<\/span><br \/>\n<span style=\"font-family: arial,helvetica,sans-serif; font-size: 12pt;\"> The Tower Bridge. Daar wil ik over! Midden op stop ik om een paar foto&#8217;s en een selfie te maken. Na de Tower bridge zoek ik de zuid-oever van de Theems op. Ik weet dat daar een wandel- en fiets promenade is. In alle rust fiets ik langs de Theems en voel mij een echte toerist. Bij het Millenium-wiel staan drommen mensen te wachten om een rondje tot 135 m hoogte\u00a0te gaan maken.\u00a0Het <a href=\"https:\/\/nl.wikipedia.org\/wiki\/London_Eye\" target=\"_blank\" rel=\"noopener\">Millenium wheel Londen<\/a> is een reuzenrad in Londen. Het rad is 135 meter hoog, weegt 1.700 ton en heeft 32 gesloten capsules. London Eye werd gebouwd in 1998 en was bij de<\/span><\/p>\n<p><span style=\"font-family: arial,helvetica,sans-serif; font-size: 12pt;\"><a href=\"http:\/\/www.henkopweg.nl\/wp-content\/uploads\/2015-Li-079.jpg\"><img loading=\"lazy\" decoding=\"async\" class=\"alignnone size-full wp-image-6056\" src=\"http:\/\/www.henkopweg.nl\/wp-content\/uploads\/2015-Li-079.jpg\" alt=\"2015-Li 079\" width=\"620\" height=\"349\" srcset=\"https:\/\/www.henkopweg.nl\/wp-content\/uploads\/2015-Li-079.jpg 620w, https:\/\/www.henkopweg.nl\/wp-content\/uploads\/2015-Li-079-300x169.jpg 300w\" sizes=\"(max-width: 620px) 100vw, 620px\" \/><\/a><\/span><\/p>\n<p><span style=\"font-family: arial,helvetica,sans-serif; font-size: 12pt;\">opening het grootste reuzenrad ter wereld.<\/span><br \/>\n<span style=\"font-family: arial,helvetica,sans-serif; font-size: 12pt;\"> Het is een joekel van een wiel en dat moet natuurlijk ook op de foto. De selfie-stick biedt uitkomst en ik kan van vreemde standpunten uit foto&#8217;s maken.<\/span><br \/>\n<span style=\"font-family: arial,helvetica,sans-serif; font-size: 12pt;\"> Het volgende markante punt is de Big Ben en daarachter het Parlement Squar. <a href=\"http:\/\/www.henkopweg.nl\/wp-content\/uploads\/Li-2015-0088.jpg\"><img loading=\"lazy\" decoding=\"async\" class=\"alignnone size-full wp-image-5991\" src=\"http:\/\/www.henkopweg.nl\/wp-content\/uploads\/Li-2015-0088.jpg\" alt=\"Li-2015 0088\" width=\"600\" height=\"337\" srcset=\"https:\/\/www.henkopweg.nl\/wp-content\/uploads\/Li-2015-0088.jpg 600w, https:\/\/www.henkopweg.nl\/wp-content\/uploads\/Li-2015-0088-300x169.jpg 300w\" sizes=\"(max-width: 600px) 100vw, 600px\" \/><\/a><\/span><\/p>\n<p><span style=\"font-family: arial,helvetica,sans-serif; font-size: 12pt;\">Ook daar topdrukte. Ik wil naar Buckingham Palace en het is \u00a0bijna 12:00 uur. Tientallen bussen willen daar ook heen. De toevoerwegen staan vol en ik laveer rustig langs de bussen. Voor Buckingham Palace is een enorme mensenzee aanwezig. Overal staan zwaaiende en op fluitjes blazende politiemensen die beduiden doorrijden. Toch ben ik maar even gestopt om te vragen wat er gaande was. Ik begreep wel dat niet alle mensen voor mij kwamen, alhoewel er totaal geen fietsers waren en zeker niet in een gele trui en een fiets vol tassen.\u00a0Een agent vraagt waar ik heen ga en ik leg hem snel uit dat ik de Liberation Route aan het\u00a0rijden ben.<\/span><br \/>\n<span style=\"font-family: arial,helvetica,sans-serif; font-size: 12pt;\"> Hij verandert op slag. Ik krijg schouderklopjes en bemoedigende woorden en mag met de fiets op een mooi plekje blijven staan. Voor Buckingham Palace staan muziekkorpsen en militairen lopen met vaandels. Het is de aflossing van de wacht. Om 12.10 uur marcheren ze\u00a0 door de hekken langs het Victoria Memorial en lopen The Mall op.<\/span><br \/>\n<span style=\"font-family: arial,helvetica,sans-serif; font-size: 12pt;\"> <a href=\"http:\/\/www.henkopweg.nl\/wp-content\/uploads\/Li-2015-0095.jpg\"><img loading=\"lazy\" decoding=\"async\" class=\"alignnone size-full wp-image-5992\" src=\"http:\/\/www.henkopweg.nl\/wp-content\/uploads\/Li-2015-0095.jpg\" alt=\"Li-2015 0095\" width=\"600\" height=\"338\" srcset=\"https:\/\/www.henkopweg.nl\/wp-content\/uploads\/Li-2015-0095.jpg 600w, https:\/\/www.henkopweg.nl\/wp-content\/uploads\/Li-2015-0095-300x169.jpg 300w\" sizes=\"(max-width: 600px) 100vw, 600px\" \/><\/a><\/span><br \/>\n<span style=\"font-family: arial,helvetica,sans-serif; font-size: 12pt;\"> Het is voorbij en de weg wordt weer vrijgegeven. Ik moet de route weer oppakken en twee agenten te paard, rijden als een soort lijfwacht voor mij uit. Als ik er voor ga rijden om tijdens het rijden foto&#8217;s te maken zie ik ze lachen en tegen elkaar praten.<a href=\"http:\/\/www.henkopweg.nl\/wp-content\/uploads\/2015-Li-102.jpg\"><img loading=\"lazy\" decoding=\"async\" class=\"alignnone size-full wp-image-6060\" src=\"http:\/\/www.henkopweg.nl\/wp-content\/uploads\/2015-Li-102.jpg\" alt=\"2015-Li 102\" width=\"620\" height=\"349\" srcset=\"https:\/\/www.henkopweg.nl\/wp-content\/uploads\/2015-Li-102.jpg 620w, https:\/\/www.henkopweg.nl\/wp-content\/uploads\/2015-Li-102-300x169.jpg 300w\" sizes=\"(max-width: 620px) 100vw, 620px\" \/><\/a><\/span><\/p>\n<p><span style=\"font-family: arial,helvetica,sans-serif; font-size: 12pt;\">Het is nog een flinke rit door allerhande voorsteden aan de Zuid-Westkant van Londen.<\/span><br \/>\n<span style=\"font-family: arial,helvetica,sans-serif; font-size: 12pt;\"> Nu is het zaak om op te letten om de stad goed uit te komen. Bij Winbledon kom ik over de Theems en langs een grote paardenrenbaan. Toch duurt het nog een uur voor ik alle voorsteden door ben en in East Horsly op een prachtige camping aan een meertje kon. De dame vraagt waar ik vandaag vandaan kom en als ik Kelvedon Hatch noem zegt ze: &#8220;dan zit u al bij ons in de computer&#8221;. En ja hoor, na het intikken van mijn naam zijn alle gegevens bekend. Ik krijg een vip behandeling, een mooi stukje gras voor de tent en ze halen zelf een picknick tafel naar mijn tent. Dat is nog eens een\u00a0Koninklijke ontvangst. Alhoewel, als ik mijn waslijntje tussen fiets en tent vol hang met; hemd, onderbroek, en gele shirt, ziet het er niet meer zo koninklijk uit. Maar ja, ook de koningin heeft net als deze fietser wasgoed. Alhoewel zij\u00a0geen lijntje bij Buckingham Palace heeft. Ik heb \u00a0in ieder geval niets gezien.<a href=\"http:\/\/www.henkopweg.nl\/wp-content\/uploads\/Li-2015-0114.jpg\"><img loading=\"lazy\" decoding=\"async\" class=\"alignnone size-full wp-image-5993\" src=\"http:\/\/www.henkopweg.nl\/wp-content\/uploads\/Li-2015-0114.jpg\" alt=\"Li-2015 0114\" width=\"600\" height=\"338\" srcset=\"https:\/\/www.henkopweg.nl\/wp-content\/uploads\/Li-2015-0114.jpg 600w, https:\/\/www.henkopweg.nl\/wp-content\/uploads\/Li-2015-0114-300x169.jpg 300w\" sizes=\"(max-width: 600px) 100vw, 600px\" \/><\/a><\/span><\/p>\n<p><span style=\"font-family: arial,helvetica,sans-serif; font-size: 12pt;\">&#8230;&#8230;&#8230;&#8230;&#8230;&#8230;&#8230;&#8230;&#8230;&#8230;&#8230;&#8230;&#8230;&#8230;&#8230;&#8230;&#8230;&#8230;&#8230;&#8230;&#8230;&#8230;&#8230;&#8230;&#8230;&#8230;&#8230;&#8230;&#8230;&#8230;&#8230;&#8230;&#8230;&#8230;&#8230;&#8230;&#8230;&#8230;&#8230;&#8230;&#8230;&#8230;&#8230;&#8230;&#8230;.<\/span><\/p>\n<p><span style=\"color: #000088; font-family: arial,helvetica,sans-serif; font-size: 12pt;\">zaterdag 18 juli 2015<\/span><\/p>\n<p><span style=\"color: #000088; font-family: arial,helvetica,sans-serif; font-size: 12pt;\">3e fietsdag<\/span><\/p>\n<p><span style=\"font-family: arial,helvetica,sans-serif; font-size: 12pt;\"><a href=\"http:\/\/www.henkopweg.nl\/wp-content\/uploads\/12-8-2015-2015-07-18.jpg\"><img loading=\"lazy\" decoding=\"async\" class=\"alignnone size-full wp-image-5710\" src=\"http:\/\/www.henkopweg.nl\/wp-content\/uploads\/12-8-2015-2015-07-18.jpg\" alt=\"12-8-2015 2015-07-18\" width=\"651\" height=\"112\" srcset=\"https:\/\/www.henkopweg.nl\/wp-content\/uploads\/12-8-2015-2015-07-18.jpg 651w, https:\/\/www.henkopweg.nl\/wp-content\/uploads\/12-8-2015-2015-07-18-300x52.jpg 300w\" sizes=\"(max-width: 651px) 100vw, 651px\" \/><\/a><\/span><\/p>\n<p><span style=\"color: #000088; font-family: arial,helvetica,sans-serif; font-size: 12pt;\">East Horsly- Nutsborn<\/span><br \/>\n<span style=\"font-family: arial,helvetica,sans-serif; font-size: 12pt;\"> <strong><span style=\"color: #0000ff;\">83 km &#8211;\u00a0totaal 275<\/span><\/strong><\/span><\/p>\n<p><span style=\"color: #000088; font-family: arial,helvetica,sans-serif; font-size: 12pt;\">De oude spoorbaan is fietspad geworden.<\/span><br \/>\n<span style=\"font-family: arial,helvetica,sans-serif; font-size: 12pt;\">De bakker en de slager zijn om 07:00 uur al in de winkel bezig. Er is verder niemand op\u00a0 straat. Mijn ochtend gymnastiek met een paar kilometers klimmen door het Mountain Wood kan beginnen. Het is zaterdag en ook in Engeland zijn dan de wielrenners actief. Na een lastige klim komt de afdaling die meestal te kort is. Leuke plaatsjes als Shere kom ik door, maar ook weer bos. Het fietsen gaat goed en mijn achterwerk is soms\u00a0 pijnlijk, maar het is te doen.<a href=\"http:\/\/www.henkopweg.nl\/wp-content\/uploads\/2015-Li-117.jpg\"><img loading=\"lazy\" decoding=\"async\" class=\"alignnone size-full wp-image-6050\" src=\"http:\/\/www.henkopweg.nl\/wp-content\/uploads\/2015-Li-117.jpg\" alt=\"2015-Li 117\" width=\"620\" height=\"349\" srcset=\"https:\/\/www.henkopweg.nl\/wp-content\/uploads\/2015-Li-117.jpg 620w, https:\/\/www.henkopweg.nl\/wp-content\/uploads\/2015-Li-117-300x169.jpg 300w\" sizes=\"(max-width: 620px) 100vw, 620px\" \/><\/a><\/span><\/p>\n<p><span style=\"font-family: arial,helvetica,sans-serif; font-size: 12pt;\">Na Samley Green kom ik op een oude spoorbaan met gravel verharding, Downs Link. Het is in ieder geval vlak en ca. 5 km lang. Aan het einde van het pad vind ik in Elm Park een kleine supermarkt. De supermarkten hebben een beperkt assortiment. Brood heb ik nog en kaas, melk en fruit kan ik daar vinden. Ik kan mijn\u00a0voorraad aanvullen en neem alle rust voor een flink ontbijt.<\/span><\/p>\n<p><span style=\"font-family: arial,helvetica,sans-serif; font-size: 12pt;\">De route gaat nu door het<\/span><br \/>\n<span style=\"font-family: arial,helvetica,sans-serif; font-size: 12pt;\"> <a href=\"https:\/\/www.southdowns.gov.uk\/discover\/landscape-geology\/\" target=\"_blank\" rel=\"noopener\">South Downs National Park<\/a><\/span><br \/>\n<span style=\"font-family: arial,helvetica,sans-serif; font-size: 12pt;\"> Het park ligt in een flink heuvelachtig gebied en ook vandaag is het weer flink klimmen. Met de Cocking hill op de A286 neem ik na een flinke klim afscheid van het South Downs National Park. Een prachtig gebied, maar door de vele heggen, holle wegen en bossen heb je niet permanent zicht op het landschap.<a href=\"http:\/\/www.henkopweg.nl\/wp-content\/uploads\/2015-Li-119.jpg\"><img loading=\"lazy\" decoding=\"async\" class=\"alignnone size-full wp-image-6049\" src=\"http:\/\/www.henkopweg.nl\/wp-content\/uploads\/2015-Li-119.jpg\" alt=\"2015-Li 119\" width=\"620\" height=\"349\" srcset=\"https:\/\/www.henkopweg.nl\/wp-content\/uploads\/2015-Li-119.jpg 620w, https:\/\/www.henkopweg.nl\/wp-content\/uploads\/2015-Li-119-300x169.jpg 300w\" sizes=\"(max-width: 620px) 100vw, 620px\" \/><\/a> Bij Chichester komt de kust weer dichterbij. Ik fiets hier verkeerd, maar het is eind van de middag en een mooie gelegenheid om het eten aan te vullen.\u00a0Het is zaterdag en ik ben niet zeker of op zondag de winkels open zijn. Weer vind ik zo&#8217;n mini supermarkt, nu wel erg klein. De winkel bestaat uit een rechthoekige ruimte van 20 m lang en ca. 6 m breed. Er zijn maar twee paden. Dus loop je gewoon rond en kom je overal langs.<\/span><\/p>\n<p><span style=\"font-family: arial,helvetica,sans-serif; font-size: 12pt;\">Via de kustweg bereik ik Nuthburn. Deze winter vond ik bij het voorbereiden van de tocht op internet, in de buurt een kleine camping\u00a0 in het plaatsje Hambrook.<\/span><\/p>\n<p><span style=\"font-family: arial,helvetica,sans-serif; font-size: 12pt;\">De camping is een soort boomgaard. Veel structuur is er niet. Een man van ca. 80 jaar zegt dat ik overal mag staan. Het waait nogal vanaf de zee en ik zoek een plekje uit de wind. In de loop van de middag komen er meer caravans. Het bekende tafereel zie ik weer; Man zet caravan neer. Vrouw bekijkt het en vindt dat de caravan wat verder moeten staan. Man, rijdt weer een rondje en vrouw beoordeelt het weer. Dit kan soms een aantal keren doorgaan. Uit eindelijk staan ze bijna op de zelfde plek. Maar wel tevreden.<\/span><\/p>\n<p><span style=\"font-family: arial,helvetica,sans-serif; font-size: 12pt;\">Mijn tentje staat en ik heb gekeken naar vlak terrein,\u00a0waar staat de zon en\u00a0waar\u00a0 komt de wind vandaan. Al snel komt een van de gasten vragen waar ik vandaan kom. Vol ongeloof hoort hij het aan. Dwars door Londen is de grootste verbazing. Ze vinden het een soort kansspel waar ze wel bewondering voor hebben.<\/span><\/p>\n<div id=\"attachment_6051\" style=\"width: 630px\" class=\"wp-caption alignnone\"><a href=\"http:\/\/www.henkopweg.nl\/wp-content\/uploads\/2015-Li-122.jpg\"><img loading=\"lazy\" decoding=\"async\" aria-describedby=\"caption-attachment-6051\" class=\"wp-image-6051 size-full\" src=\"http:\/\/www.henkopweg.nl\/wp-content\/uploads\/2015-Li-122.jpg\" alt=\"2015-Li 122\" width=\"620\" height=\"349\" srcset=\"https:\/\/www.henkopweg.nl\/wp-content\/uploads\/2015-Li-122.jpg 620w, https:\/\/www.henkopweg.nl\/wp-content\/uploads\/2015-Li-122-300x169.jpg 300w\" sizes=\"(max-width: 620px) 100vw, 620px\" \/><\/a><p id=\"caption-attachment-6051\" class=\"wp-caption-text\"><span style=\"font-family: arial,helvetica,sans-serif; font-size: 12pt;\">links de sanitaire ruimte en rechts de keuken.<\/span><\/p><\/div>\n<p><span style=\"font-family: arial,helvetica,sans-serif; font-size: 12pt;\">Mijn bewondering voor het sanitair en wat keuken moet heten is minder. De 2 wc&#8217;s en douches hebben geen enkele associatie met luxe. Gelukkig stel ik niet veel eisen.<\/span><\/p>\n<p><span style=\"font-family: arial,helvetica,sans-serif; font-size: 12pt;\">Ik doe mijn was en zit wat bij de tent, nadat ik eerst op de camping maar weer eens een luie stoel heb gescoord.<\/span><\/p>\n<p><span style=\"font-family: arial,helvetica,sans-serif; font-size: 12pt;\"><a href=\"http:\/\/www.henkopweg.nl\/wp-content\/uploads\/Li-2015-0125.jpg\"><img loading=\"lazy\" decoding=\"async\" class=\"alignnone size-full wp-image-5996\" src=\"http:\/\/www.henkopweg.nl\/wp-content\/uploads\/Li-2015-0125.jpg\" alt=\"Li-2015 0125\" width=\"600\" height=\"338\" srcset=\"https:\/\/www.henkopweg.nl\/wp-content\/uploads\/Li-2015-0125.jpg 600w, https:\/\/www.henkopweg.nl\/wp-content\/uploads\/Li-2015-0125-300x169.jpg 300w\" sizes=\"(max-width: 600px) 100vw, 600px\" \/><\/a><\/span><\/p>\n<p><span style=\"font-family: arial,helvetica,sans-serif; font-size: 12pt;\">Ik kook mijn beroemde spaghetti, drink mijn wijntje en om 22.00 kruip ik in de slaapzak.<\/span><\/p>\n<p><span style=\"font-family: arial,helvetica,sans-serif; font-size: 12pt;\"><strong><span style=\"color: #0000ff;\">&#8230;&#8230;&#8230;&#8230;&#8230;&#8230;&#8230;&#8230;&#8230;&#8230;&#8230;&#8230;&#8230;&#8230;&#8230;&#8230;&#8230;&#8230;&#8230;&#8230;&#8230;&#8230;&#8230;&#8230;&#8230;&#8230;&#8230;&#8230;&#8230;&#8230;&#8230;&#8230;&#8230;&#8230;&#8230;&#8230;&#8230;&#8230;<\/span><\/strong><\/span><\/p>\n<p><span style=\"color: #000088; font-family: arial,helvetica,sans-serif; font-size: 12pt;\">zondag 19 juli 2015<\/span><\/p>\n<p><span style=\"color: #000088; font-family: arial,helvetica,sans-serif; font-size: 12pt;\">4e fietsdag<\/span><\/p>\n<p><span style=\"font-family: arial,helvetica,sans-serif; font-size: 12pt;\"><a href=\"http:\/\/www.henkopweg.nl\/wp-content\/uploads\/12-8-2015-2015-07-19.jpg\"><img loading=\"lazy\" decoding=\"async\" class=\"alignnone size-full wp-image-5711\" src=\"http:\/\/www.henkopweg.nl\/wp-content\/uploads\/12-8-2015-2015-07-19.jpg\" alt=\"12-8-2015 2015-07-19\" width=\"647\" height=\"110\" srcset=\"https:\/\/www.henkopweg.nl\/wp-content\/uploads\/12-8-2015-2015-07-19.jpg 647w, https:\/\/www.henkopweg.nl\/wp-content\/uploads\/12-8-2015-2015-07-19-300x51.jpg 300w\" sizes=\"(max-width: 647px) 100vw, 647px\" \/><\/a><\/span><\/p>\n<p><span style=\"font-family: arial,helvetica,sans-serif; font-size: 12pt;\"><strong><span style=\"color: #0000ff;\">Nutsborn-Pourtsmouth\u00a0 \u00a0\/\u00a0 Cherbourg- Saint-Mere- Eglise<\/span><\/strong><\/span><br \/>\n<span style=\"font-family: arial,helvetica,sans-serif; font-size: 12pt;\"> <strong><span style=\"color: #0000ff;\">60\u00a0km- totaal 335 km\u00a0<\/span><\/strong><\/span><br \/>\n<span style=\"font-family: arial,helvetica,sans-serif; font-size: 12pt;\"> Zondag<\/span><br \/>\n<span style=\"font-family: arial,helvetica,sans-serif; font-size: 12pt;\"> Als ik de camping verlaat is iedereen nog in rust en dat om 10:45 uur. Het is ca. 20 km naar Portsmouth. Ik doe dus lekker kalm aan. Langs de kustweg heb ik zicht op de baai, het Langstone Harbour bij Havant. Het is een getijdengebied met heel veel watervogels. Op de GPS vind ik de route onder snelwegen door. Helaas wordt het mooie uitzicht gestoord door het lawaai van A3(M) snelweg die er pal naast loopt.<a href=\"http:\/\/www.henkopweg.nl\/wp-content\/uploads\/2015-Li-137.jpg\"><img loading=\"lazy\" decoding=\"async\" class=\"alignnone size-full wp-image-6052\" src=\"http:\/\/www.henkopweg.nl\/wp-content\/uploads\/2015-Li-137.jpg\" alt=\"2015-Li 137\" width=\"620\" height=\"349\" srcset=\"https:\/\/www.henkopweg.nl\/wp-content\/uploads\/2015-Li-137.jpg 620w, https:\/\/www.henkopweg.nl\/wp-content\/uploads\/2015-Li-137-300x169.jpg 300w\" sizes=\"(max-width: 620px) 100vw, 620px\" \/><\/a><\/span><\/p>\n<p><span style=\"font-family: arial,helvetica,sans-serif; font-size: 12pt;\">Als ik de kortste route naar Portsmouth zou nemen zou ik veel te vroeg bij de veerboot zijn. Je staat daar te wachten en hebt niets. Om 12:34 uur kom ik in Portsmouth en besluit de kustlijn te volgen naar de zuid-punt van de stad. Op de boulevard is het gezellig druk met wandelaars. Op een bankje neem ik mijn middagmaal en vraag voorbijgangers om een foto te maken. Het zijn inwoners uit Portsmouth en ze geven een tip om een markt te bekijken. Ik bedank ze en zeg dat ik de fiets alleen durf te laten. Ik fiets wel langs het water dan kom ik vanzelf bij de veerboot. De stad heeft aan de kant van de haven ook stadsmuren. Een van de wegen is afgesloten, gelukkig kan ik er op de fiets wel langs. Er is een wandeltocht met duizenden deelnemers tegen kanker. Veel mensen lopen verkleed in roze kleding. Bij de mensen loop ook een jonge vrouw met een onbedekt kaal hoofd. Dit beeld blijft lang in mijn gedachten.<\/span><\/p>\n<div id=\"attachment_6053\" style=\"width: 630px\" class=\"wp-caption alignnone\"><a href=\"http:\/\/www.henkopweg.nl\/wp-content\/uploads\/2015-Li-150.jpg\"><img loading=\"lazy\" decoding=\"async\" aria-describedby=\"caption-attachment-6053\" class=\"wp-image-6053 size-full\" src=\"http:\/\/www.henkopweg.nl\/wp-content\/uploads\/2015-Li-150.jpg\" alt=\"2015-Li 150\" width=\"620\" height=\"349\" srcset=\"https:\/\/www.henkopweg.nl\/wp-content\/uploads\/2015-Li-150.jpg 620w, https:\/\/www.henkopweg.nl\/wp-content\/uploads\/2015-Li-150-300x169.jpg 300w\" sizes=\"(max-width: 620px) 100vw, 620px\" \/><\/a><p id=\"caption-attachment-6053\" class=\"wp-caption-text\"><span style=\"font-family: arial,helvetica,sans-serif; font-size: 12pt;\">Toen ik de foto goed bekeek zag dat de jongen of meisje naast de 1e dame een kunstbeen heeft.<\/span><\/p><\/div>\n<p><span style=\"font-family: arial,helvetica,sans-serif; font-size: 12pt;\">Ook kom ik langs het D-Day museum met de gebruikelijke tanks en pantservoertuigen voor de ingang. De tijd voor een bezoek is echter te kort. Als ik om 14:30 uur bij de haven kom kan ik in de rij opstellen. 15:30 uur mogen we langs de controle van de tickets en dan de douane die wederom geen belangstelling voor mij heeft. Na de douane is het weer opstellen en pas 15:45 \u00a0uur begint het inschepen in de Fast Ferry wat meer dan een uur duurt. 17:20 Uur varen we de haven uit en laat ik Engeland achter mij. De catamaran Fast Ferry haalt op volle zee een snelheid van 63 km per uur. De boot stampt een beetje en ik zie een jonge vrouw gapen en even later met een kotszak lopen. Later is ze echt zeeziek. Ik drink nog maar een pilsje om de laatste Engelse ponden op te maken. Ik heb geen last van zeeziekte alleen van verveling.<\/span><br \/>\n<span style=\"font-family: arial,helvetica,sans-serif; font-size: 12pt;\"> De overtocht gaat snel en 20:30 uur sta ik in Cherbourg buiten het haventerrein. De eerste paal van de markering van de Liberation route staat net buiten de haven. Wat nu? Een camping zoeken kost veel tijd en ik heb vandaag nog weinig gedaan.<\/span><\/p>\n<div id=\"attachment_6054\" style=\"width: 630px\" class=\"wp-caption alignnone\"><a href=\"http:\/\/www.henkopweg.nl\/wp-content\/uploads\/2015-Li-176.jpg\"><img loading=\"lazy\" decoding=\"async\" aria-describedby=\"caption-attachment-6054\" class=\"wp-image-6054 size-full\" src=\"http:\/\/www.henkopweg.nl\/wp-content\/uploads\/2015-Li-176.jpg\" alt=\"2015-Li 176\" width=\"620\" height=\"349\" srcset=\"https:\/\/www.henkopweg.nl\/wp-content\/uploads\/2015-Li-176.jpg 620w, https:\/\/www.henkopweg.nl\/wp-content\/uploads\/2015-Li-176-300x169.jpg 300w\" sizes=\"(max-width: 620px) 100vw, 620px\" \/><\/a><p id=\"caption-attachment-6054\" class=\"wp-caption-text\"><span style=\"font-family: arial,helvetica,sans-serif; font-size: 12pt;\">Begin van de Liberation Route markering van Cherbourg tot Bastogne<\/span><\/p><\/div>\n<p><span style=\"font-family: arial,helvetica,sans-serif; font-size: 12pt;\">Ik besluit op weg te gaan naar Saint-Mare-Eglise volgens mijn berekening ongeveer 38 km. Ik zie wel hoe ver ik kom. Van de haven de stad uit is direct een flinke klim.<\/span><\/p>\n<p><span style=\"font-family: arial,helvetica,sans-serif; font-size: 12pt;\"><a href=\"http:\/\/www.henkopweg.nl\/wp-content\/uploads\/Li-2015-0179.jpg\"><img loading=\"lazy\" decoding=\"async\" class=\"alignleft size-medium wp-image-6022\" src=\"http:\/\/www.henkopweg.nl\/wp-content\/uploads\/Li-2015-0179-300x169.jpg\" alt=\"Li-2015 0179\" width=\"300\" height=\"169\" srcset=\"https:\/\/www.henkopweg.nl\/wp-content\/uploads\/Li-2015-0179-300x169.jpg 300w, https:\/\/www.henkopweg.nl\/wp-content\/uploads\/Li-2015-0179.jpg 620w\" sizes=\"(max-width: 300px) 100vw, 300px\" \/><br \/>\n<\/a><\/span><br \/>\n<span style=\"font-family: arial,helvetica,sans-serif; font-size: 12pt;\"> De route loopt over de N13 waar ik de eerste palen van de Liberation Route zie staan. Tegen 21.30 uur begint het donkere te worden. Ik heb mijn gele jack aan, de achter lichten van de fiets en het achterlichtje op de helm, voor de koplamp en mijn hoofdlampje om de GPS te kunnen kijken. Een enkele auto toetert. Ik weet niet waarom. Volgens mijn informatie mag je daar fietsen, maar het zal wel niet gebruikelijk zijn. Om 22.30 uur ben ik in het centrum van Saint-Mare-Eglise en zie de parachute en pop, John Steel voorstellende aan kerk hangen. Net buiten het dorp is de camping. Er is natuurlijk niemand en ik fiets langs de slagboom en zoek een plekje bij de toiletten. Om 23:00 uur kan ik de slaapzak in. Tot zover loopt alles volgens plan en morgen een rustige dag om de stranden van Normandi\u00eb te bekijken.<\/span><\/p>\n<p><span style=\"font-family: arial,helvetica,sans-serif; font-size: 12pt;\"><strong><span style=\"color: #0000ff;\">&#8230;&#8230;&#8230;&#8230;&#8230;&#8230;&#8230;&#8230;&#8230;&#8230;&#8230;&#8230;&#8230;&#8230;&#8230;&#8230;&#8230;&#8230;&#8230;&#8230;&#8230;&#8230;&#8230;&#8230;&#8230;&#8230;&#8230;&#8230;&#8230;&#8230;&#8230;&#8230;&#8230;&#8230;&#8230;&#8230;&#8230;&#8230;<br \/>\n<span style=\"color: #000088; font-family: arial,helvetica,sans-serif; font-size: 12pt;\">maandag 20\u00a0juli 2015<\/span><\/span><\/strong><\/span><\/p>\n<p><span style=\"color: #000088; font-family: arial,helvetica,sans-serif; font-size: 12pt;\">5e fietsdag<\/span><\/p>\n<p><span style=\"font-family: arial,helvetica,sans-serif; font-size: 12pt;\"><a href=\"http:\/\/www.henkopweg.nl\/wp-content\/uploads\/12-8-2015-2015-07-20.jpg\"><img loading=\"lazy\" decoding=\"async\" class=\"alignnone size-full wp-image-5712\" src=\"http:\/\/www.henkopweg.nl\/wp-content\/uploads\/12-8-2015-2015-07-20.jpg\" alt=\"12-8-2015 2015-07-20\" width=\"646\" height=\"107\" srcset=\"https:\/\/www.henkopweg.nl\/wp-content\/uploads\/12-8-2015-2015-07-20.jpg 646w, https:\/\/www.henkopweg.nl\/wp-content\/uploads\/12-8-2015-2015-07-20-300x50.jpg 300w\" sizes=\"(max-width: 646px) 100vw, 646px\" \/><\/a><\/span><\/p>\n<p><span style=\"font-family: arial,helvetica,sans-serif; font-size: 12pt;\"><strong><span style=\"color: #0000ff;\">Saint-Mere-Eglise &#8211; Colleville-sur Mare<\/span><\/strong><\/span><br \/>\n<span style=\"font-family: arial,helvetica,sans-serif; font-size: 12pt;\"> <strong><span style=\"color: #0000ff;\">62 km- totaal 397\u00a0km<\/span><\/strong><\/span><\/p>\n<p><span style=\"font-family: arial,helvetica,sans-serif; font-size: 12pt;\">Gisteravond kwam ik in het donker om 22:30 uur op de camping. Als ik &#8217;s morgens om 08:50 uur van de camping fiets is er nog niemand bij de receptie en bedank ik ze symbolisch voor het gratis verblijf. \u00a0St. Mare-Eglise kreeg bekendheid door de Airborne soldaat \u00a0<a href=\"https:\/\/nl.wikipedia.org\/wiki\/John_Steele\" target=\"_blank\" rel=\"noopener\">John Steele<\/a> die bij de nachtelijke dropping met zijn parachute aan de kerk beleef hangen.<\/span><\/p>\n<div id=\"attachment_6023\" style=\"width: 630px\" class=\"wp-caption alignnone\"><a href=\"http:\/\/www.henkopweg.nl\/wp-content\/uploads\/Li-2015-0180.jpg\"><img loading=\"lazy\" decoding=\"async\" aria-describedby=\"caption-attachment-6023\" class=\"size-full wp-image-6023\" src=\"http:\/\/www.henkopweg.nl\/wp-content\/uploads\/Li-2015-0180.jpg\" alt=\"De kerktoren met parachutist John Steel\" width=\"620\" height=\"349\" srcset=\"https:\/\/www.henkopweg.nl\/wp-content\/uploads\/Li-2015-0180.jpg 620w, https:\/\/www.henkopweg.nl\/wp-content\/uploads\/Li-2015-0180-300x169.jpg 300w\" sizes=\"(max-width: 620px) 100vw, 620px\" \/><\/a><p id=\"caption-attachment-6023\" class=\"wp-caption-text\"><span style=\"font-family: arial,helvetica,sans-serif; font-size: 12pt;\">De kerktoren met parachutist John Steel<\/span><\/p><\/div>\n<p><span style=\"font-family: arial,helvetica,sans-serif; font-size: 12pt;\">Naast het kerkplein is het eerste van vele <a href=\"http:\/\/www.airborne-museum.org\/en\/\" target=\"_blank\" rel=\"noopener\">oorlogsmuseums<\/a> op mijn Liberation Route.<\/span><\/p>\n<p><span style=\"font-family: arial,helvetica,sans-serif; font-size: 12pt;\">Het is de N13 die ik gisteravond fietste, die ik nu vanaf St. Mare-Eglise niet op mag, omdat het een autosnelweg is. Ik twijfel nu of ik gisteravond er wel op mocht. Nu fiets ik in motregen op de D913 parallel \u00a0aan de N13 naar Carantan.<\/span><\/p>\n<p><span style=\"font-family: arial,helvetica,sans-serif; font-size: 12pt;\">Bij Le Haut L&#8217;Amont is het <a href=\"http:\/\/www.paratrooper-museum.org\/nl\/dead-man-s-corner.html\" target=\"_blank\" rel=\"noopener\">Deads man corner Museum. <\/a> Een pakkende naam. \u00a0Ik ben er al vroeg en het museum is nog gesloten.<\/span><br \/>\n<span style=\"font-family: arial,helvetica,sans-serif; font-size: 12pt;\"> <a href=\"http:\/\/www.tripadvisor.nl\/Attraction_Review-g2049005-d615014-Reviews-D_Day_Paratrooper_Historical_Center_Dead_Man_s_Corner_Museum-Saint_Come_du_Mont_M.html\" target=\"_blank\" rel=\"noopener\">Info Dead Mans Corner museum<\/a><\/span><\/p>\n<p><span style=\"font-family: arial,helvetica,sans-serif; font-size: 12pt;\">Om 10:33 uur kom ik in Carantan op het het industrieterrein haal ik bij een supermarkt mijn dagvoorraad eten. Van gisteren in Engeland is niet veel over. Melk, brood, worst en kaas worden aangevuld en bij het station in het centrum vind ik een bank en neem bijna een uur pauze.<\/span><\/p>\n<p><span style=\"font-family: arial,helvetica,sans-serif; font-size: 12pt;\">Een man en vrouw, rond 40 jaar,\u00a0kijken met belangstelling naar de fiets en\u00a0dan\u00a0begint het gesprek. Ze wonen in Hongkong. Hij is Engelsman en zij Fran\u00e7aise en hebben ook nog een huis en familie in Frankrijk. Ik leg mijn verhaal en bedoeling nog maar eens uit, ze zijn vol belangstelling. Na mijn rustige ochtend ontbijt kijk ik even op de markt en dan fiets ik de stad uit richting <a href=\"https:\/\/en.wikipedia.org\/wiki\/Grandcamp-Maisy\" target=\"_blank\" rel=\"noopener\">Grandcamp Maisy<\/a>\u00a0 \u00a0aan de kust met het Utah-strand. Hier was in de oorlog een zeer uitgebreid ondergronds bunker complex.<\/span><\/p>\n<div id=\"attachment_6024\" style=\"width: 630px\" class=\"wp-caption alignnone\"><a href=\"http:\/\/www.henkopweg.nl\/wp-content\/uploads\/Li-2015-0191.jpg\"><img loading=\"lazy\" decoding=\"async\" aria-describedby=\"caption-attachment-6024\" class=\"wp-image-6024 size-full\" src=\"http:\/\/www.henkopweg.nl\/wp-content\/uploads\/Li-2015-0191.jpg\" alt=\"Li-2015 0191\" width=\"620\" height=\"349\" srcset=\"https:\/\/www.henkopweg.nl\/wp-content\/uploads\/Li-2015-0191.jpg 620w, https:\/\/www.henkopweg.nl\/wp-content\/uploads\/Li-2015-0191-300x169.jpg 300w\" sizes=\"(max-width: 620px) 100vw, 620px\" \/><\/a><p id=\"caption-attachment-6024\" class=\"wp-caption-text\"><span style=\"font-family: arial,helvetica,sans-serif; font-size: 12pt;\">Het wereld vrede monument.<\/span><\/p><\/div>\n<p><span style=\"font-family: arial,helvetica,sans-serif; font-size: 12pt;\">Aan de rand het dorp is midden in de weg een klein parkje, daar staat een gigantisch groot beeld als monument\u00a0het\u00a0\u00a0<a href=\"http:\/\/www.travelfranceonline.com\/world-peace-statue-in-grandcamp-maisy\/\" target=\"_blank\" rel=\"noopener\">World Peace Stateu,<\/a> Een meters hoge roestvrij stalen engel met een duif in de hand. World Peace Statue, is gift van de Chineese kunstenaar Yao Yuan<\/span><\/p>\n<p><span style=\"font-family: arial,helvetica,sans-serif; font-size: 12pt;\">Een paar kilometer buiten Grandcamp Maisy kom ik bij <a href=\"https:\/\/nl.wikipedia.org\/wiki\/Pointe_du_Hoc\" target=\"_blank\" rel=\"noopener\">Pointe du Hoc<\/a>. Een plaats waar de Rangers, of zoals wij in het Nederlands zeggen, de commando&#8217;s, tegen de rotsen omhoog moesten om de bunkers aan te vallen.<\/span><\/p>\n<p><span style=\"font-family: arial,helvetica,sans-serif; font-size: 12pt;\">Als oud commando heeft deze plaats voor mij een bijzondere betekenis. Toen ik in 1963 bij de Commando&#8217;s in Roosendaal was en de groene baret had, was ik 19 jaar oud en ongeveer in de zelfde\u00a0 leeftijd als de meeste Rangers. Wij waren nergens bang voor, maar hier was het echt oorlog en van de\u00a0200 Rangers die op het strand landden waren aan het einde van de dag nog 90\u00a0in leven. Als je de bunkers en rotsen ziet begrijp je hoe moeilijk het was om deze plaats te veroveren. Vanaf de parkeerplaats\u00a0lopen paden naar de bunkers die over de zee uitkijken.<\/span><br \/>\n<span style=\"font-family: arial,helvetica,sans-serif; font-size: 12pt;\"> <a href=\"http:\/\/www.henkopweg.nl\/wp-content\/uploads\/Li-2015-0208.jpg\"><img loading=\"lazy\" decoding=\"async\" class=\"alignnone size-full wp-image-6028\" src=\"http:\/\/www.henkopweg.nl\/wp-content\/uploads\/Li-2015-0208.jpg\" alt=\"Li-2015 0208\" width=\"620\" height=\"349\" srcset=\"https:\/\/www.henkopweg.nl\/wp-content\/uploads\/Li-2015-0208.jpg 620w, https:\/\/www.henkopweg.nl\/wp-content\/uploads\/Li-2015-0208-300x169.jpg 300w\" sizes=\"(max-width: 620px) 100vw, 620px\" \/><\/a><\/span><\/p>\n<p><span style=\"font-family: arial,helvetica,sans-serif; font-size: 12pt;\"><a href=\"http:\/\/www.henkopweg.nl\/wp-content\/uploads\/Li-2015-0207.jpg\"><img loading=\"lazy\" decoding=\"async\" class=\"alignnone size-full wp-image-6027\" src=\"http:\/\/www.henkopweg.nl\/wp-content\/uploads\/Li-2015-0207.jpg\" alt=\"Li-2015 0207\" width=\"620\" height=\"349\" srcset=\"https:\/\/www.henkopweg.nl\/wp-content\/uploads\/Li-2015-0207.jpg 620w, https:\/\/www.henkopweg.nl\/wp-content\/uploads\/Li-2015-0207-300x169.jpg 300w\" sizes=\"(max-width: 620px) 100vw, 620px\" \/><\/a><\/span><\/p>\n<p><span style=\"font-family: arial,helvetica,sans-serif; font-size: 12pt;\">Rond de bunkers zijn de inslagen van de bommen van de slagschepen nog te zien als 4 m diepe kraters. Het moet hier een hel geweest zijn. Een plek om nu een rustig moment\u00a0te nemen.<\/span><\/p>\n<p><span style=\"font-family: arial,helvetica,sans-serif; font-size: 12pt;\"><a href=\"http:\/\/www.henkopweg.nl\/wp-content\/uploads\/Li-2015-0206.jpg\"><img loading=\"lazy\" decoding=\"async\" class=\"wp-image-6026 size-full\" src=\"http:\/\/www.henkopweg.nl\/wp-content\/uploads\/Li-2015-0206.jpg\" alt=\"Een moment overdenken bij Point du Hoc.\" width=\"620\" height=\"349\" srcset=\"https:\/\/www.henkopweg.nl\/wp-content\/uploads\/Li-2015-0206.jpg 620w, https:\/\/www.henkopweg.nl\/wp-content\/uploads\/Li-2015-0206-300x169.jpg 300w\" sizes=\"(max-width: 620px) 100vw, 620px\" \/><\/a><\/span><\/p>\n<p><span style=\"font-family: arial,helvetica,sans-serif; font-size: 12pt;\"><a href=\"http:\/\/www.henkopweg.nl\/wp-content\/uploads\/Li-2015-0199.jpg\"><img loading=\"lazy\" decoding=\"async\" class=\"alignnone size-full wp-image-6025\" src=\"http:\/\/www.henkopweg.nl\/wp-content\/uploads\/Li-2015-0199.jpg\" alt=\"Li-2015 0199\" width=\"620\" height=\"349\" srcset=\"https:\/\/www.henkopweg.nl\/wp-content\/uploads\/Li-2015-0199.jpg 620w, https:\/\/www.henkopweg.nl\/wp-content\/uploads\/Li-2015-0199-300x169.jpg 300w\" sizes=\"(max-width: 620px) 100vw, 620px\" \/><\/a><\/span><br \/>\n<span style=\"font-family: arial,helvetica,sans-serif; font-size: 12pt;\"> Bij Vierville sur Mer daal ik af naar het <a href=\"https:\/\/www.google.nl\/search?q=grandcamp+maisy+bezienswaardigheden&amp;sa=X&amp;biw=1239&amp;bih=619&amp;tbm=isch&amp;tbo=u&amp;source=univ&amp;ved=0CDoQsARqFQoTCNui6IqFp8cCFYfpFAodQGYAjw&amp;dpr=1#imgrc=eOCLZwLxYZuR7M%3A\" target=\"_blank\" rel=\"noopener\">Omaha strand<\/a>\u00a0 en fiets langs de boulevard. Weer op de D514 kom ik bij\u00a0de camping in Collevile sur Mer. &#8217;s Avonds loop ik de camping af en een paar honderd meter achter de camping liggen al weer bunkers die over de zee kijken.<\/span><\/p>\n<p><span style=\"font-family: arial,helvetica,sans-serif; font-size: 12pt;\"><a href=\"http:\/\/www.henkopweg.nl\/wp-content\/uploads\/Li-2015-0226.jpg\"><img loading=\"lazy\" decoding=\"async\" class=\"alignnone size-full wp-image-6029\" src=\"http:\/\/www.henkopweg.nl\/wp-content\/uploads\/Li-2015-0226.jpg\" alt=\"Li-2015 0226\" width=\"620\" height=\"349\" srcset=\"https:\/\/www.henkopweg.nl\/wp-content\/uploads\/Li-2015-0226.jpg 620w, https:\/\/www.henkopweg.nl\/wp-content\/uploads\/Li-2015-0226-300x169.jpg 300w\" sizes=\"(max-width: 620px) 100vw, 620px\" \/><\/a><\/span><\/p>\n<p><span style=\"font-family: arial,helvetica,sans-serif; font-size: 12pt;\"><strong><span style=\"color: #0000ff;\">&#8230;&#8230;&#8230;&#8230;&#8230;&#8230;&#8230;&#8230;&#8230;&#8230;&#8230;&#8230;&#8230;&#8230;&#8230;&#8230;&#8230;&#8230;&#8230;&#8230;&#8230;&#8230;&#8230;&#8230;&#8230;&#8230;&#8230;&#8230;&#8230;&#8230;&#8230;&#8230;&#8230;&#8230;&#8230;&#8230;&#8230;&#8230;<\/span><\/strong><\/span><\/p>\n<p><span style=\"color: #000088; font-family: arial,helvetica,sans-serif; font-size: 12pt;\">dinsdag 21 juli 2015<\/span><\/p>\n<p><span style=\"color: #000088; font-family: arial,helvetica,sans-serif; font-size: 12pt;\">6e fietsdag<\/span><\/p>\n<p><span style=\"font-family: arial,helvetica,sans-serif; font-size: 12pt;\"><a href=\"http:\/\/www.henkopweg.nl\/wp-content\/uploads\/12-8-2015-19-02-13.jpg\"><img loading=\"lazy\" decoding=\"async\" class=\"alignnone size-full wp-image-5691\" src=\"http:\/\/www.henkopweg.nl\/wp-content\/uploads\/12-8-2015-19-02-13.jpg\" alt=\"12-8-2015 19-02-13\" width=\"628\" height=\"138\" srcset=\"https:\/\/www.henkopweg.nl\/wp-content\/uploads\/12-8-2015-19-02-13.jpg 628w, https:\/\/www.henkopweg.nl\/wp-content\/uploads\/12-8-2015-19-02-13-300x66.jpg 300w\" sizes=\"(max-width: 628px) 100vw, 628px\" \/><\/a><\/span><\/p>\n<p><span style=\"color: #000088; font-family: arial,helvetica,sans-serif; font-size: 12pt;\">Colleville-sur Mare &#8211; Clinchamp sur Orne<\/span><br \/>\n<span style=\"color: #000088; font-family: arial,helvetica,sans-serif; font-size: 12pt;\">91 km- totaal 488km<\/span><\/p>\n<p><span style=\"color: #000088; font-family: arial,helvetica,sans-serif; font-size: 12pt;\">Begraafplaats<\/span><br \/>\n<span style=\"font-family: arial,helvetica,sans-serif; font-size: 12pt;\"> Gisteren ben ik niet meer naar de Amerikaanse erebegraafplaats geweest. Het is een gemiste kans om het niet te doen. Om 08:32 uur fiets ik door de achteringang van de camping. Via een smalle weg daal ik af naar het strand, waar een monument van de 1e U.S infanterie divisie staat die hier landde.<a href=\"http:\/\/www.henkopweg.nl\/wp-content\/uploads\/Li-2015-0229.jpg\"><img loading=\"lazy\" decoding=\"async\" class=\"alignnone size-full wp-image-6065\" src=\"http:\/\/www.henkopweg.nl\/wp-content\/uploads\/Li-2015-0229.jpg\" alt=\"Li-2015 0229\" width=\"2916\" height=\"1643\" \/><\/a><\/span><\/p>\n<p><span style=\"font-family: arial,helvetica,sans-serif; font-size: 12pt;\">Vanaf het strand moet ik weer omhoog naar de <a href=\"http:\/\/liberationroute.nl\/frankrijk\/bezienswaardigheid\/normandy-american-cemetery\" target=\"_blank\" rel=\"noopener\">begraafplaats<\/a>. Op de begraafplaats liggen 9.387 soldaten.<\/span><br \/>\n<span style=\"font-family: arial,helvetica,sans-serif; font-size: 12pt;\"> De zoon van president Roosevelt en de broer van Franklin Roosevelt die in 1918 in Frankrijk sneuvelde sneuvelde zijn de meest bekende namen.<\/span><br \/>\n<span style=\"font-family: arial,helvetica,sans-serif; font-size: 12pt;\"> Theodore Roosevelt JR, Brigade General US Army, New York, July 12, 1944 Medal of Honor&#8217;.<\/span><br \/>\n<span style=\"font-family: arial,helvetica,sans-serif; font-size: 12pt;\"> Naast dit graf ligt het graf van zijn broer Quintin Roosevelt, gesneuveld op 14 juli 1918. Het is het enige graf van de Eerste Wereldoorlog op de begraafplaats.<\/span><br \/>\n<span style=\"font-family: arial,helvetica,sans-serif; font-size: 12pt;\"> De begraafplaats maakt door zijn omvang een overweldigende indruk.<a href=\"http:\/\/www.henkopweg.nl\/wp-content\/uploads\/2015-Li-228.jpg\"><img loading=\"lazy\" decoding=\"async\" class=\"alignnone size-full wp-image-6064\" src=\"http:\/\/www.henkopweg.nl\/wp-content\/uploads\/2015-Li-228.jpg\" alt=\"2015-Li 228\" width=\"620\" height=\"349\" srcset=\"https:\/\/www.henkopweg.nl\/wp-content\/uploads\/2015-Li-228.jpg 620w, https:\/\/www.henkopweg.nl\/wp-content\/uploads\/2015-Li-228-300x169.jpg 300w\" sizes=\"(max-width: 620px) 100vw, 620px\" \/><\/a><\/span><br \/>\n<span style=\"font-family: arial,helvetica,sans-serif; font-size: 12pt;\"> Na het bezoek aan de begraafplaats kom ik langs het \u00a0<a href=\"http:\/\/www.overlordmuseum.com\/en\/museum\/\" target=\"_blank\" rel=\"noopener\">Overlord museum<\/a><\/span><br \/>\n<span style=\"font-family: arial,helvetica,sans-serif; font-size: 12pt;\"> Om 9:54 uur ben ik weer D514 en vervolg mijn route, waarbij ik weer langs de camping kom. De hele route van Colleville sur Mer naar Arromanches staat in het teken van D-Day. Overal op de huizen hangen Amerikaanse-, Engelse-, Canadese- en Franse- vlaggetjes.<\/span><br \/>\n<span style=\"font-family: arial,helvetica,sans-serif; font-size: 12pt;\"> Van de straat boven op de klifkust daal ik af naar Arromanches en heb direct zicht op de overblijfselen van de <a href=\"https:\/\/nl.wikipedia.org\/wiki\/Mulberryhaven_van_Arromanches-les-Bains\" target=\"_blank\" rel=\"noopener\">kunstmatige haven van Arromanches<\/a> die men na D-Day hier heeft aangelegd.<\/span><\/p>\n<p><span style=\"font-family: arial,helvetica,sans-serif; font-size: 12pt;\">In de stad aan het strand ligt het <a href=\"http:\/\/www.musee-arromanches.fr\/presentation\/\" target=\"_blank\" rel=\"noopener\">Landingsmuseum<\/a> wat ik jaren geleden al eens heb bezocht. Na het bezoek aan de stad moet ik weer omhoog. E\u00e9nmaal boven kom ik bij een voor mij nieuw museum met een <a href=\"http:\/\/www.arromanches360.com\/en\/\" target=\"_blank\" rel=\"noopener\">Arromanche 360 graden film<\/a>. Het is zeer druk met vakantieganger. Ook hier zou ik wel eens de film willen zien, maar het idee om de fiets zolang buiten te laten staan weerhoud mij er van.<a href=\"http:\/\/www.henkopweg.nl\/wp-content\/uploads\/Li-2015-0244-kopie.jpg\"><img loading=\"lazy\" decoding=\"async\" class=\"alignnone size-full wp-image-6034\" src=\"http:\/\/www.henkopweg.nl\/wp-content\/uploads\/Li-2015-0244-kopie.jpg\" alt=\"Li-2015 0244 - kopie\" width=\"620\" height=\"349\" srcset=\"https:\/\/www.henkopweg.nl\/wp-content\/uploads\/Li-2015-0244-kopie.jpg 620w, https:\/\/www.henkopweg.nl\/wp-content\/uploads\/Li-2015-0244-kopie-300x169.jpg 300w\" sizes=\"(max-width: 620px) 100vw, 620px\" \/><\/a><\/span><\/p>\n<p><span style=\"color: #0000ff; font-family: arial,helvetica,sans-serif; font-size: 12pt;\">Die is gek!<\/span><br \/>\n<span style=\"font-family: arial,helvetica,sans-serif; font-size: 12pt;\"> De route gaat verder langs de kust. Bij Courseulles-sur-Mer fiets ik langs de haven en door de stad. De weg\u00a0die mijn GPS \u00a0aangeeft richting Berni\u00e9re-sur-Mer is afgesloten. Direct langs het strand loopt wel een pad. Na een kilometer is het pad volledig onder het duinzand gestoven. Er is niet meer te fietsen en zelfs lopen is uiterst moeilijk. Toch zie ik de huizen van Berni\u00e9re-sur-Mer en ploeter voort. Bij\u00a0Colleville-Montgomery verlaat ik de kust en volg het fietspad langs het Canal de Caen A la Mer bij B\u00e9nauville heb ik mijn dag-route er na 76 km op zitten. Ik ga naar camping Le Haute Coutures in Benouville.<\/span><br \/>\n<span style=\"font-family: arial,helvetica,sans-serif; font-size: 12pt;\"> Zo te zien nogal een luxe camping en daar komt deze Euro-zwerver met zijn fiets bij de receptie.<\/span><br \/>\n<span style=\"font-family: arial,helvetica,sans-serif; font-size: 12pt;\"> E\u00e9n persoon, \u00e9\u00e9n tentje, voor \u00e9\u00e9n nacht geef ik aan. De dame haalt er een jongeman bij en die spreekt Engels. Ik maak hem duidelijk wat mijn bedoeling is en dan zegt de jonge man:&#8221;wij boeken alleen voor minimaal twee nachten.&#8221; Ik werp nog tegen dat ik morgen weer vroeg weg ben en alleen een klein stukje gras nodig heb. Nee, twee nachten is de opdracht van de baas. Ik kan het niet nalaten om te zeggen dat ik dit nog nooit heb meegemaakt. De jongeman blijft bij zijn standpunt en daarom zeg ik hem maar dat zijn baas gek is. Hij kan er wel om lachen. Het is triest. Net als buiten waar de lichte regen uit de hemel valt. De jonge man maakt mij attent op een camping 4 km terug, maar daar heb ik geen zin in.<\/span><\/p>\n<p><span style=\"color: #0000ff; font-family: arial,helvetica,sans-serif; font-size: 12pt;\">Verder<\/span><br \/>\n<span style=\"font-family: arial,helvetica,sans-serif; font-size: 12pt;\"> Met regenkleding aan bezoek ik de Pegasus Bridge en kijk bij het museum <a href=\"https:\/\/nl.wikipedia.org\/wiki\/Pegasusbrug\" target=\"_blank\" rel=\"noopener\">Pegasusbrug<\/a> die een belangrijke rol speelde bij de bevrijding.<a href=\"http:\/\/www.henkopweg.nl\/wp-content\/uploads\/Li-2015-0252.jpg\"><img loading=\"lazy\" decoding=\"async\" class=\"alignnone size-full wp-image-6066\" src=\"http:\/\/www.henkopweg.nl\/wp-content\/uploads\/Li-2015-0252.jpg\" alt=\"Li-2015 0252\" width=\"2916\" height=\"1643\" \/><\/a><\/span><\/p>\n<p><span style=\"font-family: arial,helvetica,sans-serif; font-size: 12pt;\">Het weer is echter triest en ik moet om 16:00 uur bedenken naar welke camping ik zal gaan. Ik denk dat bij Caen wel een camping moet zijn. Ik heb nu 67 km gereden en van boosheid zullen de overige kilometers ook wel lukken. Vlak voor Cean is de lucht weer geklaard en de zon schijnt. In een parkje aan het kanaal is een bankje en daar zoek ik op mijn GPS naar campings. Ik vind een camping ca 10 km zuid van Caen. Dat moet dan naar! Het is nog 24 km extra en in de avondspits door Caen is ook geen probleem.<\/span><\/p>\n<p><span style=\"color: #0000ff; font-family: arial,helvetica,sans-serif; font-size: 12pt;\">Bedrijfsbusjes<\/span><br \/>\n<span style=\"font-family: arial,helvetica,sans-serif; font-size: 12pt;\"> <a href=\"http:\/\/www.henkopweg.nl\/wp-content\/uploads\/15-8-2015-12-22-31.jpg\"><img loading=\"lazy\" decoding=\"async\" class=\"alignleft size-medium wp-image-5801\" src=\"http:\/\/www.henkopweg.nl\/wp-content\/uploads\/15-8-2015-12-22-31-300x168.jpg\" alt=\"15-8-2015 12-22-31\" width=\"300\" height=\"168\" srcset=\"https:\/\/www.henkopweg.nl\/wp-content\/uploads\/15-8-2015-12-22-31-300x168.jpg 300w, https:\/\/www.henkopweg.nl\/wp-content\/uploads\/15-8-2015-12-22-31.jpg 617w\" sizes=\"(max-width: 300px) 100vw, 300px\" \/><\/a>Langs het kanaal kom ik eerst door een verlopen havengebied. Het voelt niet prettig en als ik drie busjes vlak bij elkaar zie staan, met achter het stuur jonge zwarte vrouwen, dan gaat bij mij het lampje aan; het zijn publieke vrouwen die het busje als peeskamer gebruiken. Dat zijn nog eens echte bedrijfsbusjes. De dames zien in mij geen potenti\u00eble klant en tonen geen enkele belangstelling. Ze kijken mij wat vreemd aan en dat is wederzijds. Ik moet hier weg en kom in het centrum.<\/span><\/p>\n<p><span style=\"color: #0000ff; font-family: arial,helvetica,sans-serif; font-size: 12pt;\">Koffie<\/span><br \/>\n<span style=\"font-family: arial,helvetica,sans-serif; font-size: 12pt;\"> De GPS bewijst mij goede diensten en geeft de route aan. Als ik de stad uit fiets, fietst er een jonge vrouw van half 30 jaar met een kinderzitje achterop naast mij en in het Frans vraagt ze mij waar ik vandaan kom en heen ga. Ik wijs op mijn sticker en geef de route aan. Ze vraagt of ik mee ga voor een kop koffie. Ik maak haar duidelijk dat ik nog naar een camping moet en bedank daarvoor. We zwaaien nog vriendelijk naar elkaar. Een kilometer verder heb ik al spijt van mijn nee. Mogelijk had ze een huis met tuin en had ik daar kunnen overnachten in mijn tentje en zo bedenk ik nog meer wat ik gemist heb. <\/span><\/p>\n<p><span style=\"font-family: arial,helvetica,sans-serif; font-size: 12pt;\">Na 24 km extra en in totaal 91 km kom ik om op een boerencamping A la Ferm, Du Bout de la ville- Clinchamps-sur-Orne. Dat is nog eens een naam voor een boeren-camping. Er is geen aanmelding en ik zoek een plekje. Om 18:20 uur komt de boer langs en zegt dat de inschrijving open is.<\/span><br \/>\n<span style=\"font-family: arial,helvetica,sans-serif; font-size: 12pt;\"> Voor 6 euro kan ik overnachten en voor 2 euro 50 neem ik nog een fles Cider mee. Met een knal vier ik mijn nieuwe luxe boerencamping voor \u00e9\u00e9n nacht. Een korte rit van 67 km is toch nog 91 km geworden. Maar ook deze tegenslag\u00a0heb ik weer overwonnen.<\/span><\/p>\n<p><span style=\"font-family: arial,helvetica,sans-serif; font-size: 12pt;\"><span style=\"color: #0000ff;\">&#8230;&#8230;&#8230;&#8230;&#8230;&#8230;&#8230;&#8230;&#8230;&#8230;&#8230;&#8230;&#8230;&#8230;&#8230;&#8230;&#8230;&#8230;&#8230;&#8230;&#8230;&#8230;&#8230;&#8230;&#8230;&#8230;&#8230;&#8230;&#8230;&#8230;&#8230;&#8230;&#8230;&#8230;&#8230;&#8230;&#8230;&#8230;<br \/>\nwoensdag 22 juli 2015<\/span><\/span><\/p>\n<p><span style=\"color: #000088; font-family: arial,helvetica,sans-serif; font-size: 12pt;\">7e fietsdag<\/span><\/p>\n<p><span style=\"font-family: arial,helvetica,sans-serif; font-size: 12pt;\"><a href=\"http:\/\/www.henkopweg.nl\/wp-content\/uploads\/12-8-2015-2015-07-22.jpg\"><img loading=\"lazy\" decoding=\"async\" class=\"alignnone size-full wp-image-5693\" src=\"http:\/\/www.henkopweg.nl\/wp-content\/uploads\/12-8-2015-2015-07-22.jpg\" alt=\"12-8-2015 2015-07-22\" width=\"644\" height=\"113\" srcset=\"https:\/\/www.henkopweg.nl\/wp-content\/uploads\/12-8-2015-2015-07-22.jpg 644w, https:\/\/www.henkopweg.nl\/wp-content\/uploads\/12-8-2015-2015-07-22-300x53.jpg 300w\" sizes=\"(max-width: 644px) 100vw, 644px\" \/><\/a><\/span><\/p>\n<p><span style=\"font-family: arial,helvetica,sans-serif; font-size: 12pt;\"><strong><span style=\"color: #0000ff;\">Clinchamp sur Orne -Gace<\/span><\/strong><\/span><br \/>\n<span style=\"font-family: arial,helvetica,sans-serif; font-size: 12pt;\"> <span style=\"color: #0000ff;\">85\u00a0km- totaal 573\u00a0km<\/span><\/span><\/p>\n<p><span style=\"color: #0000ff; font-family: arial,helvetica,sans-serif; font-size: 12pt;\">De zak van Falaise<\/span><br \/>\n<span style=\"font-family: arial,helvetica,sans-serif; font-size: 12pt;\"> Om 7 uur verlaat ik de boerencamping en moet ik de route naar Falaise weer opzoeken.<\/span><br \/>\n<span style=\"font-family: arial,helvetica,sans-serif; font-size: 12pt;\"> Als ik het beeld van de GPS kaart uitzoom kan ik de route zien. Ik moet ca 10 km naar het oosten.<\/span><br \/>\n<span style=\"font-family: arial,helvetica,sans-serif; font-size: 12pt;\"> In Fantenay-le Marmion is een bakker open en koop ik snel een stokbrood. Dit geeft een prachtige foto met een stokbrood achter op de fiets.<a href=\"http:\/\/www.henkopweg.nl\/wp-content\/uploads\/Li-2015-0253.jpg\"><img loading=\"lazy\" decoding=\"async\" class=\"alignnone size-full wp-image-6039\" src=\"http:\/\/www.henkopweg.nl\/wp-content\/uploads\/Li-2015-0253.jpg\" alt=\"Li-2015 0253\" width=\"620\" height=\"349\" srcset=\"https:\/\/www.henkopweg.nl\/wp-content\/uploads\/Li-2015-0253.jpg 620w, https:\/\/www.henkopweg.nl\/wp-content\/uploads\/Li-2015-0253-300x169.jpg 300w\" sizes=\"(max-width: 620px) 100vw, 620px\" \/><\/a><\/span><br \/>\n<span style=\"font-family: arial,helvetica,sans-serif; font-size: 12pt;\"> Het is nog te vroeg voor ontbijt, want ik wil eerst weer op de route zitten. Na wat zoeken kom ik in Saint-Aignam-de Cromesnil een dorpje met een kasteel in een park. Ik besef nog niet wat deze plaats betekend op mijn route. Buiten het dorp wordt het duidelijk.<\/span><\/p>\n<p><span style=\"font-family: arial,helvetica,sans-serif; font-size: 12pt;\"><a href=\"http:\/\/www.henkopweg.nl\/wp-content\/uploads\/Li-2015-02551.jpg\"><img loading=\"lazy\" decoding=\"async\" class=\"wp-image-6040 size-full\" src=\"http:\/\/www.henkopweg.nl\/wp-content\/uploads\/Li-2015-02551.jpg\" alt=\"Li-2015 0255\" width=\"620\" height=\"349\" srcset=\"https:\/\/www.henkopweg.nl\/wp-content\/uploads\/Li-2015-02551.jpg 620w, https:\/\/www.henkopweg.nl\/wp-content\/uploads\/Li-2015-02551-300x169.jpg 300w\" sizes=\"(max-width: 620px) 100vw, 620px\" \/><\/a><\/span><\/p>\n<div class=\"wp-caption-dd\"><span style=\"font-family: arial,helvetica,sans-serif; font-size: 12pt;\">Deel van de toespraak 2014, bij met monument, met oud strijders: &#8220;Dank, wij zullen u nooit vergeten.&#8221; Pascal Lecoeur, burgemeester van Saint Aignan de Cramesnil<\/span><\/div>\n<p><span style=\"font-family: arial,helvetica,sans-serif; font-size: 12pt;\">(Herdenking Saint-Aignan-de-Cramesnil 8 aug 2014) Dit is &#8216;<a href=\"https:\/\/nl.wikipedia.org\/wiki\/Zak_van_Falaise\" target=\"_blank\" rel=\"noopener\">De zak van Falaise<\/a>&#8216;. Op een wegkruising ca 2 km buiten het dorp staat een monument. Het was hier dat <a href=\"https:\/\/www.stormfront.org\/forum\/t199386\/\" target=\"_blank\" rel=\"noopener\">Generaal Kurt Meijer<\/a> <a href=\"https:\/\/nl.wikipedia.org\/wiki\/Schwere_SS-Panzer-Abteilung_101\" target=\"_blank\" rel=\"noopener\">met zijn pantser divisie<\/a> op 8 augustus 1944 om 12:30 uur <a href=\"https:\/\/nl.wikipedia.org\/wiki\/Schwere_SS-Panzer-Abteilung_101\" target=\"_blank\" rel=\"noopener\">een tegenaanval deed<\/a>. Internet schrijft daar over: <em>Op 8 augustus 1944 werden drie van de zeven Tigers die beschikbaar waren gesteld voor de tegenaanval nabij Saint-Aignan-de-Cramesnil uitgeschakeld door Britse Fireflys. SS-Hauptsturmf\u00fchrer Michael Wittmann werd bij deze aanval gedood. Het bataljon verloor vrijwel al zijn overgebleven Tigers tijdens de gevechten in de zak van Falaise en de aansluitende Duitse terugtrekking uit Frankrijk<\/em>.<a href=\"http:\/\/www.henkopweg.nl\/wp-content\/uploads\/Li-2015-02571.jpg\"><img loading=\"lazy\" decoding=\"async\" class=\"alignnone size-full wp-image-6041\" src=\"http:\/\/www.henkopweg.nl\/wp-content\/uploads\/Li-2015-02571.jpg\" alt=\"Li-2015 0257\" width=\"620\" height=\"349\" srcset=\"https:\/\/www.henkopweg.nl\/wp-content\/uploads\/Li-2015-02571.jpg 620w, https:\/\/www.henkopweg.nl\/wp-content\/uploads\/Li-2015-02571-300x169.jpg 300w\" sizes=\"(max-width: 620px) 100vw, 620px\" \/><\/a><\/span><br \/>\n<span style=\"font-family: arial,helvetica,sans-serif; font-size: 12pt;\"> De Pools, Schotse, en Canadese tropen sloegen de aanval af en de meeste Duitse tanks werden vernietigd. De nu zo vredige plek midden in de graanvelden is een hevig slagveld geweest.<\/span><br \/>\n<span style=\"font-family: arial,helvetica,sans-serif; font-size: 12pt;\"> Ik besluit dat dit de plek is waar ik mijn stokbrood maar een moet aanspreken.<\/span><\/p>\n<p><span style=\"color: #0000ff; font-family: arial,helvetica,sans-serif; font-size: 12pt;\">Graanvelden<\/span><br \/>\n<span style=\"font-family: arial,helvetica,sans-serif; font-size: 12pt;\"> De route naar de stad Falaise gaat door een open heuvelachtig landschap met veel graanvelden. Falaise spreekt mij niet zo aan en in de stad begin ik mijn route over op een oude spoorweg wat een fietsroute is geworden. De weg bestaat uit grof zand en is goed te fietsen. Na ca 7 km verlaat ik de spoorbaan en kom langs een klein gehucht met drie huizen waarvan je denkt, wonen hier nog mensen. Mijn routeplanner geeft nu de kortste route naar de D63. Helaas gaat die over halfverharde landbouwwegen waar allen maar landbouwmachines op rijden. Onderweg kom ik nog een combine tegen met een maaibalk die de hele\u00a0breedte van de hele weg in beslag neemt. Ik schuif een gemaaide akker op en de bestuurder van de combine kijkt verbaasd naar de vreemde fietser in het verlaten landbouwgebied. Die moet gedacht hebben:&#8217;wat doet die gek hier&#8217;. Dat is wat ik mij na 2 km hobbelen op deze weg ook af vraag. Zo gouw ik weer een asfaltweggetje bereik ga rechts af naar de D63.<\/span><\/p>\n<p><span style=\"font-family: arial,helvetica,sans-serif; font-size: 12pt;\">Prachtige dorpjes passeer ik in dit heuvelachtige landbouwgebied. Om 13:00 uur kom ik voor <a href=\"https:\/\/en.wikipedia.org\/wiki\/David_Vivian_Currie\" target=\"_blank\" rel=\"noopener\">David Currie<\/a>\u00a0 \u00a0<a href=\"http:\/\/www.saak.nl\/battlefield%20tour\/2006%20normandie\/Saint-Lambert-sur-Dives\/Saint-Lambert-sur-Dives%20en.htm\" target=\"_blank\" rel=\"noopener\">Saint Lambert <\/a> bij een monument en een historische plaats. Hier werd de weerstand van de Duitsers gebroken en gaven de Duitser zich over aan Majoor Currie links op de foto met pistool in de hand. <a href=\"http:\/\/www.henkopweg.nl\/wp-content\/uploads\/2015-Li-265.jpg\"><img loading=\"lazy\" decoding=\"async\" class=\"alignnone size-full wp-image-6075\" src=\"http:\/\/www.henkopweg.nl\/wp-content\/uploads\/2015-Li-265.jpg\" alt=\"2015-Li 265\" width=\"620\" height=\"349\" srcset=\"https:\/\/www.henkopweg.nl\/wp-content\/uploads\/2015-Li-265.jpg 620w, https:\/\/www.henkopweg.nl\/wp-content\/uploads\/2015-Li-265-300x169.jpg 300w\" sizes=\"(max-width: 620px) 100vw, 620px\" \/><\/a>Als ik de foto&#8217;s goed bekijk was van het dorp niet veel over. Na het bekijken van het monument ga je het dorp ook anders \u00a0bekijken.<\/span><\/p>\n<p><span style=\"color: #0000ff; font-family: arial,helvetica,sans-serif; font-size: 12pt;\">Tweede bevrijder<\/span><br \/>\n<span style=\"font-family: arial,helvetica,sans-serif; font-size: 12pt;\"> Als ik een paar honderd meter buiten het dorp langs de weg stop om wat te drinken en eten komt bij een woning aan de overkant van de weg, een man van mijn leeftijd naar mij toe. Hij praat alleen Frans en vraagt waar ik vandaan kom en naar toe ga.<\/span><br \/>\n<span style=\"font-family: arial,helvetica,sans-serif; font-size: 12pt;\"> De sticker achter op de tent met de route biedt weer uitkomst en in het Engels en een enkel woord Frans maak ik de Route du Liberation duidelijk. Daarna lijkt het of ik de nieuwe bevrijder ben. Hij vaagt of ik &#8216;faise aqua&#8217; wil en ik moet mee naar het huis om fris water te halen. Zijn vrouw wordt ingeseind en in het Frans maakt hij haar duidelijk welke bevrijder hier langs komt fietsen. De bewondering is groot. Uit de kelder van de woning komt koud water uit de koelkast en mijn veldflessen zijn weer gevuld. Ik wordt door de man en vrouw uitgezwaaid en vervolg mijn bevrijdingsroute richting Parijs.<\/span><br \/>\n<span style=\"font-family: arial,helvetica,sans-serif; font-size: 12pt;\"> Nu besef ik pas wat het voor deze mensen, in dit dorp, moet betekenen als iemand van de zelfde leeftijd 70 jaar later de route nog eens na fietst. Op het moment dat ik weg fiets ben ik dankbaar voor de hartelijkheid en het frisse water. Later zit ik dit op Facebook.\u00a0\u00a0<em>Door beiden uitbundig uitgezwaaid. Zien zij mij als de nieuwe bevrijder? Dat kan niet. Maar zoveel vriendelijkheid geeft weer nieuwe energie. Het weer is prima en wat het gaat worden? We zien wel.<\/em><\/span><\/p>\n<p><span style=\"color: #0000ff; font-family: arial,helvetica,sans-serif; font-size: 12pt;\">Zijwieltjes<\/span><br \/>\n<span style=\"font-family: arial,helvetica,sans-serif; font-size: 12pt;\"> Ik vervolg de route over de D63 tot ik in een nieuw district kom en de wegnummering de D13 is geworden. Voor ik mijn eindbestemming Gac\u00e9 bereik moet ik nog wat pittige heuvels overwinnen, maar je merkt dat de benen steeds sterker worden en je niet meer druk maakt over een nieuwe klim.<\/span><br \/>\n<span style=\"font-family: arial,helvetica,sans-serif; font-size: 12pt;\"> In Gac\u00e9 is vlak bij de camping een supermarkt en daar haal ik mijn eten voor deze avond en de volgende morgen. Het is een camping municipale die goed verzorgd is. Ik zoek een plekje met een picknick tafel en geniet vanaf 15:30 uur van mijn rustige plekje. Later kom ik in gesprek met Hannie die met haar man Arian (beiden rond de 60 jaar), ook met de fiets aan het rondtrekken zijn. Het blijken echte &#8216;wereldfietsers&#8217; die in alle landen van de wereld hebben gefietst. Als die verhalen hoor, dan voel ik mij een kleuter met fietsje met zijwieltjes.<\/span><\/p>\n<p><span style=\"font-family: arial,helvetica,sans-serif; font-size: 12pt;\"><strong><span style=\"color: #0000ff;\">&#8230;&#8230;&#8230;&#8230;&#8230;&#8230;&#8230;&#8230;&#8230;&#8230;&#8230;&#8230;&#8230;&#8230;&#8230;&#8230;&#8230;&#8230;&#8230;&#8230;&#8230;&#8230;&#8230;&#8230;&#8230;&#8230;&#8230;&#8230;&#8230;&#8230;&#8230;&#8230;&#8230;&#8230;&#8230;&#8230;&#8230;&#8230;<br \/>\n<span style=\"color: #0000ff; font-family: arial,helvetica,sans-serif; font-size: 12pt;\">donderdag 23\u00a0juli 2015<\/span><\/span><\/strong><\/span><\/p>\n<p><span style=\"color: #0000ff; font-family: arial,helvetica,sans-serif; font-size: 12pt;\">8e fietsdag<\/span><\/p>\n<p><span style=\"font-family: arial,helvetica,sans-serif; font-size: 12pt;\"><a href=\"http:\/\/www.henkopweg.nl\/wp-content\/uploads\/12-8-2015-2015-07-23.jpg\"><img loading=\"lazy\" decoding=\"async\" class=\"alignnone size-full wp-image-5694\" src=\"http:\/\/www.henkopweg.nl\/wp-content\/uploads\/12-8-2015-2015-07-23.jpg\" alt=\"12-8-2015 2015-07-23\" width=\"627\" height=\"110\" srcset=\"https:\/\/www.henkopweg.nl\/wp-content\/uploads\/12-8-2015-2015-07-23.jpg 627w, https:\/\/www.henkopweg.nl\/wp-content\/uploads\/12-8-2015-2015-07-23-300x53.jpg 300w\" sizes=\"(max-width: 627px) 100vw, 627px\" \/><\/a><\/span><\/p>\n<p><span style=\"color: #0000ff; font-family: arial,helvetica,sans-serif; font-size: 12pt;\">Gace &#8211; Saint Remy-sur- Avre<\/span><\/p>\n<p><span style=\"color: #0000ff; font-family: arial,helvetica,sans-serif; font-size: 12pt;\">76\u00a0km &#8211; totaal 649\u00a0km<\/span><\/p>\n<p><span style=\"color: #0000ff; font-family: arial,helvetica,sans-serif; font-size: 12pt;\">het bos.<\/span><\/p>\n<p><span style=\"font-family: arial,helvetica,sans-serif; font-size: 12pt;\">Als ik &#8217;s morgens van de camping de route weer op zoek wordt ik direct gestraft met het feit dat de kortere route een holle weg tegen een flinke heuvel op is. Tot overmaat is het weggetje ook niet te fietsen. Ik had vanuit Gra\u00e9 direct de D438 en D13 moeten nemen.<\/span><\/p>\n<p><span style=\"font-family: arial,helvetica,sans-serif; font-size: 12pt;\">Na veel geploeter bereik ik de D13 maar dat wil niet zeggen dat het een vlak gebied is . De conditie is goed en ik neem de verschillende klimmetjes zonder noemenswaardige vermoeidheid. In Saint Evroult Notre Dame du Bois is een winkel. Ik koop brood en op een bankje aan het meertje nuttig ik mijn ontbijt. De route gaat nu naar L\u00c1igle\u00a0gaat dwars door de stad\u00a0 naar de D926d. Daar loopt een fietspad langs, maar zo plotseling als het begint houdt het ook weer op. Van enig systeem is geen sprake. Ook aansluiting lopen bij kruisingen soms erg vreemd. Dan fiets ik liever op de weg.<\/span><br \/>\n<span style=\"font-family: arial,helvetica,sans-serif; font-size: 12pt;\"> Ik kom nu weer door uitgestrekte gebieden met graanvelden. De meeste tarwe is geoogst. Wat wel opvalt zijn de tientallen vrachtwagens die graan richting Parijs vervoeren en leeg terug komen.<\/span><br \/>\n<span style=\"font-family: arial,helvetica,sans-serif; font-size: 12pt;\"> <a href=\"http:\/\/www.henkopweg.nl\/wp-content\/uploads\/Li-2015-0308.jpg\"><img loading=\"lazy\" decoding=\"async\" class=\"alignnone size-large wp-image-5817\" src=\"http:\/\/www.henkopweg.nl\/wp-content\/uploads\/Li-2015-0308-1024x577.jpg\" alt=\"Li-2015 0308\" width=\"640\" height=\"361\" \/><\/a><\/span><\/p>\n<p><span style=\"font-family: arial,helvetica,sans-serif; font-size: 12pt;\">Verder zie ik \u00a0langs de weg veel graan liggen. Er wordt veel graan gemorst. Tractoren met een kiepwagen er achter rijden op het land naast de combine \u00a0en worden dan flink afgeladen. Als ze van het veld de openbare weg oprijden verliezen ze vaak graan. Het is zoveel dat het wel muizen en ander gedierte moet aantrekken. Je ziet dan ook veel dode dassen en vossen die zijn aangereden. Vaak ruik je \u00a0dode dieren al van een afstand. Het zijn er zoveel dat ik die niet meer tel.<\/span><br \/>\n<span style=\"font-family: arial,helvetica,sans-serif; font-size: 12pt;\"> In Verneuil sur Avre maak ik een tochtje door de stad, er zijn geen opmerkelijke dingen in de stad en het wordt weer een doorreis, maar nu op de N12. In Saint-Lubin-Des-Joncherets haal ik mijn avondeten en koop ook een nieuwe kilometerteller. Mijn oude teller heeft waarschijnlijk een kabelbreuk.\u00a0Ik kan de oorzaak niet vinden. Wel\u00a0kan ik op de GPS\u00a0\u00a0de snelheid en de afstand zien, maar niet gelijktijdig met de route. Voor 26 euro heb ik een nieuw exemplaar. Het is nog een paar kilometer naar camping municipal Du Pre du Eglise in Saint Remy sur Avre. Een goed verzorgde camping waar ik al om 14:10 uur aan kom. In alle rust zet ik mijn tentje op en begin daarna met het lezen van de gebruiksaanwijzing en installeren van de kilometerteller. In de loop van de middag raakt de camping weer vol.<\/span><\/p>\n<p>&#8230;&#8230;&#8230;&#8230;&#8230;&#8230;&#8230;&#8230;&#8230;&#8230;&#8230;&#8230;&#8230;&#8230;&#8230;&#8230;&#8230;&#8230;&#8230;&#8230;&#8230;&#8230;&#8230;&#8230;&#8230;&#8230;&#8230;&#8230;&#8230;&#8230;&#8230;&#8230;&#8230;&#8230;&#8230;&#8230;&#8230;&#8230;<br \/>\n<span style=\"color: #0000ff; font-family: arial,helvetica,sans-serif; font-size: 12pt;\">vrijdag\u00a0 24 juli 2015<\/span><\/p>\n<p><span style=\"color: #0000ff; font-family: arial,helvetica,sans-serif; font-size: 12pt;\">9e fietsdag<\/span><\/p>\n<p><span style=\"font-family: arial,helvetica,sans-serif; font-size: 12pt;\"><a href=\"http:\/\/www.henkopweg.nl\/wp-content\/uploads\/12-8-2015-2015-07-24.jpg\"><img loading=\"lazy\" decoding=\"async\" class=\"alignnone size-full wp-image-5695\" src=\"http:\/\/www.henkopweg.nl\/wp-content\/uploads\/12-8-2015-2015-07-24.jpg\" alt=\"12-8-2015 2015-07-24\" width=\"629\" height=\"109\" srcset=\"https:\/\/www.henkopweg.nl\/wp-content\/uploads\/12-8-2015-2015-07-24.jpg 629w, https:\/\/www.henkopweg.nl\/wp-content\/uploads\/12-8-2015-2015-07-24-300x52.jpg 300w\" sizes=\"(max-width: 629px) 100vw, 629px\" \/><\/a><\/span><\/p>\n<p><span style=\"color: #0000ff; font-family: arial,helvetica,sans-serif; font-size: 12pt;\">Saint Remy-sur- Avre- Parijs<\/span><\/p>\n<p><span style=\"color: #0000ff; font-family: arial,helvetica,sans-serif; font-size: 12pt;\">104 km- totaal 753\u00a0km<\/span><br \/>\n<span style=\"font-family: arial,helvetica,sans-serif; font-size: 12pt;\"> Ook vanmorgen weer om 06:50 uur de poort uit. De route planner wil nog een stukje binnendoor, maar daar had ik gisteren problemen mee. Dus nu maar direct naar de N12 waar ik ook gisteren \u00a0op zat. Vandaag de rit naar Parijs. Het geeft een wat vreemd gevoel. Het zijn van die bijzondere plaatsen. Bij Dreux gaat de N12 over in een autosnelweg. Ik moet een route zoeken. Links af kan niet omdat een betonnen middenberm dit onmogelijk maakt. Op mijn gevoel maak ik een rondje over het industrie terrein en kom onder de N12 door weer op de route. Het is de D928 in het dal van de L&#8217;eure. Na de rivier zit er een echte klim met haarspeldbochten. Eenmaal boven ga ik in het dorpje Bu op een bankje ontbijten. Tegenover mijn bankje is en ren met 10 tallen kippen en een paar hanen. Mijn oude stokbrood deel ik met de kippen. De hennen vechten om het brood.\u00a0Hebben ze eenmaal een stuk brood in de snavel dan rennen ze snel weg, vaak gevolgd door andere hennen. De hanen komen wel kijken maar doen aan dit spel niet mee. Dit is wel een leuk ontbijt met een gedragsstudie van de kippen. Ik begin mij weer met gewone dingen bezig te houden.<\/span><\/p>\n<p><span style=\"color: #0000ff; font-family: arial,helvetica,sans-serif; font-size: 12pt;\">Verkeerd<\/span><br \/>\n<span style=\"font-family: arial,helvetica,sans-serif; font-size: 12pt;\"> Het dorp uit kom ik weer op een veldweg. Zo snel als ik kan neem ik een asfalt weg naar Havelu. Het is mogelijk wat om maar fiets veel beter. Na Houdan loopt mijn route op de GPS door een bos. Er staat nog een bord Parijs rechtsaf en rechtdoor doodlopende weg, toch ben ik eigenwijs. Na een kilometer kom ik op een goed berijdbaar bospad. Verder in het bos word het pad smaller en moet ik omhoog na 2 km wordt de weg zo slechte met gaten, plassen en kuilen dat er niet meer te fietsen is. Ik moet lopen en ben bijna het bos uit als voor een hek kom. Het is zodanig afgesloten dat ik niet verder kan. De hele route in het bos Forest Des Quatre Piliers bij Bazainville moet ik terug. Ik doe voorzichtig want als ik hier wat krijg vinden ze mij voorlopig niet. De hele route heen en terug heeft bijna een uur gekost. Niet zeuren ik ga naar het bord Parijs en zoek een alternatieve route maar wel op asfalt wegen.<\/span><\/p>\n<div id=\"attachment_6077\" style=\"width: 610px\" class=\"wp-caption alignnone\"><a href=\"http:\/\/www.henkopweg.nl\/wp-content\/uploads\/2015-Li-438.jpg\"><img loading=\"lazy\" decoding=\"async\" aria-describedby=\"caption-attachment-6077\" class=\"wp-image-6077 size-full\" src=\"http:\/\/www.henkopweg.nl\/wp-content\/uploads\/2015-Li-438.jpg\" alt=\"2015-Li 438\" width=\"600\" height=\"450\" srcset=\"https:\/\/www.henkopweg.nl\/wp-content\/uploads\/2015-Li-438.jpg 600w, https:\/\/www.henkopweg.nl\/wp-content\/uploads\/2015-Li-438-300x225.jpg 300w\" sizes=\"(max-width: 600px) 100vw, 600px\" \/><\/a><p id=\"caption-attachment-6077\" class=\"wp-caption-text\"><span style=\"font-family: arial,helvetica,sans-serif; font-size: 12pt;\">Ik heb de gele trui, in mijn Frans Liberation Tour, naar Parijs gebracht.\u00a0 \u00a0 \u00a0 \u00a0Dit was de enige boog die ik kon vinden.<\/span><\/p><\/div>\n<p><span style=\"color: #0000ff; font-family: arial,helvetica,sans-serif; font-size: 12pt;\">Gele trui<\/span><br \/>\n<span style=\"font-family: arial,helvetica,sans-serif; font-size: 12pt;\"> Neauphle-Le-Chateau is de eerste voorstad van Parijs en hier zit een heel lastige lange klim in de route. Daarna komen de voorsteden met aan de buitenkant alle grote winkels. Ik fiets elke dag in de gele trui om goed op te vallen. Het is vrijdag en zondag komt de Tour de Frans in Parijs aan. Regelmatig is er een auto, waar uit de open ramen Franse kreten klinken. Ik versta het niet, maar het moet, gezien het enthousiasme, met de gele trui te maken hebben. Mijn Tour de Frans is nog niet voorbij, maar ik breng de trui wel naar Parijs.<\/span><\/p>\n<p><span style=\"font-family: arial,helvetica,sans-serif; font-size: 12pt;\">Het is begin van de middag en ik moet eten inslaan. Bij de supermarkten zie ik groepje zwarte mensen voor de deur hangen. Dat is niet aanlokkelijk om daar de fiets voor de deur te stallen. Als ik een kleine Aldi winkel zie zonder publiek voor de deur besluit ik daar mijn voorraad te halen.<\/span><br \/>\n<span style=\"font-family: arial,helvetica,sans-serif; font-size: 12pt;\"> Zoals gebruikelijk betaal ik per pinpas. Het werkt prima. Na het afrekenen steek ik de pas in de linker broekzak om hem later weer in de portemonnee te stoppen. Ik moet mijn handen vrij hebben voor de boodschappen. Met de voorraad op peil fiets ik naar Versailles. Ik fiets tot het plein voor het paleis. Ik maak wat foto&#8217;s, maar ik wil er ook \u00e9\u00e9n waar ik zelf op sta. Ik steek mijn fototoestel in de broekzak en als ik een geschikt persoon zie haal ik het toestel voor de dag en vraag of ze de foto willen maken. Na nog wat rond fietsen op het plein fiets ik de Avenue de Paris op.<\/span><\/p>\n<p><span style=\"color: #0000ff; font-family: arial,helvetica,sans-serif; font-size: 12pt;\">Pinpas zoek<\/span><br \/>\n<span style=\"font-family: arial,helvetica,sans-serif; font-size: 12pt;\"> Na een kilometer voel ik mijn broekzak en voel geen pinpas meer. Dit vraagt om actie. Ik stop en zoek een bankje en overleg met mij zelf alle mogelijkheden en stappen. Eerst alles navoelen en in de tassen kijken. Als ik niets vind dan het telefoonnummer in Nederland bellen om het pasje te blokkeren. In mijn opschrijfboekje staat het nummer. Terwijl ik op het bankje zit en de stuurtas wil onderzoeken zie ik het pasje op de rechter achter tas liggen. Ik ben vol verbazing. Waarschijnlijk heb ik met het fototoestel ook het pasje uit de broekzak getrokken en is het boven op de tas gevallen. Het eerste wat ik doe is het pasje in de portemonnee stoppen.<\/span><br \/>\n<span style=\"font-family: arial,helvetica,sans-serif; font-size: 12pt;\"> <a href=\"http:\/\/www.henkopweg.nl\/wp-content\/uploads\/Li-2015-0278.jpg\"><img loading=\"lazy\" decoding=\"async\" class=\"alignnone size-large wp-image-5822\" src=\"http:\/\/www.henkopweg.nl\/wp-content\/uploads\/Li-2015-0278-1024x577.jpg\" alt=\"Li-2015 0278\" width=\"640\" height=\"361\" \/><\/a><\/span><br \/>\n<span style=\"font-family: arial,helvetica,sans-serif; font-size: 12pt;\"> Het laatste stukje stad naar de camping is zeer ingewikkeld. Bij Pont Sevres mag je niet over de weg en ik zie geen route om aan de andere kant van de Seine\u00a0te komen. Dan zie ik een fietser een tunneltje onder de weg in gaan. Dat zal het zijn. Via een labyrint van tunneltjes kom ik op de brug over de Seine. Aan de andere kant moet ik langs de Seine door het park de Boulogne waar de camping in ligt. Het is zo een grote stadscamping. De mensen bij de receptie zijn vriendelijk maar er is niets persoonlijks. Ik krijg een kaartje met een kruisje waar de tenten mogen staan. Duidelijk zo&#8217;n hoek waar geen caravan kunnen staan. Die is dan goed genoeg voor tentjes voor de som van 20 euro per nacht.<\/span><\/p>\n<p><span style=\"font-family: arial,helvetica,sans-serif; font-size: 12pt;\">Dreux werd 18 augustus 1944 bevrijd en Parijs een dag later.<\/span><br \/>\n<span style=\"font-family: arial,helvetica,sans-serif; font-size: 12pt;\"> Ik ben in 5 dagen 418 km van Normandi\u00eb naar Parijs gefietst. De bevrijders deden er bijna 2 maanden over om Parijs te bereiken.<\/span><\/p>\n<p><span style=\"font-family: arial,helvetica,sans-serif; font-size: 12pt;\"><span style=\"color: #0000ff;\">&#8230;&#8230;&#8230;&#8230;&#8230;&#8230;&#8230;&#8230;&#8230;&#8230;&#8230;&#8230;&#8230;&#8230;&#8230;&#8230;&#8230;&#8230;&#8230;&#8230;&#8230;&#8230;&#8230;&#8230;&#8230;&#8230;&#8230;&#8230;&#8230;&#8230;&#8230;&#8230;&#8230;&#8230;&#8230;&#8230;&#8230;&#8230;<br \/>\n<span style=\"color: #0000ff; font-family: arial,helvetica,sans-serif; font-size: 12pt;\">zaterdag \u00a025 juli 2015<\/span><\/span><\/span><\/p>\n<p><span style=\"color: #0000ff; font-family: arial,helvetica,sans-serif; font-size: 12pt;\">10e fietsdag<\/span><\/p>\n<p><span style=\"font-family: arial,helvetica,sans-serif; font-size: 12pt;\"><a href=\"http:\/\/www.henkopweg.nl\/wp-content\/uploads\/12-8-2015-2015-07-25.jpg\"><img loading=\"lazy\" decoding=\"async\" class=\"alignnone size-full wp-image-5696\" src=\"http:\/\/www.henkopweg.nl\/wp-content\/uploads\/12-8-2015-2015-07-25.jpg\" alt=\"12-8-2015 2015-07-25\" width=\"650\" height=\"113\" srcset=\"https:\/\/www.henkopweg.nl\/wp-content\/uploads\/12-8-2015-2015-07-25.jpg 650w, https:\/\/www.henkopweg.nl\/wp-content\/uploads\/12-8-2015-2015-07-25-300x52.jpg 300w\" sizes=\"(max-width: 650px) 100vw, 650px\" \/><\/a><\/span><\/p>\n<p><span style=\"font-family: arial,helvetica,sans-serif; font-size: 12pt;\"><span style=\"color: #0000ff;\">Parijs- Mary sur \u00a0Marne<\/span><\/span><\/p>\n<p><span style=\"font-family: arial,helvetica,sans-serif; font-size: 12pt;\"><span style=\"color: #0000ff;\">103\u00a0km- totaal 856\u00a0km<\/span><\/span><\/p>\n<div id=\"attachment_5829\" style=\"width: 2926px\" class=\"wp-caption alignnone\"><a href=\"http:\/\/www.henkopweg.nl\/wp-content\/uploads\/Li-2015-0283.jpg\"><img loading=\"lazy\" decoding=\"async\" aria-describedby=\"caption-attachment-5829\" class=\"wp-image-5829 size-full\" src=\"http:\/\/www.henkopweg.nl\/wp-content\/uploads\/Li-2015-0283.jpg\" alt=\"Li-2015 0283\" width=\"2916\" height=\"1643\" \/><\/a><p id=\"caption-attachment-5829\" class=\"wp-caption-text\"><span style=\"font-family: arial,helvetica,sans-serif; font-size: 12pt;\">Ik heb de middencirkel van Arc de Triomph gehaald<\/span><\/p><\/div>\n<p><span style=\"font-family: arial,helvetica,sans-serif; font-size: 12pt;\">Het vertrek van de camping is rustig. De meeste campinggasten slapen nog. Voor ik Parijs verlaat wil ik toch nog even door het centrum fietsen. Mijn eerste doel is de Arc de Triomph. Via het Bois de Boulogne rij ik recht op de Arc de Triomph aan. Het is al gezellig druk en de auto&#8217;s gaan 3 a 4 rijen dik richting Arc. Bij aankomst wacht ik even een rustig moment af en fiets dan rond met de linker hand uitgestoken. In mijn spiegeltje houd ik het verkeer achter mij in de gaten. Zonder problemen bereik ik de middencirkel. Met de fiets in de hand loop ik om 08:10 uur onder de boog door. Meest Aziatische toeristen zijn al onderweg. Twee agenten kijken mij wat vreemd aan. Blijkbaar komt er nooit en fiets en zeker niet met tassen. De agent maakt mij duidelijk dat ik niet met de fiets onder de Arc mag komen. Ok\u00e9, laat ik weten en wijs waar ik heen zal gaan. Blijkbaar is men bang voor aanslagen en wil men geen fietsen. Aan de voorzijde besluit ik de Champs Elysees af te fietsen.<\/span><\/p>\n<div id=\"attachment_6076\" style=\"width: 630px\" class=\"wp-caption alignnone\"><a href=\"http:\/\/www.henkopweg.nl\/wp-content\/uploads\/2015-Li-286.jpg\"><img loading=\"lazy\" decoding=\"async\" aria-describedby=\"caption-attachment-6076\" class=\"size-full wp-image-6076\" src=\"http:\/\/www.henkopweg.nl\/wp-content\/uploads\/2015-Li-286.jpg\" alt=\"&#96;Toch even proberen. In de gele trui over de Champs Elysees\" width=\"620\" height=\"349\" srcset=\"https:\/\/www.henkopweg.nl\/wp-content\/uploads\/2015-Li-286.jpg 620w, https:\/\/www.henkopweg.nl\/wp-content\/uploads\/2015-Li-286-300x169.jpg 300w\" sizes=\"(max-width: 620px) 100vw, 620px\" \/><\/a><p id=\"caption-attachment-6076\" class=\"wp-caption-text\"><span style=\"font-family: arial,helvetica,sans-serif; font-size: 12pt;\">`Toch even proberen. In de gele trui over de Champs Elysees<\/span><\/p><\/div>\n<div id=\"attachment_5831\" style=\"width: 2926px\" class=\"wp-caption alignnone\"><a href=\"http:\/\/www.henkopweg.nl\/wp-content\/uploads\/Li-2015-0293.jpg\"><img loading=\"lazy\" decoding=\"async\" aria-describedby=\"caption-attachment-5831\" class=\"wp-image-5831 size-full\" src=\"http:\/\/www.henkopweg.nl\/wp-content\/uploads\/Li-2015-0293.jpg\" alt=\"Li-2015 0293\" width=\"2916\" height=\"1643\" \/><\/a><p id=\"caption-attachment-5831\" class=\"wp-caption-text\"><span style=\"font-family: arial,helvetica,sans-serif; font-size: 12pt;\">Wel een Viptribune maar geen gasten<\/span><\/p><\/div>\n<p><span style=\"font-family: arial,helvetica,sans-serif; font-size: 12pt;\">De Champs Elysees is al met dranghekken afgezet want morgen op zondag is de aankomst van de Tour de France. Ik kan mij voorstellen dat de aankomst voor de tourrenners indrukwekkend moet zijn. De Champs Elysees loopt iets\u00a0naar beneden. Bij Pont de Alexandre III steek ik de Seine over en fiets dan naar de Eifeltoren. Kon ik de daar zeven jaar geleden nog met de fiets onder de toren komen, nu is het afgezet en lopen er militairen. Ik besluit het niet te proberen en ga terug naar de Champs Elysees waar ik mijn ontbijt om 09:10 uur op een bankje bij de Arc de Triomph nuttig.<\/span><\/p>\n<p><span style=\"color: #0000ff; font-family: arial,helvetica,sans-serif; font-size: 12pt;\">Langs het kanaal<\/span><\/p>\n<p><span style=\"font-family: arial,helvetica,sans-serif; font-size: 12pt;\">Het is na 15 minuten tijd om de route de stad uit te vinden. Ik fiets lang Montmartre en kan de karakteristieke kerk boven de huizen uit zien. In\u00a0<a href=\"https:\/\/nl.wikipedia.org\/wiki\/Quartier_Pigalle\" target=\"_blank\" rel=\"noopener\">Pigalle<\/a> is de weg gescheiden door een spoorbaan op een brug. Onder de brug is de markt en dat wel een kilometer lang. Quartier Pigalle is een gebied rond het Place Pigalle op de grens van het 9e en 18e arrondissement. Het is vernoemd naar de beeldhouwer Jean-Baptiste Pigalle. Het gebied is beroemd als toeristisch red-light district.<a href=\"http:\/\/nl.wikipedia.org\/wiki\/Quartier_Pigalle\">Wikipedia<\/a>. Ik passeer de Molin Rose.De route is eenvoudig en gaat steeds rechtdoor. Bij <a href=\"https:\/\/nl.wikipedia.org\/wiki\/Canal_de_l%27Ourcq\">kanaal du Ourcq<\/a> maak ik een fout en ga langs de\u00a0 verkeerde kant van het kanaal.<\/span><\/p>\n<div id=\"attachment_5833\" style=\"width: 822px\" class=\"wp-caption alignnone\"><a href=\"http:\/\/www.henkopweg.nl\/wp-content\/uploads\/22-8-2015-23-08-28.jpg\"><img loading=\"lazy\" decoding=\"async\" aria-describedby=\"caption-attachment-5833\" class=\"wp-image-5833 size-full\" src=\"http:\/\/www.henkopweg.nl\/wp-content\/uploads\/22-8-2015-23-08-28.jpg\" alt=\"22-8-2015 23-08-28\" width=\"812\" height=\"391\" srcset=\"https:\/\/www.henkopweg.nl\/wp-content\/uploads\/22-8-2015-23-08-28.jpg 812w, https:\/\/www.henkopweg.nl\/wp-content\/uploads\/22-8-2015-23-08-28-300x144.jpg 300w\" sizes=\"(max-width: 812px) 100vw, 812px\" \/><\/a><p id=\"caption-attachment-5833\" class=\"wp-caption-text\"><span style=\"font-family: arial,helvetica,sans-serif; font-size: 12pt;\">In het midden de dood lopende route naar de betonfabriek.<\/span><\/p><\/div>\n<p><span style=\"font-family: arial,helvetica,sans-serif; font-size: 12pt;\">Na een paar honderd meter moet ik al om een haven en het kost mij zeker een half uur en verschillende pogingen om aan de zuidzijde van het kanaal te komen. Op enig moment\u00a0sta ik op het terrein van een betonfabriek ,op 20 m van het fietspad. Het terrein is met hekken omsloten en ik moet weer terug. Langs het kanaal loopt een echt fietspad en via\u00a0de voorsteden Sevran, Villeparises kom ik om 12:00 uur de stad uit. Bij Glaye Souilly mag je niet verder over het jaagpad. Weer begint het zoeken naar een route om daarna toch weer bij het kanaal uit te komen. Ook dan kom ik bordjes tegen, verboden te fietsen, naar ik zie ook andere fietsers en doe gewoon mee.<\/span><\/p>\n<p><span style=\"color: #3366ff; font-family: arial,helvetica,sans-serif; font-size: 12pt;\">Langs de Marne<\/span><\/p>\n<p><span style=\"font-family: arial,helvetica,sans-serif; font-size: 12pt;\">Bij Trilbardou verlaat ik het jaagpad langs het kanaal. Mijn routeplanner wil mij weer over een onverharde landbouwweg laten gaan, naar ik fiets liever iets om naar Meaux. Het is een stad van redelijke omvang en inmiddels 14:00 uur, dus tijd om het eten voor vandaag te halen.\u00a0Met alles op voorraad kan ik op pad gaan naar Saacy-sur Marne. In het dorp houdt mijn route op en ik vind nog geen camping. Nu is het zoeken op de GPS en het blijkt dat de camping ca 2 km heuvel op \u00a0buiten het dorp ligt. Ik krijg een mooi plekje en ben met de gebruikelijke dingen als: wassen, douchen en eten koken bezig. Op tijd in de slaapzak en morgen weer verder. Tot op heden loopt het goed.<\/span><\/p>\n<p><span style=\"font-family: arial,helvetica,sans-serif; font-size: 12pt;\"><strong><span style=\"color: #0000ff;\">&#8230;&#8230;&#8230;&#8230;&#8230;&#8230;&#8230;&#8230;&#8230;&#8230;&#8230;&#8230;&#8230;&#8230;&#8230;&#8230;&#8230;&#8230;&#8230;&#8230;&#8230;&#8230;&#8230;&#8230;&#8230;&#8230;&#8230;&#8230;&#8230;&#8230;&#8230;&#8230;&#8230;&#8230;&#8230;&#8230;&#8230;&#8230;<br \/>\nzondag \u00a026 juli 2015<\/span><\/strong><\/span><\/p>\n<p><span style=\"font-family: arial,helvetica,sans-serif; font-size: 12pt;\"><span style=\"color: #0000ff;\">11e fiets dag<\/span><\/span><\/p>\n<p><span style=\"font-family: arial,helvetica,sans-serif; font-size: 12pt;\"><a href=\"http:\/\/www.henkopweg.nl\/wp-content\/uploads\/12-8-2015-2015-07-26.jpg\"><img loading=\"lazy\" decoding=\"async\" class=\"alignnone size-full wp-image-5697\" src=\"http:\/\/www.henkopweg.nl\/wp-content\/uploads\/12-8-2015-2015-07-26.jpg\" alt=\"12-8-2015 2015-07-26\" width=\"627\" height=\"109\" srcset=\"https:\/\/www.henkopweg.nl\/wp-content\/uploads\/12-8-2015-2015-07-26.jpg 627w, https:\/\/www.henkopweg.nl\/wp-content\/uploads\/12-8-2015-2015-07-26-300x52.jpg 300w\" sizes=\"(max-width: 627px) 100vw, 627px\" \/><\/a><\/span><\/p>\n<p><span style=\"font-family: arial,helvetica,sans-serif; font-size: 12pt;\"><span style=\"color: #0000ff;\">Mary sur Marne &#8211;\u00a0Beamont sur Vesle<\/span><\/span><\/p>\n<p><span style=\"font-family: arial,helvetica,sans-serif; font-size: 12pt;\"><span style=\"color: #0000ff;\">109 km- totaal 965km<\/span><\/span><\/p>\n<p><span style=\"font-family: arial,helvetica,sans-serif; font-size: 12pt;\">Zoals gebruikelijk ben ik om 06:00 uur opgestaan, wat overigens niet echt een tijdstip voor een vakantieochtend is. Maar ja, ik heb nu na 11 dagen fietsen zo&#8217;n ritme dat het vanzelf gaat.<\/span><br \/>\n<span style=\"font-family: arial,helvetica,sans-serif; font-size: 12pt;\"> De eerst dagen had ik &#8217;s nachts nog wel eens kramp en &#8217;s morgen kleine pijntjes maar het lichaam is gewend aan het fietsen. De heuvels die ik gisteravond\u00a0 uit dorp naar de camping op moest, daal ik nu af van 120 naar 60 m. in het dorp Sa\u00e2sy-Sur-Marne. De route slingert langs de Marne en heeft soms nog flinke klimmetjes. Bij Nogent-L&#8217;Artaud begin ik toch te twijfelen of de route langs de Marne wel moet doorzetten. Ik besluit de route te verlaten om bij Viels-Masons op de D933 te komen. Deze regionale weg gaat meer rechtstreeks naar Eperny. Ik moet wel weer 120 m omhoog klimmen uit het dal van de Marne. In Viels-Masons gebruik ik op het marktplein mijn ontbijt.<\/span><\/p>\n<p><span style=\"font-family: arial,helvetica,sans-serif; font-size: 12pt;\">In Eperny wil ik bij Leclecq mijn voorraad aanvullen, maar de supermarkt is op zondag dicht. Ook andere winkels zitten dicht. In de hoofdstraat van Epernay , waar ik ook de bekende zuilen van de Liberation Route tegen kom, is alleen een bakkerswinkel open.<a href=\"http:\/\/www.henkopweg.nl\/wp-content\/uploads\/25-8-2015-22-39-37.jpg\"><img loading=\"lazy\" decoding=\"async\" class=\"alignnone size-full wp-image-5873\" src=\"http:\/\/www.henkopweg.nl\/wp-content\/uploads\/25-8-2015-22-39-37.jpg\" alt=\"25-8-2015 22-39-37\" width=\"533\" height=\"403\" srcset=\"https:\/\/www.henkopweg.nl\/wp-content\/uploads\/25-8-2015-22-39-37.jpg 533w, https:\/\/www.henkopweg.nl\/wp-content\/uploads\/25-8-2015-22-39-37-300x227.jpg 300w\" sizes=\"(max-width: 533px) 100vw, 533px\" \/><\/a><\/span><\/p>\n<p><span style=\"font-family: arial,helvetica,sans-serif; font-size: 12pt;\">Ik koop brood en een paar hartige taartjes en toch nog enige stevige maaltijd bij mij te hebben. Ik kan in ieder geval verder.<\/span><\/p>\n<p><span style=\"font-family: arial,helvetica,sans-serif; font-size: 12pt;\">De route na Eperny is goed te fietsen. Ik zie prachtige wijngaarden mooie wijnhuizen, maar mijn water is op en dan kan het wel een wijnstreek zijn, water is belangrijker. In de dorpen is niets te vinden en dan maar kijken naar een begraafplaats. Net buiten\u00a0Avenay-Val-d&#8217;Or, Champagne-Ardenne op de\u00a0Rue Chanzy\u00a0is een begraafplaats en ik weet dat de waterkraan meestal direct bij de ingang zit. Ja hoor, ook nu direct na de poort vind ik de kraan en spoel de kraan eerst even door en vul dan mijn flessen. Ik kan weer verder.<\/span><\/p>\n<div id=\"attachment_5854\" style=\"width: 2926px\" class=\"wp-caption alignnone\"><a href=\"http:\/\/www.henkopweg.nl\/wp-content\/uploads\/Li-2015-0306.jpg\"><img loading=\"lazy\" decoding=\"async\" aria-describedby=\"caption-attachment-5854\" class=\"wp-image-5854 size-full\" src=\"http:\/\/www.henkopweg.nl\/wp-content\/uploads\/Li-2015-0306.jpg\" alt=\"Li-2015 0306\" width=\"2916\" height=\"1643\" \/><\/a><p id=\"caption-attachment-5854\" class=\"wp-caption-text\"><span style=\"font-family: arial,helvetica,sans-serif; font-size: 12pt;\">Op een begraafplaats is altijd water voor de bloemen<\/span><\/p><\/div>\n<p><span style=\"font-family: arial,helvetica,sans-serif; font-size: 12pt;\"><a href=\"http:\/\/www.henkopweg.nl\/wp-content\/uploads\/25-8-2015-22-50-25.jpg\"><img loading=\"lazy\" decoding=\"async\" class=\"alignnone size-full wp-image-5875\" src=\"http:\/\/www.henkopweg.nl\/wp-content\/uploads\/25-8-2015-22-50-25.jpg\" alt=\"25-8-2015 22-50-25\" width=\"815\" height=\"435\" srcset=\"https:\/\/www.henkopweg.nl\/wp-content\/uploads\/25-8-2015-22-50-25.jpg 815w, https:\/\/www.henkopweg.nl\/wp-content\/uploads\/25-8-2015-22-50-25-300x160.jpg 300w\" sizes=\"(max-width: 815px) 100vw, 815px\" \/><\/a><\/span><\/p>\n<div style=\"width: 610px\" class=\"wp-caption alignnone\"><img loading=\"lazy\" decoding=\"async\" src=\"http:\/\/www.henkopweg.nl\/wp-content\/uploads\/IMG_07171.jpg\" alt=\"IMG_0717\" width=\"600\" height=\"450\" \/><p class=\"wp-caption-text\"><span style=\"font-family: arial,helvetica,sans-serif; font-size: 12pt;\">Prachtige wijngaarden in de Champagne.<\/span><\/p><\/div>\n<p><span style=\"font-family: arial,helvetica,sans-serif; font-size: 12pt;\">In het centrum passeer ik de Marne en nu gaat het verder door de Champagnestreek langs de wijnvelden. De meest mooie wijnhuizen zie ik naar alles is op zondag gesloten. Na Ay ga ik echt tussen de wijngaarden door. Toch pas ik de route weer, aan omdat ik voor een onverharde weg kom te staan. Die ervaring heb ik nu wel, dat het beter is om een andere route te zoeken. Het kan iets verder zijn naar het scheelt veel in de tijd. Bij Louvios moet is de weg achter het Ch\u00e2teau en het bijbehorende park en bos hebben. Het is een slingerende weg en veel wielrenners en motoren halen mij in of kom\u00a0ze tegen. Na ca. 10 km\u00a0ben ik in Verzy, daarna passeer ik de autosnelweg A4 van Reims naar Verdun en kom in Val de Vesle om 16:00 uur na 109\u00a0km op een camping municipal. Ik vertel de dame achter de balie mijn gebruikelijke verhaal. E\u00e9n persoon, 1 tentje, 1 nacht. De dame begint in papieren te kijken en slaat bedragen aan op een rekenmachine. Het duurt nogal even en dan noemt ze in het Frans het bedrag. Nu weet ik nog niets en dan laat ze de rekenmachine zien. 53 euro. Ik kijk haar verbaasd aan. Ze ziet het en geeft aan dat er een komma in moet.\u00a0Vijf euro 30 . Dat past beter!<\/span><\/p>\n<p><span style=\"font-family: arial,helvetica,sans-serif; font-size: 12pt;\"><strong><span style=\"color: #0000ff;\">&#8230;&#8230;&#8230;&#8230;&#8230;&#8230;&#8230;&#8230;&#8230;&#8230;&#8230;&#8230;&#8230;&#8230;&#8230;&#8230;. &#8230;&#8230;&#8230;&#8230;&#8230;&#8230;&#8230;&#8230;&#8230;&#8230;&#8230;&#8230;&#8230;&#8230;&#8230;&#8230;&#8230;&#8230;&#8230;&#8230;&#8230;..<br \/>\nmaandag\u00a027 juli 2015<\/span><\/strong><\/span><\/p>\n<p><span style=\"font-family: arial,helvetica,sans-serif; font-size: 12pt;\"><strong><span style=\"color: #0000ff;\">12e fietsdag<\/span><\/strong><\/span><\/p>\n<p><span style=\"font-family: arial,helvetica,sans-serif; font-size: 12pt;\"><a href=\"http:\/\/www.henkopweg.nl\/wp-content\/uploads\/12-8-2015-2015-07-27.jpg\"><img loading=\"lazy\" decoding=\"async\" class=\"alignnone size-full wp-image-5698\" src=\"http:\/\/www.henkopweg.nl\/wp-content\/uploads\/12-8-2015-2015-07-27.jpg\" alt=\"12-8-2015 2015-07-27\" width=\"634\" height=\"103\" srcset=\"https:\/\/www.henkopweg.nl\/wp-content\/uploads\/12-8-2015-2015-07-27.jpg 634w, https:\/\/www.henkopweg.nl\/wp-content\/uploads\/12-8-2015-2015-07-27-300x49.jpg 300w\" sizes=\"(max-width: 634px) 100vw, 634px\" \/><\/a><\/span><\/p>\n<p><span style=\"font-family: arial,helvetica,sans-serif; font-size: 12pt;\"><strong><span style=\"color: #0000ff;\">Beamont sur Vesle &#8211; Verdun<\/span><\/strong><\/span><\/p>\n<p><span style=\"font-family: arial,helvetica,sans-serif; font-size: 12pt;\"><strong><span style=\"color: #0000ff;\">111 km- totaal 1076 km<\/span><\/strong><\/span><\/p>\n<p><span style=\"font-family: arial,helvetica,sans-serif; font-size: 12pt;\">Vandaag staat de route naar Verdun op het programma.\u00a0Ik kan het kleine hek van de camping open maken en zoek mijn route op de GPS.<\/span><\/p>\n<p><span style=\"font-family: arial,helvetica,sans-serif; font-size: 12pt;\">En weer ga ik in een zeer groot tuinbouwgebied in de fout en kom eerste nog op goede zandpaden, maar na 2 km neem ik het besluit om te keren en via een andere route te gaan. Het kost wel de nodige tijd, maar ik wil dat risico niet meer lopen. Bij Suippes op de D931 kom ik op de Liberation route met zuilen. Daar vind ik op maandagmorgen een Lidl.<img loading=\"lazy\" decoding=\"async\" class=\"alignnone size-full wp-image-5855\" src=\"http:\/\/www.henkopweg.nl\/wp-content\/uploads\/Li-2015-0309.jpg\" alt=\"Li-2015 0309\" width=\"2916\" height=\"1643\" \/><\/span><\/p>\n<p><span style=\"font-family: arial,helvetica,sans-serif; font-size: 12pt;\">Ik moet nodig mijn voorraad aanvullen en brood, beleg en fruit te kopen. &#8217;s middags om 14:30 uur haal ik in Parois aan de D603 mijn avondeten in een supermarkt. Bij de benzinepomp moet ik een halve liter benzine halen om te koken. Het lukt mij niet om de benzinepomp aan te kregen. Je moet er de giropas insteken en dan volgt er zoveel franse tekst dat ik vastloop. Een jong stel vraag ik te helpen. Rachel spreekt Engels en Frans en met haar aanwijzingen krijg ik de pomp aan de gang. Voorzichtig tank ik 0,5 liter. \u00a0Als ik de slang terug hang gaat de pomp niet uit. De denkt natuurlijk dat kan nog niet genoeg zijn. Rachel zegt:&#8221; nu kunnen we op jouw kosten zo verder tanken&#8221;. Na de slang nogmaals nadrukkelijk in de pomp te hebben geplaatst, slaat op pomp af op een totaalbedrag van 62 eurocent.<\/span><\/p>\n<p><span style=\"font-family: arial,helvetica,sans-serif; font-size: 12pt;\">De route vandaag heeft mooie wijde vergezichten met veel landbouwgronden met graan akkers.<\/span><\/p>\n<p><span style=\"font-family: arial,helvetica,sans-serif; font-size: 12pt;\"><img decoding=\"async\" src=\"http:\/\/www.henkopweg.nl\/wp-content\/uploads\/IMG_0720.jpg\" alt=\"IMG_0720\" \/>Om 15:41 uur kom ik op de camping in Verdun. Mijn directe buurman met een tent wordt Wilfried Stokmann uit Glanerburg. Na het opzetten van zijn tentje zet hij een handig stoeltje in elkaar waar hij lui in gaat zitten. Het lukt hem zelfs om in het stoeltje korte tijd in slaap te vallen. Ik ken het stoeltje niet en vraag hem later naar de kwaliteit.<\/span><br \/>\n<span style=\"font-family: arial,helvetica,sans-serif; font-size: 12pt;\"> Hij is er zeer tevreden over. Wilfried is ook al een paar weken onderweg uit het zuiden van Frankrijk. Hij heeft geen haast. Hij is gescheiden en er wacht thuis niemand op hem.<\/span><\/p>\n<p><span style=\"font-family: arial,helvetica,sans-serif; font-size: 12pt;\"><img loading=\"lazy\" decoding=\"async\" class=\"alignnone size-full wp-image-5850\" src=\"http:\/\/www.henkopweg.nl\/wp-content\/uploads\/IMG_0721.jpg\" alt=\"IMG_0721\" width=\"405\" height=\"540\" srcset=\"https:\/\/www.henkopweg.nl\/wp-content\/uploads\/IMG_0721.jpg 405w, https:\/\/www.henkopweg.nl\/wp-content\/uploads\/IMG_0721-225x300.jpg 225w\" sizes=\"(max-width: 405px) 100vw, 405px\" \/><\/span><\/p>\n<p><span style=\"font-family: arial,helvetica,sans-serif; font-size: 12pt;\"><strong><span style=\"color: #0000ff;\">&#8230;&#8230;&#8230;&#8230;&#8230;&#8230;&#8230;&#8230;&#8230;&#8230;&#8230;&#8230;&#8230;&#8230;&#8230;&#8230;&#8230;&#8230;&#8230;&#8230;&#8230;&#8230;&#8230;&#8230;&#8230;&#8230;&#8230;&#8230;&#8230;&#8230;&#8230;&#8230;&#8230;&#8230;&#8230;&#8230;&#8230;&#8230;<\/span><\/strong><\/span><\/p>\n<p><span style=\"font-family: arial,helvetica,sans-serif; font-size: 12pt;\"><strong><span style=\"color: #0000ff;\"> dinsdag \u00a028 juli 2015<\/span><\/strong><\/span><\/p>\n<p><span style=\"font-family: arial,helvetica,sans-serif; font-size: 12pt;\"><strong><span style=\"color: #0000ff;\">13e fietsdag<\/span><\/strong><\/span><\/p>\n<p><span style=\"font-family: arial,helvetica,sans-serif; font-size: 12pt;\"><a href=\"http:\/\/www.henkopweg.nl\/wp-content\/uploads\/12-8-2015-2015-07-28.jpg\"><img loading=\"lazy\" decoding=\"async\" class=\"alignnone size-full wp-image-5699\" src=\"http:\/\/www.henkopweg.nl\/wp-content\/uploads\/12-8-2015-2015-07-28.jpg\" alt=\"12-8-2015 2015-07-28\" width=\"639\" height=\"111\" srcset=\"https:\/\/www.henkopweg.nl\/wp-content\/uploads\/12-8-2015-2015-07-28.jpg 639w, https:\/\/www.henkopweg.nl\/wp-content\/uploads\/12-8-2015-2015-07-28-300x52.jpg 300w\" sizes=\"(max-width: 639px) 100vw, 639px\" \/><\/a><\/span><\/p>\n<p><span style=\"font-family: arial,helvetica,sans-serif; font-size: 12pt;\"><span style=\"color: #0000ff;\">Verdun &#8211; Thionville<\/span><\/span><\/p>\n<p><span style=\"font-family: arial,helvetica,sans-serif; font-size: 12pt;\"><strong><span style=\"color: #0000ff;\">104\u00a0km- totaal 1180 km<\/span><\/strong><\/span><\/p>\n<p><span style=\"font-family: arial,helvetica,sans-serif; font-size: 12pt;\">Bijna direct buiten de camping kom ik op de route en staat bij de rotonde het monument\u00a0 wat zowel de 1e als 2e wereld oorlog herdenkt . <a href=\"http:\/\/www.henkopweg.nl\/wp-content\/uploads\/verdun.jpg\"><img loading=\"lazy\" decoding=\"async\" class=\"alignnone size-full wp-image-5886\" src=\"http:\/\/www.henkopweg.nl\/wp-content\/uploads\/verdun.jpg\" alt=\"verdun\" width=\"494\" height=\"358\" srcset=\"https:\/\/www.henkopweg.nl\/wp-content\/uploads\/verdun.jpg 494w, https:\/\/www.henkopweg.nl\/wp-content\/uploads\/verdun-300x217.jpg 300w\" sizes=\"(max-width: 494px) 100vw, 494px\" \/><\/a><\/span><\/p>\n<p><span style=\"font-family: arial,helvetica,sans-serif; font-size: 12pt;\">Verdun werd oktober 1944 bevrijd. Later was Verdun\u00a0 de plaats waar grote voorraden voor de legers werden opgeslagen.<\/span><\/p>\n<p><span style=\"font-family: arial,helvetica,sans-serif; font-size: 12pt;\">Buiten Verdun\u00a0is en \u00a0zeer lange klim. Het moet maar.\u00a0\u00a0Ik voel mij voldoende sterk en klim rustig naar boven. In de loop van de dag blijkt dat het de hele dag tot Metz een heuvelachtig parcours is. Het maakt mij niet uit en geniet van het landschap en de grote graanvelden. Wat heb ik veel graanvelden gezien, maar het licht en het lijnen spel op de akkers maakt\u00a0 het beeld steeds weer anders.<\/span><\/p>\n<p><span style=\"font-family: arial,helvetica,sans-serif; font-size: 12pt;\">De route naar Metz wordt ook gekenmerkt door oorlogen. Verdun is de toegangsweg naar Parijs. Vooral in de eerste Wereldoorlog is hevig gevochten in de loopgravenoorlog . In 1871 is er al een slag geweest. \u00a0Om 10:30 uur \u00a0kom bij Rezonville langs de monumenten van de \u00a0\u00a0<a href=\"http:\/\/nl.milpedia.org\/wiki\/Slag_bij_Gravelotte\" target=\"_blank\" rel=\"noopener\">slag van Rozenville 1870-1871<\/a>.<\/span><\/p>\n<div id=\"attachment_5888\" style=\"width: 2926px\" class=\"wp-caption alignnone\"><a href=\"http:\/\/www.henkopweg.nl\/wp-content\/uploads\/Li-2015-03161.jpg\"><img loading=\"lazy\" decoding=\"async\" aria-describedby=\"caption-attachment-5888\" class=\"size-full wp-image-5888\" src=\"http:\/\/www.henkopweg.nl\/wp-content\/uploads\/Li-2015-03161.jpg\" alt=\"Monument van de oorlog 1870--1871 \" width=\"2916\" height=\"1643\" \/><\/a><p id=\"caption-attachment-5888\" class=\"wp-caption-text\"><span style=\"font-family: arial,helvetica,sans-serif; font-size: 12pt;\">Monument van de oorlog 1870&#8211;1871<\/span><\/p><\/div>\n<p><span style=\"font-family: arial,helvetica,sans-serif; font-size: 12pt;\">Ook toen was er al oorlog tussen Duitsland en Frankrijk. De begraafplaatsen en monumenten wisselen elkaar af. Ik heb elke\u00a0kilometer een mini monument van de Liberation Route die <a href=\"http:\/\/www.horizon-taal.nl\/verhalen\/patton\/1.htm\" target=\"_blank\" rel=\"noopener\">generaal George Patton.<\/a> heeft afgelegd.<\/span><\/p>\n<div id=\"attachment_5887\" style=\"width: 2926px\" class=\"wp-caption alignnone\"><a href=\"http:\/\/www.henkopweg.nl\/wp-content\/uploads\/Li-2015-0303.jpg\"><img loading=\"lazy\" decoding=\"async\" aria-describedby=\"caption-attachment-5887\" class=\"size-full wp-image-5887\" src=\"http:\/\/www.henkopweg.nl\/wp-content\/uploads\/Li-2015-0303.jpg\" alt=\"De Mijl monumenten van de Generaal Patton bevrijdingsroute\" width=\"2916\" height=\"1643\" \/><\/a><p id=\"caption-attachment-5887\" class=\"wp-caption-text\"><span style=\"font-family: arial,helvetica,sans-serif; font-size: 12pt;\">De kilometerpalen\u00a0van de Generaal Patton bevrijdingsroute<\/span><\/p><\/div>\n<p><span style=\"font-family: arial,helvetica,sans-serif; font-size: 12pt;\"><em>De meest voortvarende bevrijder van West-Europa was zonder twijfel generaal Patton.\u00a0De opmars van zijn Derde Leger was zo indrukwekkend dat de Fransen er in 1947 een gemarkeerde toeristische route van maakten: La voie de la Libert\u00e9 &#8211; de weg van de vrijheid. 1145 km lange spoor dat van Normandi\u00eb naar de Belgische Ardennen loopt.<\/em><\/span><br \/>\n<span style=\"font-family: arial,helvetica,sans-serif; font-size: 12pt;\"> <a href=\"http:\/\/www.horizon-taal.nl\/verhalen\/patton\/1.htm\" target=\"_blank\" rel=\"noopener\">generaal George Patton.<\/a><\/span><\/p>\n<p><span style=\"font-family: arial,helvetica,sans-serif; font-size: 12pt;\">Om 12:00 uur daal ik af naar Metz\u00a0 aan de Moezel en kom in de stad. Het stadspark is een mooie plaats om wat te eten. Vanaf een bankje zie ik mensen die boodschappen hebben gedaan, maar ook mensen die middagpauze hebben. Ze eten of zijn met de mobiele telefoon bezig. Druk, druk!\u00a0 Ik bekijk het rustig en hou mij aan het moto: &#8216;We zien wel&#8217;. Dat blijkt ook nodig want ik blijk het weer beter te weten dan mijn GPS en neem op mijn gevoel een eigen route. Na veel om zwevingen in de stad zie ik voor de tweede keer het stadtheater en ik weet nu dat ik een rondje heb gereden. Ik geef mij over aan de GPS. Ze zal wel vrouwelijk zijn, want vrouwen hebben ook meestal gelijk, waar ik neem dat het anders is.<\/span><\/p>\n<p><span style=\"font-family: arial,helvetica,sans-serif; font-size: 12pt;\">Ik moet naar de D1 naar Thionville. Ik zie overal politie en weet niet wat er gaande is. De agent wijst aan hoe ik moet fietsen naar de D1 en om 13:00 uur zit ik op de juiste route. Normaal zijn de D-wegen redelijk rustig, maar na een kilometer begint een file aan de andere kant van de weg die tot Thionville ca 25 km lang is. Ik zie vrachtwagens en veel vakantiegangers met caravans. Later blijkt dat de Franse boeren protesteren tegen de lage prijzen voor landbouwproducten en met tractoren de snelweg\u00a0 blokkeren. Ik heb er geen last van en kan zonder problemen naar Thionville fietsen,<\/span><\/p>\n<p><span style=\"font-family: arial,helvetica,sans-serif; font-size: 12pt;\">Om 15:15 uur kom ik op de camping . Het is een camping mundicipal en er is niemand om in te schrijven. Op zich geen probleem, maar voor het toilet heb je een sleutel nodig. Nu is het zo dat als ik afstap, ik ook vaak direct naar het toilet moet, maar nu is toch een boom mijn sleutel naar verlichting. Het gebruikelijke ritueel van inrichten koken en voorbereiden voor morgen volgt. Naast mij komt een gezin met drie kinderen te staan. De oudste is niet ouder dan 7 jaar en een jonger\u00a0 kind zit op een &#8216;aanhangfiets en de kleinste zit in een aanhangwagentje met enige bagage. Ze hebben vandaag 40 km van Metz naar Thionville gefietst. Een afstand die ik in een kleine 2 uur heb gedaan. Die kinderen leren al vroeg wat een fietsvakantie .<\/span><\/p>\n<p><span style=\"font-family: arial,helvetica,sans-serif; font-size: 12pt;\"><a href=\"https:\/\/nl.wikipedia.org\/wiki\/Slag_om_Verdun\" target=\"_blank\" rel=\"noopener\">Slag om verdun.<\/a><\/span><\/p>\n<p><span style=\"font-family: arial,helvetica,sans-serif; font-size: 12pt;\"><a href=\"http:\/\/nl.tracesofwar.com\/artikel\/3639\/Executieplaats-Verdun.htm\" target=\"_blank\" rel=\"noopener\">Executieplaats-Verdun.<\/a><\/span><\/p>\n<p><span style=\"font-family: arial,helvetica,sans-serif; font-size: 12pt;\"><a href=\"https:\/\/books.google.nl\/books?id=_XS9BgAAQBAJ&amp;pg=PA90&amp;lpg=PA90&amp;dq=bevrijding+verdun&amp;source=bl&amp;ots=FmfKC0nDPb&amp;sig=g3tD_swPs8syKLzCykiBaGmJ-eU&amp;hl=nl&amp;sa=X&amp;ved=0CDAQ6AEwBDgUahUKEwitoe6a2dvHAhW0F9sKHXtfB18#v=onepage&amp;q=bevrijding%20verdun&amp;f=false\" target=\"_blank\" rel=\"noopener\">Mijn oorlog en mijn bevrijding. Door Harry Winthagen<\/a><\/span><\/p>\n<p><span style=\"font-family: arial,helvetica,sans-serif; font-size: 12pt;\"><a href=\"http:\/\/www.go2war2.nl\/artikel\/16\/Timeline.htm\" target=\"_blank\" rel=\"noopener\">Timeline.<\/a><\/span><\/p>\n<div id=\"attachment_5860\" style=\"width: 2926px\" class=\"wp-caption alignnone\"><a href=\"http:\/\/www.henkopweg.nl\/wp-content\/uploads\/Li-2015-0314.jpg\"><img loading=\"lazy\" decoding=\"async\" aria-describedby=\"caption-attachment-5860\" class=\"size-full wp-image-5860\" src=\"http:\/\/www.henkopweg.nl\/wp-content\/uploads\/Li-2015-0314.jpg\" alt=\"Na een flinke klim, uitzicht op het dal van de Moesel\" width=\"2916\" height=\"1643\" \/><\/a><p id=\"caption-attachment-5860\" class=\"wp-caption-text\"><span style=\"font-family: arial,helvetica,sans-serif; font-size: 12pt;\">Na een flinke klim, uitzicht op het dal van de Moesel<\/span><\/p><\/div>\n<p><span style=\"font-family: arial,helvetica,sans-serif; font-size: 12pt;\"><strong><span style=\"color: #0000ff;\">&#8230;&#8230;&#8230;&#8230;&#8230;&#8230;&#8230;&#8230;&#8230;&#8230;&#8230;&#8230;&#8230;&#8230;&#8230;&#8230;&#8230;&#8230;&#8230;&#8230;&#8230;&#8230;&#8230;&#8230;&#8230;&#8230;&#8230;&#8230;&#8230;&#8230;&#8230;&#8230;&#8230;&#8230;&#8230;&#8230;&#8230;&#8230;<br \/>\nwoensdag \u00a029 juli 2015<\/span><\/strong><\/span><\/p>\n<p><span style=\"font-family: arial,helvetica,sans-serif; font-size: 12pt;\"><strong><span style=\"color: #0000ff;\">14e fietsdag<\/span><\/strong><\/span><\/p>\n<p><span style=\"font-family: arial,helvetica,sans-serif; font-size: 12pt;\"><a href=\"http:\/\/www.henkopweg.nl\/wp-content\/uploads\/12-8-2015-2015-07-29.jpg\"><img loading=\"lazy\" decoding=\"async\" class=\"alignnone size-full wp-image-5700\" src=\"http:\/\/www.henkopweg.nl\/wp-content\/uploads\/12-8-2015-2015-07-29.jpg\" alt=\"12-8-2015 2015-07-29\" width=\"643\" height=\"110\" srcset=\"https:\/\/www.henkopweg.nl\/wp-content\/uploads\/12-8-2015-2015-07-29.jpg 643w, https:\/\/www.henkopweg.nl\/wp-content\/uploads\/12-8-2015-2015-07-29-300x51.jpg 300w\" sizes=\"(max-width: 643px) 100vw, 643px\" \/><\/a><\/span><\/p>\n<p><span style=\"font-family: arial,helvetica,sans-serif; font-size: 12pt;\"><strong><span style=\"color: #0000ff;\">Thionville &#8211; Arlon\u00a0<\/span><\/strong><\/span><\/p>\n<p><span style=\"font-family: arial,helvetica,sans-serif; font-size: 12pt;\"><strong><span style=\"color: #0000ff;\">69\u00a0km- totaal 1249\u00a0km<\/span> <\/strong><\/span><\/p>\n<p><span style=\"font-family: arial,helvetica,sans-serif; font-size: 12pt;\">Na het verlaten van de camping zit ik al snel weer op de route richting Luxemburg. Roussy-Village is het laatste dorp voor de grens. Het dorp wordt nog steeds opgefleurd door leuke houten poppen en mooi perkjes met bloemen. De laatste Franse generaal Patton kilometerpalen staan in dit dorp bij de kerk.<\/span><br \/>\n<span style=\"font-family: arial,helvetica,sans-serif; font-size: 12pt;\"> <a href=\"http:\/\/www.henkopweg.nl\/wp-content\/uploads\/Li-2015-0320.jpg\"><img loading=\"lazy\" decoding=\"async\" class=\"alignnone size-full wp-image-5893\" src=\"http:\/\/www.henkopweg.nl\/wp-content\/uploads\/Li-2015-0320.jpg\" alt=\"Li-2015 0320\" width=\"2916\" height=\"1643\" \/><\/a><\/span><\/p>\n<p><span style=\"font-family: arial,helvetica,sans-serif; font-size: 12pt;\">Nu ga ik naar Luxemburg en om 08:15 uur nuttig ik in \u00c9varang mijn ontbijt op een bankje. Mensen staan op de bus te wachten om naar het werk te gaan. Het verschil met Frankrijk is goed te zien aan de kwaliteit van de huizen. Je ziet dat dit een veel rijker land is. De weg loopt door naar Luxemburg stad, maar bij Hesperange ga ik rechtsaf naar de militaire begraafplaats. Hier is het graf van generaal Patton. Ik heb de Pattonroute zolang gevolgd dat ik ook het graf van de generaal wil zien. Het vreemde is wel dat hij niet in de oorlog is gevallen, maar is overleden aan de gevolgen van een auto-ongeluk in Duitsland, in december 1945. Hij is wel op de oorlogsbegraafplaats in een ere-graf aan het hoofd van de manschappen begraven.<\/span><\/p>\n<p><span style=\"font-family: arial,helvetica,sans-serif; font-size: 12pt;\">Toen ik bij de voorbereidingen van de tocht deze informatie vond stond het voor mij vast dat ik dat graf wilde bezoeken. Ik moet wel een omweg maken en nog een flinke klim overwinnen, maar dan sta ik in de bossen bij Hamm voor de poort van de Amerikaanse ere begraafplaats. <a href=\"http:\/\/www.henkopweg.nl\/wp-content\/uploads\/Li-2015-0343.jpg\"><img loading=\"lazy\" decoding=\"async\" class=\"alignnone size-full wp-image-5863\" src=\"http:\/\/www.henkopweg.nl\/wp-content\/uploads\/Li-2015-0343.jpg\" alt=\"Li-2015 0343\" width=\"2916\" height=\"1643\" \/><\/a><\/span><\/p>\n<div id=\"attachment_5864\" style=\"width: 2926px\" class=\"wp-caption alignnone\"><a href=\"http:\/\/www.henkopweg.nl\/wp-content\/uploads\/Li-2015-0344.jpg\"><img loading=\"lazy\" decoding=\"async\" aria-describedby=\"caption-attachment-5864\" class=\"size-full wp-image-5864\" src=\"http:\/\/www.henkopweg.nl\/wp-content\/uploads\/Li-2015-0344.jpg\" alt=\"Amerikaanse militaire begraafplaats in Luxemburg\" width=\"2916\" height=\"1643\" \/><\/a><p id=\"caption-attachment-5864\" class=\"wp-caption-text\"><span style=\"font-family: arial,helvetica,sans-serif; font-size: 12pt;\">Amerikaanse militaire begraafplaats in Luxemburg<\/span><\/p><\/div>\n<p><span style=\"font-family: arial,helvetica,sans-serif; font-size: 12pt;\"><a href=\"http:\/\/www.henkopweg.nl\/wp-content\/uploads\/Li-2015-0322.jpg\"><img loading=\"lazy\" decoding=\"async\" class=\"alignnone size-full wp-image-5862\" src=\"http:\/\/www.henkopweg.nl\/wp-content\/uploads\/Li-2015-0322.jpg\" alt=\"Li-2015 0322\" width=\"2916\" height=\"1643\" \/><\/a><\/span><\/p>\n<p><span style=\"font-family: arial,helvetica,sans-serif; font-size: 12pt;\">Eerst breng ik een bezoek aan de informatiekantoor met het gastenboek en veel foto&#8217;s aan de wanden. Bij de informatie balie vraag ik waar ik het graf van de generaal kan vinden. Tevens vertel ik dat ik de hele route vanaf Normandi\u00eb heb gefietst. De dame achter de balie vertelt het verhaal direct aan haar collega en ik krijg bewonderende blikken en extra folders over de begraafplaats. Een groep Amerikanen voornamelijk bestaande uit te dikke meisje is ook op de begraafplaats. Ze komen niet veel verder dan het monument bij de ingang. Daarna wandelen de eerste meisjes al weer terug. Blijkbaar een verplicht bezoek op de Europa tour. Ik loop eerst verder op de begraafplaats waar\u00a05.076 soldaten liggen. Het graf van Patton<\/span><\/p>\n<div id=\"attachment_5865\" style=\"width: 2926px\" class=\"wp-caption alignnone\"><a href=\"http:\/\/www.henkopweg.nl\/wp-content\/uploads\/Li-2015-0329.jpg\"><img loading=\"lazy\" decoding=\"async\" aria-describedby=\"caption-attachment-5865\" class=\"size-full wp-image-5865\" src=\"http:\/\/www.henkopweg.nl\/wp-content\/uploads\/Li-2015-0329.jpg\" alt=\"Het graf van generaal Paton.\" width=\"2916\" height=\"1643\" \/><\/a><p id=\"caption-attachment-5865\" class=\"wp-caption-text\"><span style=\"font-family: arial,helvetica,sans-serif; font-size: 12pt;\">Het graf van generaal Patton<\/span><\/p><\/div>\n<p><span style=\"font-family: arial,helvetica,sans-serif; font-size: 12pt;\">ligt echt aan het hoofd van de begraafplaats. Het graf heeft ook echt belangstelling van meerde mensen. Na een 45 minuten verlaat ik de begraafplaats. Nu moet ik door de stad Luxemburg.<\/span><br \/>\n<span style=\"font-family: arial,helvetica,sans-serif; font-size: 12pt;\"> Ik kom op flink grote wegen naar het centrum en op een rotonde vertrouw ik het niet en maak maar een extra rondje. Bij de begraafplaats gaf de GPS direct links aan, maar die route naar het crematorium is verboden voor al het verkeer. Na twee rondjes zie ik de juiste wegwijzers en fiets via Hamm. Nu heeft de GPS-route weer een verrassing. De rivier de Elsette loopt in een diep ravijn door de stad. Mijn route gaat over een slingerend voetpad zeker 50 meter naar benden. Ik kan een klein stukje fietsen, maar met de vele haarspeld bochten vind ik het te gevaarlijk en ga maar lopen. Onder in de het ravijn kan ik weer fietsen en bij de brug naar het centrum klim ik weer omhoog.<\/span><\/p>\n<p><span style=\"font-family: arial,helvetica,sans-serif; font-size: 12pt;\">Nu gaat de tocht om 11:43 uur door het centrum van Luxemburg. Ook deze stad geeft geen problemen. Mijn GPS-route brengt mij feilloos door het centrum. Bij Strassen kom ik op de N6 naar Arlon. In Mamer stopt een auto een man van mijn leeftijd spreekt mij in het Engels aan. Hij zegt dat deze route veel te gevaarlijk is en er loopt wat meer naar links een fietspad langs de rivier. Ik vertel hem dat ik hiervoor bewust heb gekozen, omdat ik vanaf Normandi\u00eb de Pattonroute aan het rijden ben. Dan wordt het hem duidelijk dat dit stuk weg ook geen probleem hoeft te zijn. We praten nog gezellig over de route die ik heb gereden en wat ik nog ga doen. Met een vriendelijke groet nemen we afscheid en ik krijg zijn kaartje.<\/span><\/p>\n<p><span style=\"font-family: arial,helvetica,sans-serif; font-size: 12pt;\">Net voor Capellen doe ik boodschappen in een wat vreemde winkel. De winkel heeft alleen maar Engelse producten. Ook de prijzen zijn in ponden aangegeven, maar bij de kassa betaal je in euro&#8217;s .<\/span><br \/>\n<span style=\"font-family: arial,helvetica,sans-serif; font-size: 12pt;\"> Het is druk op de route N6. Deze route ken ik nog uit het verleden toen er nog geen autosnelweg was. Wat mij bij is gebleven zijn de vele benzinepompen op de grens met Belgie en Luxemburg. De grens met Belgi\u00eb is duidelijk herkenbaar omdat de vele seksclubs elkaar snel opvolgen In Arlon haal ik mijn dagvoorraad eten en een paar kilometer verder ben ik om 14:20 uur op de camping. Het is een camping met een Nederlandse eigenaar. De man bij de receptie zegt dat ik achteraan een mooi <strong>vlak<\/strong> stukje gras krijg. Ik weet niet of het een grapje was of dat hij het in verhouding, met de overige nog grotendeels lege plaatsen ziet. Op het meest vlakke stukje zet ik mijn tent op.<\/span><\/p>\n<p><span style=\"font-family: arial,helvetica,sans-serif; font-size: 12pt;\">Maar wat is vlak? Als ik de volgende morgen rond 06:00 uur wakker wordt, is mijn eerste reactie; Shit, nu is mijn luchtbed ook nog lek. Met pijn op de heupen word ik wakker en ik denk al wat te doen als ik een lek luchtbed heb,\u00a0tot het tot mij doordringt dat het luchtbed niet lek ik is. Ik lig er gewoon naast. Wel onder mijn slaapzak, maar wel op het harde grondzeil. Met dank aan de man bij de receptie die een mooi <strong>vlak<\/strong> stukje gras voor mij had.<\/span><\/p>\n<p><span style=\"font-family: arial,helvetica,sans-serif; font-size: 12pt;\">Tegen 16 uur begint het echt vol te lopen en een goed uur later staat de camping vol. Allemaal caravans en campers op doorreis naar Frankrijk of terugreis naar Nederland.<\/span><\/p>\n<div id=\"attachment_5898\" style=\"width: 310px\" class=\"wp-caption alignright\"><a href=\"http:\/\/www.henkopweg.nl\/wp-content\/uploads\/Li-2015-0352.jpg\"><img loading=\"lazy\" decoding=\"async\" aria-describedby=\"caption-attachment-5898\" class=\"size-medium wp-image-5898\" src=\"http:\/\/www.henkopweg.nl\/wp-content\/uploads\/Li-2015-0352-300x169.jpg\" alt=\"Heren toilet\" width=\"300\" height=\"169\" \/><\/a><p id=\"caption-attachment-5898\" class=\"wp-caption-text\"><span style=\"font-family: arial,helvetica,sans-serif; font-size: 12pt;\">Heren toilet<\/span><\/p><\/div>\n<p><span style=\"font-family: arial,helvetica,sans-serif; font-size: 12pt;\">Het meest bijzonder van deze camping zijn de toiletten. De heren wc hebben het thema New York compleet met vrijheidsbeeld en muziek van Frank Sinatra.<\/span><\/p>\n<div id=\"attachment_5899\" style=\"width: 310px\" class=\"wp-caption alignleft\"><a href=\"http:\/\/www.henkopweg.nl\/wp-content\/uploads\/Li-2015-0346.jpg\"><img loading=\"lazy\" decoding=\"async\" aria-describedby=\"caption-attachment-5899\" class=\"size-medium wp-image-5899\" src=\"http:\/\/www.henkopweg.nl\/wp-content\/uploads\/Li-2015-0346-300x169.jpg\" alt=\"Dames Toilet\" width=\"300\" height=\"169\" \/><\/a><p id=\"caption-attachment-5899\" class=\"wp-caption-text\"><span style=\"font-family: arial,helvetica,sans-serif; font-size: 12pt;\">Dames Toilet<\/span><\/p><\/div>\n<p><span style=\"font-family: arial,helvetica,sans-serif; font-size: 12pt;\">De dames wc is in stijl van Parijs met bijpassende muziek en geur en flesjes parfum. Deze toiletten zijn met zorg ingericht. Meestal als mij een toilet opvalt is dat omdat het slecht is verzorgd. Hier is een compliment voor de eigenaresse van de camping op zijn plaats.<\/span><\/p>\n<p><span style=\"font-family: arial,helvetica,sans-serif; font-size: 12pt;\"><a>Video Generaal Patton<\/a><\/span><\/p>\n<p><span style=\"font-family: arial,helvetica,sans-serif; font-size: 12pt;\"><strong><span style=\"color: #0000ff;\">&#8230;&#8230;&#8230;&#8230;&#8230;&#8230;&#8230;&#8230;&#8230;&#8230;&#8230;&#8230;&#8230;&#8230;&#8230;&#8230;&#8230;&#8230;&#8230;&#8230;&#8230;&#8230;&#8230;&#8230;&#8230;&#8230;&#8230;&#8230;&#8230;&#8230;&#8230;&#8230;&#8230;&#8230;&#8230;&#8230;&#8230;&#8230;<\/span><\/strong><\/span><\/p>\n<p><span style=\"font-family: arial,helvetica,sans-serif; font-size: 12pt;\"><strong><span style=\"color: #0000ff;\"> donderdag\u00a030 juli 2015<\/span><\/strong><\/span><\/p>\n<p><span style=\"font-family: arial,helvetica,sans-serif; font-size: 12pt;\"><strong><span style=\"color: #0000ff;\">15e fietsdag<\/span><\/strong><\/span><\/p>\n<p><span style=\"font-family: arial,helvetica,sans-serif; font-size: 12pt;\"><a href=\"http:\/\/www.henkopweg.nl\/wp-content\/uploads\/12-8-2015-2015-07-30.jpg\"><img loading=\"lazy\" decoding=\"async\" class=\"alignnone size-full wp-image-5701\" src=\"http:\/\/www.henkopweg.nl\/wp-content\/uploads\/12-8-2015-2015-07-30.jpg\" alt=\"12-8-2015 2015-07-30\" width=\"644\" height=\"106\" srcset=\"https:\/\/www.henkopweg.nl\/wp-content\/uploads\/12-8-2015-2015-07-30.jpg 644w, https:\/\/www.henkopweg.nl\/wp-content\/uploads\/12-8-2015-2015-07-30-300x49.jpg 300w\" sizes=\"(max-width: 644px) 100vw, 644px\" \/><\/a><\/span><\/p>\n<p><span style=\"font-family: arial,helvetica,sans-serif; font-size: 12pt;\"><strong><span style=\"color: #0000ff;\">Arlon &#8211; St Vith<\/span><\/strong><\/span><\/p>\n<p><span style=\"font-family: arial,helvetica,sans-serif; font-size: 12pt;\"><strong><span style=\"color: #0000ff;\">84\u00a0km- totaal 1333 km<\/span><\/strong><\/span><\/p>\n<p><span style=\"font-family: arial,helvetica,sans-serif; font-size: 12pt;\">De camping in Arlon ligt direct aan de Laberation route. Het is de oude weg waar al het verkeer over ging voordat de snelweg door Belgi\u00eb klaar was. Ik zit al een aantal kilometers op de snelweg en ik twijfel of ik er wel op mag fietsen. Toch fiets ik door maar Martelangen. Ik zie de vele benzinepompen aan de\u00a0 rechterkant van de weg. Deze pompen staan in Luxemburg en daar is de benzine nog goedkoper. Vroeger stonden de vakantiegangers hier in de rij om met een volle tank verder naar het zuiden of Nederland te trekken.<a href=\"http:\/\/www.henkopweg.nl\/wp-content\/uploads\/19-11-2015-20-41-31.png\"><img loading=\"lazy\" decoding=\"async\" class=\"alignnone size-full wp-image-6080\" src=\"http:\/\/www.henkopweg.nl\/wp-content\/uploads\/19-11-2015-20-41-31.png\" alt=\"19-11-2015 20-41-31\" width=\"721\" height=\"473\" srcset=\"https:\/\/www.henkopweg.nl\/wp-content\/uploads\/19-11-2015-20-41-31.png 721w, https:\/\/www.henkopweg.nl\/wp-content\/uploads\/19-11-2015-20-41-31-300x197.png 300w\" sizes=\"(max-width: 721px) 100vw, 721px\" \/><\/a><\/span><\/p>\n<p><span style=\"font-family: arial,helvetica,sans-serif; font-size: 12pt;\">Na Martelangen zit er een heftige klim in de weg. De kwaliteit van de snelweg is gewoon slecht. Ik zie op de weg geen fietser of ander langzaam verkeer. Om mijn twijfel echt weg te nemen fiets ik een afrit af en kijk bij de oprit of er borden staan verboden voor fietsers. Er staan geen borden en later zie ik zelfs tractoren op de weg rijden. Het langzaam verkeer mag er dus gewoon op. De paaltjes van de Liberation Route zijn nu van gestort beton.<a href=\"http:\/\/www.henkopweg.nl\/wp-content\/uploads\/Li-2015-0363.jpg\"><img loading=\"lazy\" decoding=\"async\" class=\"alignnone size-large wp-image-5914\" src=\"http:\/\/www.henkopweg.nl\/wp-content\/uploads\/Li-2015-0363-1024x577.jpg\" alt=\"Li-2015 0363\" width=\"640\" height=\"361\" \/><\/a><\/span><\/p>\n<p><span style=\"font-family: arial,helvetica,sans-serif; font-size: 12pt;\">Bij het naderen van Bastogne zie ik een geschutskoepel van een tank. Midden in het centrum op het plein staat een tank en de laatste Laberation Route paal van de Pattonroute. Bastogne is de plaats van de<\/span><\/p>\n<div id=\"attachment_5920\" style=\"width: 650px\" class=\"wp-caption alignnone\"><a href=\"http:\/\/www.henkopweg.nl\/wp-content\/uploads\/Li-2015-0369.jpg\"><img loading=\"lazy\" decoding=\"async\" aria-describedby=\"caption-attachment-5920\" class=\"size-large wp-image-5920\" src=\"http:\/\/www.henkopweg.nl\/wp-content\/uploads\/Li-2015-0369-1024x577.jpg\" alt=\"De tank in Bostogne\" width=\"640\" height=\"361\" \/><\/a><p id=\"caption-attachment-5920\" class=\"wp-caption-text\"><span style=\"font-family: arial,helvetica,sans-serif; font-size: 12pt;\">De tank in Bostogne<\/span><\/p><\/div>\n<p><span style=\"font-family: arial,helvetica,sans-serif; font-size: 12pt;\">De <a href=\"http:\/\/nl.wikipedia.org\/wiki\/Slag_om_de_Ardennen\" target=\"_blank\" rel=\"noopener\">slag om de Ardennen<\/a> vond plaats van 16 december 1944 tot 25 januari 1945 en werd gewonnen door de geallieerden. Het Ardennenoffensief was een plan van Adolf Hitler om de meest noordelijke troepen van de geallieerden aan het westelijke front af te snijden van hun bevoorradingslijnen en ze te vernietigen.<\/span><\/p>\n<div id=\"attachment_5921\" style=\"width: 650px\" class=\"wp-caption alignnone\"><a href=\"http:\/\/www.henkopweg.nl\/wp-content\/uploads\/Li-2015-0373.jpg\"><img loading=\"lazy\" decoding=\"async\" aria-describedby=\"caption-attachment-5921\" class=\"size-large wp-image-5921\" src=\"http:\/\/www.henkopweg.nl\/wp-content\/uploads\/Li-2015-0373-1024x577.jpg\" alt=\"De laatste paal on Bostogne\" width=\"640\" height=\"361\" \/><\/a><p id=\"caption-attachment-5921\" class=\"wp-caption-text\"><span style=\"font-family: arial,helvetica,sans-serif; font-size: 12pt;\">De laatste paal on Bostogne<\/span><\/p><\/div>\n<p><span style=\"font-family: arial,helvetica,sans-serif; font-size: 12pt;\">Bij de tank worden veel foto&#8217;s gemaakt zonder dat men beseft wat er 1944 gebeurde. Na een half uur pak ik de route weer op.<\/span><\/p>\n<div id=\"attachment_5923\" style=\"width: 650px\" class=\"wp-caption alignnone\"><a href=\"http:\/\/www.henkopweg.nl\/wp-content\/uploads\/Li-2015-0375.jpg\"><img loading=\"lazy\" decoding=\"async\" aria-describedby=\"caption-attachment-5923\" class=\"size-large wp-image-5923\" src=\"http:\/\/www.henkopweg.nl\/wp-content\/uploads\/Li-2015-0375-1024x577.jpg\" alt=\"Fietspad \" width=\"640\" height=\"361\" \/><\/a><p id=\"caption-attachment-5923\" class=\"wp-caption-text\"><span style=\"font-family: arial,helvetica,sans-serif; font-size: 12pt;\">Fietspad op de spoordijk<\/span><\/p><\/div>\n<p><span style=\"font-family: arial,helvetica,sans-serif; font-size: 12pt;\">Het is even zoeken naar een oude spoorbaan waar een fietspad op is aangelegd. De spoorbaan dateert uit begin 1900 en is door de Duitsers aangelegd om materialen snel naar het front te kunnen vervoeren. Het heet nu de Ravell 163 van Bastogne naar Gouvy. Zeker 20 kilometer kan ik over dit prachtige fietspad rijden. Bij Bizory kom ik langs een monument. Hier zijn <a href=\"http:\/\/nl.tracesofwar.com\/artikel\/760\/Monument-101st-Airborne-Division.htm\" target=\"_blank\" rel=\"noopener\">Parachutisten van de Airborne divisie.<\/a> gedropt tijdens het Ardennen offensief op 18 december 1944 .<a href=\"http:\/\/www.henkopweg.nl\/wp-content\/uploads\/Li-2015-0374.jpg\"><img loading=\"lazy\" decoding=\"async\" class=\"alignnone size-large wp-image-5922\" src=\"http:\/\/www.henkopweg.nl\/wp-content\/uploads\/Li-2015-0374-1024x577.jpg\" alt=\"Li-2015 0374\" width=\"640\" height=\"361\" srcset=\"https:\/\/www.henkopweg.nl\/wp-content\/uploads\/Li-2015-0374-1024x577.jpg 1024w, https:\/\/www.henkopweg.nl\/wp-content\/uploads\/Li-2015-0374-300x169.jpg 300w\" sizes=\"(max-width: 640px) 100vw, 640px\" \/><\/a><\/span><\/p>\n<p><span style=\"font-family: arial,helvetica,sans-serif; font-size: 12pt;\">Kilometers loopt het fietspad nog door. Na ca 20 km bij Gouvy is het einde van het fietspad en moet ik direct weer flink klimmen. Het is ca 13:00 uur en ik moet mijn eten voor vandaag halen. Als ik de plaatselijke Spar winkel vind is deze tot 13:30 uur gesloten. Een half uur wachten is mij te lang. Ik zie onderweg wel of ik eten kan halen. Helaas, er is geen enkele winkel meer en 15:30 uur kom ik op de camping Hohenbusch bij St Vith. Het is een echte vacantie camping en als kamperende fietser wordt je naar de uiterste onbruikbare hoek van de camping verwezen. En zo vergaat het mij ook. De plaats waar het kruisje op de tekening staat, staat redelijk vol met auto&#8217;s en daar ga ik niet tussen staan. Ik zoek in de omgeving, onder een prachtige eik, een leuke plek. Ik zet mijn tentje op en kinderen komen in de eik spelen. Dan komt er regen en onweer. Eiken moet je wijken, Beuken moet je zeuken. Ik sta onder een eik. Het onweer blijft op afstand.<\/span><\/p>\n<p><span style=\"font-family: arial,helvetica,sans-serif; font-size: 12pt;\">Eten koken kan niet omdat ik geen inkopen heb gedaan. Bij de camping is een restaurant. Alhoewel, het is meer een veredelde patatkraam. Drommen met met families in trainingspak komen binnen, bestellen cola of bier en veel patat. Het is ze aan te zien. Het is niet mijn camping, maar\u00a0 mijn maag is even gevuld met patat en een biertje. Soms best lekker. Maar of ik daar morgen op kan fietsen?<\/span><\/p>\n<p><span style=\"font-family: arial,helvetica,sans-serif; font-size: 12pt;\"><strong><span style=\"color: #0000ff;\">&#8230;&#8230;&#8230;&#8230;&#8230;&#8230;&#8230;&#8230;&#8230;&#8230;&#8230;&#8230;&#8230;&#8230;&#8230;&#8230;&#8230;&#8230;&#8230;&#8230;&#8230;&#8230;&#8230;&#8230;&#8230;&#8230;&#8230;&#8230;&#8230;&#8230;&#8230;&#8230;&#8230;&#8230;&#8230;&#8230;&#8230;&#8230;<br \/>\nvrijdag \u00a031 juli 2015<\/span><\/strong><\/span><\/p>\n<p><span style=\"font-family: arial,helvetica,sans-serif; font-size: 12pt;\"><strong><span style=\"color: #0000ff;\">16e fietsdag<\/span><\/strong><\/span><\/p>\n<p><span style=\"font-family: arial,helvetica,sans-serif; font-size: 12pt;\"><a href=\"http:\/\/www.henkopweg.nl\/wp-content\/uploads\/12-8-2015-2015-07-31.jpg\"><img loading=\"lazy\" decoding=\"async\" class=\"alignnone size-full wp-image-5702\" src=\"http:\/\/www.henkopweg.nl\/wp-content\/uploads\/12-8-2015-2015-07-31.jpg\" alt=\"12-8-2015 2015-07-31\" width=\"650\" height=\"109\" srcset=\"https:\/\/www.henkopweg.nl\/wp-content\/uploads\/12-8-2015-2015-07-31.jpg 650w, https:\/\/www.henkopweg.nl\/wp-content\/uploads\/12-8-2015-2015-07-31-300x50.jpg 300w\" sizes=\"(max-width: 650px) 100vw, 650px\" \/><\/a><\/span><\/p>\n<p><span style=\"font-family: arial,helvetica,sans-serif; font-size: 12pt;\"><strong><span style=\"color: #0000ff;\">St. Vith &#8211; Mesch<\/span><\/strong><\/span><\/p>\n<p><span style=\"font-family: arial,helvetica,sans-serif; font-size: 12pt;\"><strong><span style=\"color: #0000ff;\">95\u00a0km- totaal \u00a0 1428 km<\/span><\/strong><\/span><\/p>\n<p><span style=\"font-family: arial,helvetica,sans-serif; font-size: 12pt;\">Zoals gebruikelijk fiets ik weer vroeg weg naar St Vith. Vandaag staat de Ardennenroute op mijn programma. Als het wil lukken fiets ik naar Mesch, in het uiterste puntje van zuid Limburg. Ik weet dat het een flinke klimpartij zal worden. Een bijkomstig probleem is dat ik de route niet echt goed op de GPS kan krijgen. Met wat aanpassingen en de verkeersborden lezen lukt het om in St Vith te komen. Bij de plaatselijke bakker die om 07:30 uur al open is, koop ik een luxe broodje met beleg waar ik nu nog aan moet terugdenken.<\/span><\/p>\n<p><span style=\"font-family: arial,helvetica,sans-serif; font-size: 12pt;\">St Vith roept mooi herinneringen op aan Bernd die ik op weg naar Santiago de Compostela in Rocevalle ontmoette. We kenden elkaar niet, maar er was direct een band. Ik zou hem wel eens weer willen ontmoetten. Maar misschien is dan dat bijzondere gevoel wel zo voorbij is.<\/span><\/p>\n<p><span style=\"font-family: arial,helvetica,sans-serif; font-size: 12pt;\">Ik weet niet goed wat er gaande is; ik heb een heel ontspannen gevoel. Het grootste deel van de fietstocht zit er op en vandaag haal ik mogelijk Zuid Limburg<\/span><\/p>\n<p><span style=\"font-family: arial,helvetica,sans-serif; font-size: 12pt;\">Op de N62, op De Maldyerstrasse\u00a0staat een monument wat herinnerd aan de gevolgen van de\u00a0 <a href=\"http:\/\/www.st.vith.be\/nl\/nl\/geschiedenis\/\" target=\"_blank\" rel=\"noopener\">oorlog in St. Vith.<\/a> , op 9 augustus 1944, toen de kerk en het station werden vernield door bommen. Zes mensen verloren het leven. Op 3 september volgde een evacuatiebevel, wat de inwoners ongaarne opvolgden. Zij verlieten de stad in de richting van Hannover-M\u00fcnden en Dransfeld. Midden september bezetten de Amerikanen de stad en nam de Belgische overheid het bestuur over. Op 16 december begon het Ardennenoffensief, oa met de beschieting van Sankt Vith. De inname van de stad bleef evenwel uit en vertraagde het hele offensief, dat in een stellingenoorlog uitmondde. Voor Kerstmis kwamen er weer Duitse troepen binnen gemarcheerd. Op de beide kerstdagen overkwam Sankt Vith de catastrofe: geallieerde bommenwerpers legden de stad Sankt Vith in de as. 153 binwoners van Sankt Vith en meer dan 1000 soldaten kwamen gedurende beide dagen om het leven. Bijna 600 gebouwen werden vernield of zwaar beschadigd (m\u00e9\u00e9r als 90%).<\/span><\/p>\n<p><span style=\"font-family: arial,helvetica,sans-serif; font-size: 12pt;\">Door de bossen fiets ik nu naar Malmedy wat bekent staat om <a href=\"http:\/\/nl.wikipedia.org\/wiki\/Bloedbad_van_Malmedy\" target=\"_blank\" rel=\"noopener\">het bloedbad van de 90 vermoorde Amerikaanse krijgsgevangenen<br \/>\n.<\/a><\/span><\/p>\n<div id=\"attachment_5927\" style=\"width: 650px\" class=\"wp-caption alignnone\"><a href=\"http:\/\/www.henkopweg.nl\/wp-content\/uploads\/Li-2015-0384.jpg\"><img loading=\"lazy\" decoding=\"async\" aria-describedby=\"caption-attachment-5927\" class=\"size-large wp-image-5927\" src=\"http:\/\/www.henkopweg.nl\/wp-content\/uploads\/Li-2015-0384-1024x577.jpg\" alt=\"Museum in Malmedy\" width=\"640\" height=\"361\" \/><\/a><p id=\"caption-attachment-5927\" class=\"wp-caption-text\"><span style=\"font-family: arial,helvetica,sans-serif; font-size: 12pt;\">Museum in Malmedy<\/span><\/p><\/div>\n<p><span style=\"font-family: arial,helvetica,sans-serif; font-size: 12pt;\">Om 09.30 uur kom ik in Malmedy waar ook zoals bijna gebruikelijk een<\/span><br \/>\n<span style=\"font-family: arial,helvetica,sans-serif; font-size: 12pt;\"> <a href=\"http:\/\/www.baugnez44.be\/nl\/voorstelling\/museum.htm\" target=\"_blank\" rel=\"noopener\">museum is.<br \/>\n<\/a>Nu wordt het moeilijker omdat de GPS geen route meer heeft. Ik plan mijn route naar Francorchamps, het auto circuite van Belgie. Het is buffelen\u00a0 berg op en wat op valt zijn de vele Volkswagen in allerlei types, die mij passen. In de omgeving van het circiut zijn kampeerplaatsen waar honderden tentjes staan voor .<\/span><\/p>\n<div id=\"attachment_5928\" style=\"width: 405px\" class=\"wp-caption alignnone\"><a href=\"http:\/\/www.henkopweg.nl\/wp-content\/uploads\/Li-2015-0385.jpg\"><img loading=\"lazy\" decoding=\"async\" aria-describedby=\"caption-attachment-5928\" class=\"wp-image-5928\" src=\"http:\/\/www.henkopweg.nl\/wp-content\/uploads\/Li-2015-0385-577x1024.jpg\" alt=\"Li-2015 0385\" width=\"395\" height=\"701\" \/><\/a><p id=\"caption-attachment-5928\" class=\"wp-caption-text\"><span style=\"font-family: arial,helvetica,sans-serif; font-size: 12pt;\">Het is nog flink heuvel op in de Ardennen,<\/span><\/p><\/div>\n<p><span style=\"font-family: arial,helvetica,sans-serif; font-size: 12pt;\"><a href=\"http:\/\/www.classiccult.com\/blog\/bug-show-2015.html\" target=\"_blank\" rel=\"noopener\">Bugshow 2015.<\/a><\/span><br \/>\n<span style=\"font-family: arial,helvetica,sans-serif; font-size: 12pt;\"> Het is een treffen van mensen met oude Volkswagen. Als ik\u00a0de vele types \u00a0zie rijden besef ik pas hoeveel uitvoeringen er van de Volkswagen zijn.<\/span><br \/>\n<span style=\"font-family: arial,helvetica,sans-serif; font-size: 12pt;\"> <a href=\"https:\/\/www.youtube.com\/watch?v=lUJof4Gm47s\" target=\"_blank\" rel=\"noopener\">Volkswagen Bugshow 2015.<\/a><a href=\"http:\/\/www.henkopweg.nl\/wp-content\/uploads\/Li-2015-0387.jpg\"><img loading=\"lazy\" decoding=\"async\" class=\"alignnone size-large wp-image-5930\" src=\"http:\/\/www.henkopweg.nl\/wp-content\/uploads\/Li-2015-0387-1024x577.jpg\" alt=\"Li-2015 0387\" width=\"640\" height=\"361\" \/><\/a><\/span><\/p>\n<p><span style=\"font-family: arial,helvetica,sans-serif; font-size: 12pt;\">De oude volkswagens rijden af en aan en ongemerkt passeer ik het plaatsje Francorchamps wat volledig in het teken van de autosport staat. Nu kan ik naar Spa, maar mijn GPS geeft Verviers als kortste route aan. Ik volg mijn GPS omdat ik geen kaarten van het gebied heb. Verviers is een grote stad waar ik 12:24 uur in het centrum kom. Ik haal mijn dagvoorraad eten en begin aan de laatste etappe naar Mesch en verlaat de Ardennen en kom in de Voeren-streek. Op enig moment denk ik; zag ik dat goed? Links staat een bord Maastricht 28 km en rechts van de weg 24 km. Ik fiets terug en zowaar het staat er. Ik kan het niet nalaten dit op de foto te zetten. Via &#8217;s Gravenvoeren, de laatste Belgische plaats kom ik in Mesch.<\/span><\/p>\n<div id=\"attachment_5933\" style=\"width: 650px\" class=\"wp-caption alignnone\"><a href=\"http:\/\/www.henkopweg.nl\/wp-content\/uploads\/Li-2015-0390.jpg\"><img loading=\"lazy\" decoding=\"async\" aria-describedby=\"caption-attachment-5933\" class=\"size-large wp-image-5933\" src=\"http:\/\/www.henkopweg.nl\/wp-content\/uploads\/Li-2015-0390-1024x577.jpg\" alt=\"Terug in Nederland\" width=\"640\" height=\"361\" \/><\/a><p id=\"caption-attachment-5933\" class=\"wp-caption-text\"><span style=\"font-family: arial,helvetica,sans-serif; font-size: 12pt;\">Terug in Nederland<\/span><\/p><\/div>\n<p><span style=\"font-family: arial,helvetica,sans-serif; font-size: 12pt;\"><a href=\"Mesch\" target=\"_blank\" rel=\"noopener\">Mesch.<\/a><\/span><br \/>\n<span style=\"font-family: arial,helvetica,sans-serif; font-size: 12pt;\"> Bij het bebouwde kom bord vraag ik wat mensen om een foto te maken en natuurlijk komen de vragen: waar komt u vandaan; heeft u ver gefietst. Luchtig vertel ik mijn fietsroute en vertel er ook bij dat Mesch de eerste Nederlandse plaats is die door de Amerikanen op\u00a0 12 september 1944<span class=\"Apple-converted-space\"><span style=\"color: #545454;\">\u00a0<\/span><\/span> werd bevrijd. Dan neemt de verbazing nog meer toe. Ik vind het al gewoon, deze mensen vinden het bijzonder.<\/span><\/p>\n<p><span style=\"font-family: arial,helvetica,sans-serif; font-size: 12pt;\">Na de\u00a0laatste klim is naar de camping, waar ik op mijn verkenningstocht in Nederland al eens was, stop ik bij de uitzichttoren en maak foto&#8217;s van de Liberation herdenkingssteen. Om 15:29 uur kom ik na\u00a095 km op de camping. Ik krijg een plekje in de route naar de toitetten. Ook wordt er een picknick tafel bij mijn tentje gezet en om de beurt komen de campinggasten op weg naar de WC langs mijn tentje en tafel en moet ik weer het verhaal van de Liberationroute vertellen. Een ding houdt mij erg bezig. De echtgenoot; een Belg, die zich weet te herinneren dat ik hier al eerder stond, vertelt het verhaal van zijn vrouw. Het is een prachtige slanke vrouw, half weg 50 jaar. Ze heeft een gevlochten paardenstaart tot op haar heupen. De eerst keer als ze langs mijn picknicktafel komt lopen zegt ze niks. Als ze weer langs komt zeg ik: &#8220;wat een prachtige lange paardenstaart&#8221;. &#8220;Daarvan heb er thuis nog wel vier liggen&#8221;, zegt ze met een lachend gezicht en loopt door.<\/span><\/p>\n<p><span style=\"font-family: arial,helvetica,sans-serif; font-size: 12pt;\">Haar man komt later en vertelt dat hij ook graag zo zou rond fietsen, maar het kan niet meer, hij moet zijn vrouw verzorgen. Ze heeft een <a href=\"https:\/\/nl.wikipedia.org\/wiki\/Aneurysma\">aneurysma.<\/a> gehad en na de operatie is haar korte termijn geheugen verdwenen. Tijdens de operatie lag ze aan de beademing en twee keer heeft men geprobeerd de beademing weer normaal op gang te brengen. De derde keer kwam de ademhaling\u00a0 op gang, maar een hersenbeschadiging heeft tot gevolg, dat wat ze eerder de dag of gisteren heeft gedaan niet meer weet. Ik luister aandachtig naar zijn verhaal en proef het verdriet, omdat hij ook wel eens zo&#8217;n tocht zou willen maken, maar de zorg voor zijn vrouw verhinderd dat. Mijn gedachten blijven nog lang bij deze man en vrouw.\u00a0 Van gisteren weet ik nog veel, maar ook niet alles meer. Zij weet van vandaag en gisteren niets meer; maakt je dat een minder gelukkig mens? \u00a0Ik ben een gelukkig mens!<\/span><\/p>\n<p><span style=\"font-family: arial,helvetica,sans-serif; font-size: 12pt;\"><a href=\"https:\/\/nl.wikipedia.org\/wiki\/Aneurysma\">aneurysma.<\/a><\/span><\/p>\n<p><span style=\"font-family: arial,helvetica,sans-serif; font-size: 12pt;\"><strong><span style=\"color: #0000ff;\">&#8230;&#8230;&#8230;&#8230;&#8230;&#8230;&#8230;&#8230;&#8230;&#8230;&#8230;&#8230;&#8230;&#8230;&#8230;&#8230;&#8230;&#8230;&#8230;&#8230;&#8230;&#8230;&#8230;&#8230;&#8230;&#8230;&#8230;&#8230;&#8230;&#8230;&#8230;&#8230;&#8230;&#8230;&#8230;&#8230;&#8230;&#8230;<br \/>\nzaterdag \u00a01 aug 2015<\/span><\/strong><\/span><\/p>\n<p><span style=\"font-family: arial,helvetica,sans-serif; font-size: 12pt;\"><strong><span style=\"color: #0000ff;\">17e fietsdag<\/span><\/strong><\/span><\/p>\n<p><span style=\"font-family: arial,helvetica,sans-serif; font-size: 12pt;\"><a href=\"http:\/\/www.henkopweg.nl\/wp-content\/uploads\/12-8-2015-2015-08-01.jpg\"><img loading=\"lazy\" decoding=\"async\" class=\"alignnone size-full wp-image-5703\" src=\"http:\/\/www.henkopweg.nl\/wp-content\/uploads\/12-8-2015-2015-08-01.jpg\" alt=\"12-8-2015 2015-08-01\" width=\"641\" height=\"113\" srcset=\"https:\/\/www.henkopweg.nl\/wp-content\/uploads\/12-8-2015-2015-08-01.jpg 641w, https:\/\/www.henkopweg.nl\/wp-content\/uploads\/12-8-2015-2015-08-01-300x53.jpg 300w\" sizes=\"(max-width: 641px) 100vw, 641px\" \/><\/a><\/span><\/p>\n<p><span style=\"font-family: arial,helvetica,sans-serif; font-size: 12pt;\"><strong><span style=\"color: #0000ff;\">Mesch &#8211;\u00a0Nijsel<\/span><\/strong><\/span><\/p>\n<p><span style=\"font-family: arial,helvetica,sans-serif; font-size: 12pt;\"><strong><span style=\"color: #0000ff;\">123\u00a0km- totaal 1551 km<\/span><\/strong><\/span><\/p>\n<p><span style=\"font-family: arial,helvetica,sans-serif; font-size: 12pt;\">Om 05:45 uur komt de zon over de heuvel. Het is kraak helder en ik ben klaar wakker. Na mijn gebruikelijke gang: toilet; wassen en inpakken, zit ik om 06:45 uur op de fiets naar Sint Geertruid. Het is stil op de weg naar Maastricht en een krantenjongen gooit &#8220;De Limburger&#8221; in de brievenbussen. Tot Maastricht blijft het rustig. Ik heb de route al eens eerder gereden. Na Maastricht kom ik over het Albertskanaal en volg dan het jaagpad aan de zuidzijde. Op een aantal plaatsen zitten nachtvissers. Niet bij de hengels , maar ze liggen op een brits en gezien de hoeveelheid lege bierblikjes naast de tent hebben ze de hele nacht flink ingehaald. Geen vis maar bier! Verder kom ik niemand tegen. Op een stil plekje ontbijt ik.<\/span><\/p>\n<p><span style=\"font-family: arial,helvetica,sans-serif; font-size: 12pt;\"><a href=\"http:\/\/www.henkopweg.nl\/wp-content\/uploads\/Li-2015-0398.jpg\"><img loading=\"lazy\" decoding=\"async\" class=\"alignnone size-large wp-image-5934\" src=\"http:\/\/www.henkopweg.nl\/wp-content\/uploads\/Li-2015-0398-1024x577.jpg\" alt=\"Li-2015 0398\" width=\"640\" height=\"361\" \/><\/a><\/span><\/p>\n<p><span style=\"font-family: arial,helvetica,sans-serif; font-size: 12pt;\">Bij Genk moet ik van het jaagpad richting Lommel. De GPS wil mij richtdoor over een Landgoed laten gaan, maar een bord geeft aan dat het verboden voor fietsers is. Op mijn gevoel fiets ik naar het noorden en kom weer op de route.<\/span><\/p>\n<p><span style=\"font-family: arial,helvetica,sans-serif; font-size: 12pt;\">Bij de grensovergang van Belgi\u00e9 naar Nederland staat een monument. Het is de poort van de bevrijding. Bij het monument ligt een krans met klaprozen en een kaartje. De krans is 5 mei 2015 uit Wageningen met het bevrijdingsvuur naar Bergeijk naar dit monument gebracht. Voor mijn gevoel zit mijn liberationroute er op.<\/span><\/p>\n<div id=\"attachment_5917\" style=\"width: 610px\" class=\"wp-caption alignnone\"><a href=\"http:\/\/www.henkopweg.nl\/wp-content\/uploads\/IMG_0751.jpg\"><img loading=\"lazy\" decoding=\"async\" aria-describedby=\"caption-attachment-5917\" class=\"wp-image-5917 size-full\" src=\"http:\/\/www.henkopweg.nl\/wp-content\/uploads\/IMG_0751.jpg\" alt=\"IMG_0751\" width=\"600\" height=\"450\" srcset=\"https:\/\/www.henkopweg.nl\/wp-content\/uploads\/IMG_0751.jpg 600w, https:\/\/www.henkopweg.nl\/wp-content\/uploads\/IMG_0751-300x225.jpg 300w\" sizes=\"(max-width: 600px) 100vw, 600px\" \/><\/a><p id=\"caption-attachment-5917\" class=\"wp-caption-text\"><span style=\"font-family: arial,helvetica,sans-serif; font-size: 12pt;\">Vertel het verhaal over opoffering voor vrede, vrijheid, democratie en gerechtigheid door de vrijheidsvlam brandend te houden ter herinnering<\/span><\/p><\/div>\n<p><span style=\"font-family: arial,helvetica,sans-serif; font-size: 12pt;\"><a href=\"http:\/\/www.henkopweg.nl\/wp-content\/uploads\/Li-2015-0406.jpg\"><img loading=\"lazy\" decoding=\"async\" class=\"alignnone size-large wp-image-5935\" src=\"http:\/\/www.henkopweg.nl\/wp-content\/uploads\/Li-2015-0406-1024x577.jpg\" alt=\"Li-2015 0406\" width=\"640\" height=\"361\" \/><\/a><\/span><\/p>\n<p><span style=\"font-family: arial,helvetica,sans-serif; font-size: 12pt;\">Toch moet ik nog wel 150 km naar huis. In gedachten zit ik een uur bij het monument. Alle plaatsen in Engeland, Normandi\u00eb, Parijs, Verdun Metz, Luxemburg, Arlon, Bastogne St. Vith&#8230;&#8230;&#8230;. tot hier spelen door mijn gedachten. Hoeveel kilometer hebben de bevrijders voor mijn vrijheid van Normandi\u00eb tot Bergeijk afgelegd. Hoeveel mannen en vrouwen hebben hun leven gegeven voor mijn en onze vrijheid. Na de ca. 1500 km, die ik nu heb gefietst, besef ik nog meer de omvang van de bevrijding. De Liberationroute.<\/span><\/p>\n<p><span style=\"font-family: arial,helvetica,sans-serif; font-size: 12pt;\">Vorig jaar tijdens de tocht van Napels naar Pisa ontstond het idee voor deze tocht. Nu 71 jaar na de landing in Normandie en zelf ook 71 jaar oud, in vrijheid en een blakende conditie, zit ik hier. Dan mag je wel een uur nemen om deze tocht te overdenken.<\/span><\/p>\n<p><span style=\"font-family: arial,helvetica,sans-serif; font-size: 12pt;\">Ik moet verder! Ook de Market Garden operatie was een deel van de bevrijdingsroute. Na Eindhoven\u00a0is in Son en Breugel de eerste van 16 bruggen van de Market Garden operatie.<\/span><\/p>\n<p><span style=\"font-family: arial,helvetica,sans-serif; font-size: 12pt;\">Bij Nijsel kom ik op een leuk camping en mijn laatste nacht in het tentje kan beginnen.<\/span><\/p>\n<p><span style=\"font-family: arial,helvetica,sans-serif; font-size: 12pt;\"><strong><span style=\"color: #0000ff;\">&#8230;&#8230;&#8230;&#8230;&#8230;&#8230;&#8230;&#8230;&#8230;&#8230;&#8230;&#8230;&#8230;&#8230;&#8230;&#8230;&#8230;&#8230;&#8230;&#8230;&#8230;&#8230;&#8230;&#8230;&#8230;&#8230;&#8230;&#8230;&#8230;&#8230;&#8230;&#8230;&#8230;&#8230;&#8230;&#8230;&#8230;.<br \/>\nzondag \u00a02 aug 2015<\/span><\/strong><\/span><\/p>\n<p><span style=\"font-family: arial,helvetica,sans-serif; font-size: 12pt;\"><strong><span style=\"color: #0000ff;\">18e fietsdag<\/span><\/strong><\/span><\/p>\n<p><span style=\"font-family: arial,helvetica,sans-serif; font-size: 12pt;\"><a href=\"http:\/\/www.henkopweg.nl\/wp-content\/uploads\/12-8-2015-2015-08-02.jpg\"><img loading=\"lazy\" decoding=\"async\" class=\"alignnone size-full wp-image-5704\" src=\"http:\/\/www.henkopweg.nl\/wp-content\/uploads\/12-8-2015-2015-08-02.jpg\" alt=\"12-8-2015 2015-08-02\" width=\"641\" height=\"107\" srcset=\"https:\/\/www.henkopweg.nl\/wp-content\/uploads\/12-8-2015-2015-08-02.jpg 641w, https:\/\/www.henkopweg.nl\/wp-content\/uploads\/12-8-2015-2015-08-02-300x50.jpg 300w\" sizes=\"(max-width: 641px) 100vw, 641px\" \/><\/a><\/span><\/p>\n<p><span style=\"font-family: arial,helvetica,sans-serif; font-size: 12pt;\"><strong><span style=\"color: #0000ff;\">Nijnsel\u00a0&#8211;\u00a0Duiven<\/span><\/strong><\/span><\/p>\n<p><span style=\"font-family: arial,helvetica,sans-serif; font-size: 12pt;\"><strong><span style=\"color: #0000ff;\">80 km- totaal 1631\u00a0km<\/span><\/strong><\/span><\/p>\n<p><span style=\"font-family: arial,helvetica,sans-serif; font-size: 12pt;\">In de ochtend nevel fiets ik naar Veghel,Uden, Grave en Nijmegen.<\/span><br \/>\n<span style=\"font-family: arial,helvetica,sans-serif; font-size: 12pt;\"> <a href=\"http:\/\/www.henkopweg.nl\/wp-content\/uploads\/Li-2015-0415.jpg\"><img loading=\"lazy\" decoding=\"async\" class=\"alignnone size-large wp-image-5936\" src=\"http:\/\/www.henkopweg.nl\/wp-content\/uploads\/Li-2015-0415-1024x577.jpg\" alt=\"Li-2015 0415\" width=\"640\" height=\"361\" \/><\/a><\/span><\/p>\n<div id=\"attachment_5937\" style=\"width: 587px\" class=\"wp-caption alignnone\"><a href=\"http:\/\/www.henkopweg.nl\/wp-content\/uploads\/Li-2015-0418.jpg\"><img loading=\"lazy\" decoding=\"async\" aria-describedby=\"caption-attachment-5937\" class=\"wp-image-5937 size-large\" src=\"http:\/\/www.henkopweg.nl\/wp-content\/uploads\/Li-2015-0418-577x1024.jpg\" alt=\"Li-2015 0418\" width=\"577\" height=\"1024\" \/><\/a><p id=\"caption-attachment-5937\" class=\"wp-caption-text\"><span style=\"font-family: arial,helvetica,sans-serif; font-size: 12pt;\">Bijna in Arnhem herinnert deze vleugel aan de Liberation, mooier beeld als afsluiting van mijn Liberationroute kan er bijna niet zijn.<\/span><\/p><\/div>\n<div id=\"attachment_5938\" style=\"width: 610px\" class=\"wp-caption alignnone\"><a href=\"http:\/\/www.henkopweg.nl\/wp-content\/uploads\/IMG_0773.jpg\"><img loading=\"lazy\" decoding=\"async\" aria-describedby=\"caption-attachment-5938\" class=\"wp-image-5938 size-full\" src=\"http:\/\/www.henkopweg.nl\/wp-content\/uploads\/IMG_0773.jpg\" alt=\"IMG_0773\" width=\"600\" height=\"450\" \/><\/a><p id=\"caption-attachment-5938\" class=\"wp-caption-text\"><span style=\"font-family: arial,helvetica,sans-serif; font-size: 12pt;\">De John Frost brug in Arnhem mag op weg naar huis niet ontbreken.<\/span><\/p><\/div>\n<div id=\"attachment_5940\" style=\"width: 415px\" class=\"wp-caption alignnone\"><a href=\"http:\/\/www.henkopweg.nl\/wp-content\/uploads\/IMG_07751.jpg\"><img loading=\"lazy\" decoding=\"async\" aria-describedby=\"caption-attachment-5940\" class=\"wp-image-5940 size-full\" src=\"http:\/\/www.henkopweg.nl\/wp-content\/uploads\/IMG_07751.jpg\" alt=\"IMG_0775\" width=\"405\" height=\"540\" srcset=\"https:\/\/www.henkopweg.nl\/wp-content\/uploads\/IMG_07751.jpg 405w, https:\/\/www.henkopweg.nl\/wp-content\/uploads\/IMG_07751-225x300.jpg 225w\" sizes=\"(max-width: 405px) 100vw, 405px\" \/><\/a><p id=\"caption-attachment-5940\" class=\"wp-caption-text\"><span style=\"font-family: arial,helvetica,sans-serif; font-size: 12pt;\">Na 1650 km weer thuis<\/span><\/p><\/div>\n<p><span style=\"font-family: arial,helvetica,sans-serif; font-size: 12pt;\"><a href=\"http:\/\/www.henkopweg.nl\/wp-content\/uploads\/IMG_07741.jpg\">\u00a0<\/a><\/span><\/p>\n<p><span style=\"font-family: arial,helvetica,sans-serif; font-size: 12pt;\">&#8212;&#8212;&#8212;&#8212;&#8212;&#8212;&#8212;&#8212;&#8212;&#8212;&#8212;&#8212;&#8212;&#8212;&#8212;&#8212;&#8212;&#8212;&#8212;&#8212;&#8212;&#8212;&#8212;&#8212;&#8212;&#8212;&#8212;&#8212;&#8212;&#8212;&#8212;&#8212;&#8212;&#8212;&#8212;&#8212;&#8212;&#8212;-<\/span><\/p>\n","protected":false},"excerpt":{"rendered":"<p>De aanleiding Klik hier voor de video van de voorbereidingen 16-06-2015 Kaarten De dag van vertrek komt dichterbij. De hele winter en het voorjaar heb ik dingen verbeterd. Een nieuwe methode om mijn eigen routekaarten te maken blijkt goed te &hellip; <a href=\"https:\/\/www.henkopweg.nl\/?page_id=5264\">Lees verder <span class=\"meta-nav\">&rarr;<\/span><\/a><\/p>\n","protected":false},"author":1,"featured_media":5512,"parent":6899,"menu_order":61,"comment_status":"closed","ping_status":"closed","template":"onecolumn-page.php","meta":{"footnotes":""},"_links":{"self":[{"href":"https:\/\/www.henkopweg.nl\/index.php?rest_route=\/wp\/v2\/pages\/5264"}],"collection":[{"href":"https:\/\/www.henkopweg.nl\/index.php?rest_route=\/wp\/v2\/pages"}],"about":[{"href":"https:\/\/www.henkopweg.nl\/index.php?rest_route=\/wp\/v2\/types\/page"}],"author":[{"embeddable":true,"href":"https:\/\/www.henkopweg.nl\/index.php?rest_route=\/wp\/v2\/users\/1"}],"replies":[{"embeddable":true,"href":"https:\/\/www.henkopweg.nl\/index.php?rest_route=%2Fwp%2Fv2%2Fcomments&post=5264"}],"version-history":[{"count":2,"href":"https:\/\/www.henkopweg.nl\/index.php?rest_route=\/wp\/v2\/pages\/5264\/revisions"}],"predecessor-version":[{"id":8463,"href":"https:\/\/www.henkopweg.nl\/index.php?rest_route=\/wp\/v2\/pages\/5264\/revisions\/8463"}],"up":[{"embeddable":true,"href":"https:\/\/www.henkopweg.nl\/index.php?rest_route=\/wp\/v2\/pages\/6899"}],"wp:featuredmedia":[{"embeddable":true,"href":"https:\/\/www.henkopweg.nl\/index.php?rest_route=\/wp\/v2\/media\/5512"}],"wp:attachment":[{"href":"https:\/\/www.henkopweg.nl\/index.php?rest_route=%2Fwp%2Fv2%2Fmedia&parent=5264"}],"curies":[{"name":"wp","href":"https:\/\/api.w.org\/{rel}","templated":true}]}}